{"id":1755,"date":"2020-06-04T13:34:19","date_gmt":"2020-06-04T13:34:19","guid":{"rendered":"https:\/\/www.steinmetz-foundation.co.il\/?page_id=1755"},"modified":"2020-06-04T13:38:12","modified_gmt":"2020-06-04T13:38:12","slug":"benny-steinmetz-fondateur-et-directeur-%e2%80%8e","status":"publish","type":"page","link":"https:\/\/www.steinmetz-foundation.co.il\/fr\/a-propos\/benny-steinmetz-fondateur-et-directeur-%e2%80%8e\/","title":{"rendered":"Benny Steinmetz \u2013 fondateur et directeur \u200e"},"content":{"rendered":"\t\t<div data-elementor-type=\"wp-page\" data-elementor-id=\"1755\" class=\"elementor elementor-1755\" data-elementor-post-type=\"page\">\n\t\t\t\t\t\t<section class=\"elementor-section elementor-top-section elementor-element elementor-element-e3bd682 elementor-section-boxed elementor-section-height-default elementor-section-height-default\" data-id=\"e3bd682\" data-element_type=\"section\" data-e-type=\"section\">\n\t\t\t\t\t\t<div class=\"elementor-container elementor-column-gap-default\">\n\t\t\t\t\t<div class=\"elementor-column elementor-col-100 elementor-top-column elementor-element elementor-element-51724b0\" data-id=\"51724b0\" data-element_type=\"column\" data-e-type=\"column\">\n\t\t\t<div class=\"elementor-widget-wrap elementor-element-populated\">\n\t\t\t\t\t\t<div class=\"elementor-element elementor-element-9fcec22 elementor-widget elementor-widget-heading\" data-id=\"9fcec22\" data-element_type=\"widget\" data-e-type=\"widget\" data-widget_type=\"heading.default\">\n\t\t\t\t<div class=\"elementor-widget-container\">\n\t\t\t\t\t<h1 class=\"elementor-heading-title elementor-size-default\">Benny Steinmetz \u2013 fondateur et directeur \u200e\n<\/h1>\t\t\t\t<\/div>\n\t\t\t\t<\/div>\n\t\t\t\t\t<\/div>\n\t\t<\/div>\n\t\t\t\t\t<\/div>\n\t\t<\/section>\n\t\t\t\t<section class=\"elementor-section elementor-top-section elementor-element elementor-element-bd3d888 elementor-section-boxed elementor-section-height-default elementor-section-height-default elementor-invisible\" data-id=\"bd3d888\" data-element_type=\"section\" data-e-type=\"section\" data-settings=\"{&quot;animation&quot;:&quot;fadeIn&quot;}\">\n\t\t\t\t\t\t<div class=\"elementor-container elementor-column-gap-default\">\n\t\t\t\t\t<div class=\"elementor-column elementor-col-50 elementor-top-column elementor-element elementor-element-df2eedc elementor-invisible\" data-id=\"df2eedc\" data-element_type=\"column\" data-e-type=\"column\" data-settings=\"{&quot;animation&quot;:&quot;fadeInUp&quot;}\">\n\t\t\t<div class=\"elementor-widget-wrap elementor-element-populated\">\n\t\t\t\t\t\t<div class=\"elementor-element elementor-element-ee659d1 elementor-widget elementor-widget-text-editor\" data-id=\"ee659d1\" data-element_type=\"widget\" data-e-type=\"widget\" data-widget_type=\"text-editor.default\">\n\t\t\t\t<div class=\"elementor-widget-container\">\n\t\t\t\t\t\t\t\t\t<p>Benny Steinmetz est un homme d\u2019affaire et philanthrope de longue date, agissant dans plus de 25 \u200epays \u00e0 travers le monde. En tant que pr\u00e9sident de la fondation, Agn\u00e8s et Benny Steinmetz sont \u200eactivement impliqu\u00e9s dans les initiatives philanthropes entreprises.\u200e<br \/><br \/><strong>La philanthropie<\/strong><br \/>En 2006, Benny et son \u00e9pouse, Agn\u00e8s, ont cr\u00e9\u00e9 la fondation Agn\u00e8s et Benny Steinmetz, un organisme \u200ephilanthrope soutenant une vari\u00e9t\u00e9 de causes, mettant particuli\u00e8rement l\u2019accent sur le bien-\u00eatre et \u200el\u2019\u00e9ducation des jeunes enfants et adolescents. Plus de 50 000 enfants, 3 000 parents et 2 000 membres \u200ed\u2019\u00e9quipes ont et continuent d\u2019apprendre des am\u00e9liorations qu\u2019ils ont apport\u00e9es et que la fondation a \u200eprocur\u00e9 et continue de procurer aux diverses initiatives.\u200e<br \/>Suites aux actions qu\u2019il a entreprises pour les \u00e9tudiants aupr\u00e8s de l\u2019Ecole Sup\u00e9rieure acad\u00e9mique de \u200eNetanya, Benny a re\u00e7u le dipl\u00f4me honorifique de l\u2019Ecole sup\u00e9rieure.\u200e<br \/><br \/><strong>Soutien apport\u00e9 \u00e0 l\u2019art et la culture<\/strong><br \/>Le couple Steinmetz contribue grandement \u00e0 la culture et l\u2019art en Isra\u00ebl par l\u2019apport de dons. Deux \u200egaleries dans la nouvelle aile du mus\u00e9e d\u2019art de Tel-Aviv ont \u00e9t\u00e9 donn\u00e9es par la fondation et appel\u00e9es \u200e\u00e0 leur nom.\u200e<\/p>\t\t\t\t\t\t\t\t<\/div>\n\t\t\t\t<\/div>\n\t\t\t\t\t<\/div>\n\t\t<\/div>\n\t\t\t\t<div class=\"elementor-column elementor-col-50 elementor-top-column elementor-element elementor-element-bcc7d71\" data-id=\"bcc7d71\" data-element_type=\"column\" data-e-type=\"column\">\n\t\t\t<div class=\"elementor-widget-wrap elementor-element-populated\">\n\t\t\t\t\t\t<div class=\"elementor-element elementor-element-3a5570d elementor-widget elementor-widget-image\" data-id=\"3a5570d\" data-element_type=\"widget\" data-e-type=\"widget\" data-widget_type=\"image.default\">\n\t\t\t\t<div class=\"elementor-widget-container\">\n\t\t\t\t\t\t\t\t\t\t\t\t\t\t\t<img fetchpriority=\"high\" decoding=\"async\" width=\"333\" height=\"382\" src=\"https:\/\/www.steinmetz-foundation.co.il\/wp-content\/uploads\/benny1.png\" class=\"attachment-large size-large wp-image-1037\" alt=\"\" srcset=\"https:\/\/www.steinmetz-foundation.co.il\/wp-content\/uploads\/benny1.png 333w, https:\/\/www.steinmetz-foundation.co.il\/wp-content\/uploads\/benny1-262x300.png 262w\" sizes=\"(max-width: 333px) 100vw, 333px\" \/>\t\t\t\t\t\t\t\t\t\t\t\t\t\t\t<\/div>\n\t\t\t\t<\/div>\n\t\t\t\t\t<\/div>\n\t\t<\/div>\n\t\t\t\t\t<\/div>\n\t\t<\/section>\n\t\t\t\t<\/div>\n\t\t","protected":false},"excerpt":{"rendered":"<p>Benny Steinmetz \u2013 fondateur et directeur \u200e Benny Steinmetz est un homme d\u2019affaire et philanthrope de longue date, agissant dans plus de 25 \u200epays \u00e0 travers le monde. En tant que pr\u00e9sident de la fondation, Agn\u00e8s et Benny Steinmetz sont \u200eactivement impliqu\u00e9s dans les initiatives philanthropes entreprises.\u200e La philanthropie En 2006, Benny et son \u00e9pouse, [&hellip;]<\/p>\n","protected":false},"author":1,"featured_media":0,"parent":1643,"menu_order":0,"comment_status":"closed","ping_status":"closed","template":"","meta":{"footnotes":""},"class_list":["post-1755","page","type-page","status-publish","hentry"],"yoast_head":"<!-- This site is optimized with the Yoast SEO plugin v27.4 - https:\/\/yoast.com\/product\/yoast-seo-wordpress\/ -->\n<title>Benny Steinmetz \u2013 fondateur et directeur \u200e - The Agnes &amp; Beny Steinmetz Foundation<\/title>\n<meta name=\"robots\" content=\"index, follow, max-snippet:-1, max-image-preview:large, max-video-preview:-1\" \/>\n<link rel=\"canonical\" href=\"https:\/\/www.steinmetz-foundation.co.il\/fr\/a-propos\/benny-steinmetz-fondateur-et-directeur-\u200e\/\" \/>\n<meta property=\"og:locale\" content=\"fr_FR\" \/>\n<meta property=\"og:type\" content=\"article\" \/>\n<meta property=\"og:title\" content=\"Benny Steinmetz \u2013 fondateur et directeur \u200e - The Agnes &amp; Beny Steinmetz Foundation\" \/>\n<meta property=\"og:description\" content=\"Benny Steinmetz \u2013 fondateur et directeur \u200e Benny Steinmetz est un homme d\u2019affaire et philanthrope de longue date, agissant dans plus de 25 \u200epays \u00e0 travers le monde. En tant que pr\u00e9sident de la fondation, Agn\u00e8s et Benny Steinmetz sont \u200eactivement impliqu\u00e9s dans les initiatives philanthropes entreprises.\u200e La philanthropie En 2006, Benny et son \u00e9pouse, [&hellip;]\" \/>\n<meta property=\"og:url\" content=\"https:\/\/www.steinmetz-foundation.co.il\/fr\/a-propos\/benny-steinmetz-fondateur-et-directeur-\u200e\/\" \/>\n<meta property=\"og:site_name\" content=\"The Agnes &amp; Beny Steinmetz Foundation\" \/>\n<meta property=\"article:modified_time\" content=\"2020-06-04T13:38:12+00:00\" \/>\n<meta property=\"og:image\" content=\"https:\/\/www.steinmetz-foundation.co.il\/wp-content\/uploads\/benny1.png\" \/>\n<meta name=\"twitter:card\" content=\"summary_large_image\" \/>\n<meta name=\"twitter:label1\" content=\"Dur\u00e9e de lecture estim\u00e9e\" \/>\n\t<meta name=\"twitter:data1\" content=\"1 minute\" \/>\n<script type=\"application\/ld+json\" class=\"yoast-schema-graph\">{\"@context\":\"https:\\\/\\\/schema.org\",\"@graph\":[{\"@type\":\"WebPage\",\"@id\":\"https:\\\/\\\/www.steinmetz-foundation.co.il\\\/fr\\\/a-propos\\\/benny-steinmetz-fondateur-et-directeur-%e2%80%8e\\\/\",\"url\":\"https:\\\/\\\/www.steinmetz-foundation.co.il\\\/fr\\\/a-propos\\\/benny-steinmetz-fondateur-et-directeur-%e2%80%8e\\\/\",\"name\":\"Benny Steinmetz \u2013 fondateur et directeur \u200e - The Agnes &amp; Beny Steinmetz Foundation\",\"isPartOf\":{\"@id\":\"https:\\\/\\\/www.steinmetz-foundation.co.il\\\/#website\"},\"primaryImageOfPage\":{\"@id\":\"https:\\\/\\\/www.steinmetz-foundation.co.il\\\/fr\\\/a-propos\\\/benny-steinmetz-fondateur-et-directeur-%e2%80%8e\\\/#primaryimage\"},\"image\":{\"@id\":\"https:\\\/\\\/www.steinmetz-foundation.co.il\\\/fr\\\/a-propos\\\/benny-steinmetz-fondateur-et-directeur-%e2%80%8e\\\/#primaryimage\"},\"thumbnailUrl\":\"https:\\\/\\\/www.steinmetz-foundation.co.il\\\/wp-content\\\/uploads\\\/benny1.png\",\"datePublished\":\"2020-06-04T13:34:19+00:00\",\"dateModified\":\"2020-06-04T13:38:12+00:00\",\"breadcrumb\":{\"@id\":\"https:\\\/\\\/www.steinmetz-foundation.co.il\\\/fr\\\/a-propos\\\/benny-steinmetz-fondateur-et-directeur-%e2%80%8e\\\/#breadcrumb\"},\"inLanguage\":\"fr-FR\",\"potentialAction\":[{\"@type\":\"ReadAction\",\"target\":[\"https:\\\/\\\/www.steinmetz-foundation.co.il\\\/fr\\\/a-propos\\\/benny-steinmetz-fondateur-et-directeur-%e2%80%8e\\\/\"]}]},{\"@type\":\"ImageObject\",\"inLanguage\":\"fr-FR\",\"@id\":\"https:\\\/\\\/www.steinmetz-foundation.co.il\\\/fr\\\/a-propos\\\/benny-steinmetz-fondateur-et-directeur-%e2%80%8e\\\/#primaryimage\",\"url\":\"https:\\\/\\\/www.steinmetz-foundation.co.il\\\/wp-content\\\/uploads\\\/benny1.png\",\"contentUrl\":\"https:\\\/\\\/www.steinmetz-foundation.co.il\\\/wp-content\\\/uploads\\\/benny1.png\"},{\"@type\":\"BreadcrumbList\",\"@id\":\"https:\\\/\\\/www.steinmetz-foundation.co.il\\\/fr\\\/a-propos\\\/benny-steinmetz-fondateur-et-directeur-%e2%80%8e\\\/#breadcrumb\",\"itemListElement\":[{\"@type\":\"ListItem\",\"position\":1,\"name\":\"Home\",\"item\":\"https:\\\/\\\/www.steinmetz-foundation.co.il\\\/fr\\\/\"},{\"@type\":\"ListItem\",\"position\":2,\"name\":\"\u00c0 Propos\",\"item\":\"https:\\\/\\\/www.steinmetz-foundation.co.il\\\/fr\\\/a-propos\\\/\"},{\"@type\":\"ListItem\",\"position\":3,\"name\":\"Benny Steinmetz \u2013 fondateur et directeur \u200e\"}]},{\"@type\":\"WebSite\",\"@id\":\"https:\\\/\\\/www.steinmetz-foundation.co.il\\\/#website\",\"url\":\"https:\\\/\\\/www.steinmetz-foundation.co.il\\\/\",\"name\":\"The Agnes &amp; Beny Steinmetz Foundation\",\"description\":\"\",\"publisher\":{\"@id\":\"https:\\\/\\\/www.steinmetz-foundation.co.il\\\/#organization\"},\"potentialAction\":[{\"@type\":\"SearchAction\",\"target\":{\"@type\":\"EntryPoint\",\"urlTemplate\":\"https:\\\/\\\/www.steinmetz-foundation.co.il\\\/?s={search_term_string}\"},\"query-input\":{\"@type\":\"PropertyValueSpecification\",\"valueRequired\":true,\"valueName\":\"search_term_string\"}}],\"inLanguage\":\"fr-FR\"},{\"@type\":\"Organization\",\"@id\":\"https:\\\/\\\/www.steinmetz-foundation.co.il\\\/#organization\",\"name\":\"The Agnes &amp; Beny Steinmetz Foundation\",\"url\":\"https:\\\/\\\/www.steinmetz-foundation.co.il\\\/\",\"logo\":{\"@type\":\"ImageObject\",\"inLanguage\":\"fr-FR\",\"@id\":\"https:\\\/\\\/www.steinmetz-foundation.co.il\\\/#\\\/schema\\\/logo\\\/image\\\/\",\"url\":\"https:\\\/\\\/www.steinmetz-foundation.co.il\\\/wp-content\\\/uploads\\\/foundation-logo.jpg\",\"contentUrl\":\"https:\\\/\\\/www.steinmetz-foundation.co.il\\\/wp-content\\\/uploads\\\/foundation-logo.jpg\",\"width\":120,\"height\":120,\"caption\":\"The Agnes &amp; Beny Steinmetz Foundation\"},\"image\":{\"@id\":\"https:\\\/\\\/www.steinmetz-foundation.co.il\\\/#\\\/schema\\\/logo\\\/image\\\/\"}}]}<\/script>\n<!-- \/ Yoast SEO plugin. -->","yoast_head_json":{"title":"Benny Steinmetz \u2013 fondateur et directeur \u200e - The Agnes &amp; Beny Steinmetz Foundation","robots":{"index":"index","follow":"follow","max-snippet":"max-snippet:-1","max-image-preview":"max-image-preview:large","max-video-preview":"max-video-preview:-1"},"canonical":"https:\/\/www.steinmetz-foundation.co.il\/fr\/a-propos\/benny-steinmetz-fondateur-et-directeur-\u200e\/","og_locale":"fr_FR","og_type":"article","og_title":"Benny Steinmetz \u2013 fondateur et directeur \u200e - The Agnes &amp; Beny Steinmetz Foundation","og_description":"Benny Steinmetz \u2013 fondateur et directeur \u200e Benny Steinmetz est un homme d\u2019affaire et philanthrope de longue date, agissant dans plus de 25 \u200epays \u00e0 travers le monde. En tant que pr\u00e9sident de la fondation, Agn\u00e8s et Benny Steinmetz sont \u200eactivement impliqu\u00e9s dans les initiatives philanthropes entreprises.\u200e La philanthropie En 2006, Benny et son \u00e9pouse, [&hellip;]","og_url":"https:\/\/www.steinmetz-foundation.co.il\/fr\/a-propos\/benny-steinmetz-fondateur-et-directeur-\u200e\/","og_site_name":"The Agnes &amp; Beny Steinmetz Foundation","article_modified_time":"2020-06-04T13:38:12+00:00","og_image":[{"url":"https:\/\/www.steinmetz-foundation.co.il\/wp-content\/uploads\/benny1.png","type":"","width":"","height":""}],"twitter_card":"summary_large_image","twitter_misc":{"Dur\u00e9e de lecture estim\u00e9e":"1 minute"},"schema":{"@context":"https:\/\/schema.org","@graph":[{"@type":"WebPage","@id":"https:\/\/www.steinmetz-foundation.co.il\/fr\/a-propos\/benny-steinmetz-fondateur-et-directeur-%e2%80%8e\/","url":"https:\/\/www.steinmetz-foundation.co.il\/fr\/a-propos\/benny-steinmetz-fondateur-et-directeur-%e2%80%8e\/","name":"Benny Steinmetz \u2013 fondateur et directeur \u200e - The Agnes &amp; Beny Steinmetz Foundation","isPartOf":{"@id":"https:\/\/www.steinmetz-foundation.co.il\/#website"},"primaryImageOfPage":{"@id":"https:\/\/www.steinmetz-foundation.co.il\/fr\/a-propos\/benny-steinmetz-fondateur-et-directeur-%e2%80%8e\/#primaryimage"},"image":{"@id":"https:\/\/www.steinmetz-foundation.co.il\/fr\/a-propos\/benny-steinmetz-fondateur-et-directeur-%e2%80%8e\/#primaryimage"},"thumbnailUrl":"https:\/\/www.steinmetz-foundation.co.il\/wp-content\/uploads\/benny1.png","datePublished":"2020-06-04T13:34:19+00:00","dateModified":"2020-06-04T13:38:12+00:00","breadcrumb":{"@id":"https:\/\/www.steinmetz-foundation.co.il\/fr\/a-propos\/benny-steinmetz-fondateur-et-directeur-%e2%80%8e\/#breadcrumb"},"inLanguage":"fr-FR","potentialAction":[{"@type":"ReadAction","target":["https:\/\/www.steinmetz-foundation.co.il\/fr\/a-propos\/benny-steinmetz-fondateur-et-directeur-%e2%80%8e\/"]}]},{"@type":"ImageObject","inLanguage":"fr-FR","@id":"https:\/\/www.steinmetz-foundation.co.il\/fr\/a-propos\/benny-steinmetz-fondateur-et-directeur-%e2%80%8e\/#primaryimage","url":"https:\/\/www.steinmetz-foundation.co.il\/wp-content\/uploads\/benny1.png","contentUrl":"https:\/\/www.steinmetz-foundation.co.il\/wp-content\/uploads\/benny1.png"},{"@type":"BreadcrumbList","@id":"https:\/\/www.steinmetz-foundation.co.il\/fr\/a-propos\/benny-steinmetz-fondateur-et-directeur-%e2%80%8e\/#breadcrumb","itemListElement":[{"@type":"ListItem","position":1,"name":"Home","item":"https:\/\/www.steinmetz-foundation.co.il\/fr\/"},{"@type":"ListItem","position":2,"name":"\u00c0 Propos","item":"https:\/\/www.steinmetz-foundation.co.il\/fr\/a-propos\/"},{"@type":"ListItem","position":3,"name":"Benny Steinmetz \u2013 fondateur et directeur \u200e"}]},{"@type":"WebSite","@id":"https:\/\/www.steinmetz-foundation.co.il\/#website","url":"https:\/\/www.steinmetz-foundation.co.il\/","name":"The Agnes &amp; Beny Steinmetz Foundation","description":"","publisher":{"@id":"https:\/\/www.steinmetz-foundation.co.il\/#organization"},"potentialAction":[{"@type":"SearchAction","target":{"@type":"EntryPoint","urlTemplate":"https:\/\/www.steinmetz-foundation.co.il\/?s={search_term_string}"},"query-input":{"@type":"PropertyValueSpecification","valueRequired":true,"valueName":"search_term_string"}}],"inLanguage":"fr-FR"},{"@type":"Organization","@id":"https:\/\/www.steinmetz-foundation.co.il\/#organization","name":"The Agnes &amp; Beny Steinmetz Foundation","url":"https:\/\/www.steinmetz-foundation.co.il\/","logo":{"@type":"ImageObject","inLanguage":"fr-FR","@id":"https:\/\/www.steinmetz-foundation.co.il\/#\/schema\/logo\/image\/","url":"https:\/\/www.steinmetz-foundation.co.il\/wp-content\/uploads\/foundation-logo.jpg","contentUrl":"https:\/\/www.steinmetz-foundation.co.il\/wp-content\/uploads\/foundation-logo.jpg","width":120,"height":120,"caption":"The Agnes &amp; Beny Steinmetz Foundation"},"image":{"@id":"https:\/\/www.steinmetz-foundation.co.il\/#\/schema\/logo\/image\/"}}]}},"_links":{"self":[{"href":"https:\/\/www.steinmetz-foundation.co.il\/fr\/wp-json\/wp\/v2\/pages\/1755","targetHints":{"allow":["GET"]}}],"collection":[{"href":"https:\/\/www.steinmetz-foundation.co.il\/fr\/wp-json\/wp\/v2\/pages"}],"about":[{"href":"https:\/\/www.steinmetz-foundation.co.il\/fr\/wp-json\/wp\/v2\/types\/page"}],"author":[{"embeddable":true,"href":"https:\/\/www.steinmetz-foundation.co.il\/fr\/wp-json\/wp\/v2\/users\/1"}],"replies":[{"embeddable":true,"href":"https:\/\/www.steinmetz-foundation.co.il\/fr\/wp-json\/wp\/v2\/comments?post=1755"}],"version-history":[{"count":3,"href":"https:\/\/www.steinmetz-foundation.co.il\/fr\/wp-json\/wp\/v2\/pages\/1755\/revisions"}],"predecessor-version":[{"id":1758,"href":"https:\/\/www.steinmetz-foundation.co.il\/fr\/wp-json\/wp\/v2\/pages\/1755\/revisions\/1758"}],"up":[{"embeddable":true,"href":"https:\/\/www.steinmetz-foundation.co.il\/fr\/wp-json\/wp\/v2\/pages\/1643"}],"wp:attachment":[{"href":"https:\/\/www.steinmetz-foundation.co.il\/fr\/wp-json\/wp\/v2\/media?parent=1755"}],"curies":[{"name":"wp","href":"https:\/\/api.w.org\/{rel}","templated":true}]}}