{"id":1809,"date":"2020-06-16T09:16:09","date_gmt":"2020-06-16T09:16:09","guid":{"rendered":"https:\/\/www.steinmetz-foundation.co.il\/?page_id=1809"},"modified":"2020-06-16T11:40:48","modified_gmt":"2020-06-16T11:40:48","slug":"directeur-municipal-de-la-petite-enfance","status":"publish","type":"page","link":"https:\/\/www.steinmetz-foundation.co.il\/fr\/la-petite-enfance\/directeur-municipal-de-la-petite-enfance\/","title":{"rendered":"Directeur municipal de la petite enfance"},"content":{"rendered":"\t\t<div data-elementor-type=\"wp-post\" data-elementor-id=\"1809\" class=\"elementor elementor-1809\" data-elementor-post-type=\"page\">\n\t\t\t\t\t\t<section class=\"elementor-section elementor-top-section elementor-element elementor-element-0c1bd37 elementor-section-boxed elementor-section-height-default elementor-section-height-default\" data-id=\"0c1bd37\" data-element_type=\"section\" data-e-type=\"section\">\n\t\t\t\t\t\t<div class=\"elementor-container elementor-column-gap-default\">\n\t\t\t\t\t<div class=\"elementor-column elementor-col-100 elementor-top-column elementor-element elementor-element-42218de\" data-id=\"42218de\" data-element_type=\"column\" data-e-type=\"column\">\n\t\t\t<div class=\"elementor-widget-wrap elementor-element-populated\">\n\t\t\t\t\t\t<div class=\"elementor-element elementor-element-7916426 elementor-widget elementor-widget-heading\" data-id=\"7916426\" data-element_type=\"widget\" data-e-type=\"widget\" data-widget_type=\"heading.default\">\n\t\t\t\t<div class=\"elementor-widget-container\">\n\t\t\t\t\t<h1 class=\"elementor-heading-title elementor-size-default\">Municipal Early Childhood Education Director<\/h1>\t\t\t\t<\/div>\n\t\t\t\t<\/div>\n\t\t\t\t<div class=\"elementor-element elementor-element-b2ec0d1 elementor-widget-divider--view-line elementor-widget elementor-widget-divider\" data-id=\"b2ec0d1\" data-element_type=\"widget\" data-e-type=\"widget\" data-widget_type=\"divider.default\">\n\t\t\t\t<div class=\"elementor-widget-container\">\n\t\t\t\t\t\t\t<div class=\"elementor-divider\">\n\t\t\t<span class=\"elementor-divider-separator\">\n\t\t\t\t\t\t<\/span>\n\t\t<\/div>\n\t\t\t\t\t\t<\/div>\n\t\t\t\t<\/div>\n\t\t\t\t<section class=\"elementor-section elementor-inner-section elementor-element elementor-element-b467a4f elementor-section-boxed elementor-section-height-default elementor-section-height-default elementor-invisible\" data-id=\"b467a4f\" data-element_type=\"section\" data-e-type=\"section\" data-settings=\"{&quot;animation&quot;:&quot;fadeIn&quot;}\">\n\t\t\t\t\t\t<div class=\"elementor-container elementor-column-gap-default\">\n\t\t\t\t\t<div class=\"elementor-column elementor-col-50 elementor-inner-column elementor-element elementor-element-20836e4\" data-id=\"20836e4\" data-element_type=\"column\" data-e-type=\"column\">\n\t\t\t<div class=\"elementor-widget-wrap elementor-element-populated\">\n\t\t\t\t\t\t<div class=\"elementor-element elementor-element-705055c elementor-widget elementor-widget-text-editor\" data-id=\"705055c\" data-element_type=\"widget\" data-e-type=\"widget\" data-widget_type=\"text-editor.default\">\n\t\t\t\t<div class=\"elementor-widget-container\">\n\t\t\t\t\t\t\t\t\t<p>Le poste de gestion de la petite enfance aupr\u00e8s des municipalit\u00e9s requiert une exp\u00e9rience dans le domaine du d\u00e9veloppement infantile, p\u00e9dagogique et communautaire.<\/p><p>Le\/la directeur\/directrice de ce domaine inclus tous les syst\u00e8mes de services accord\u00e9s aux enfants de la naissance jusqu\u2019\u00e0 l\u2019\u00e2ge de six ans dans les municipalit\u00e9s, met en place un plan et organise des services suppl\u00e9mentaires selon le besoin, enr\u00f4le et d\u00e9veloppement des ressources. En outre, il est responsable de la cr\u00e9ation d\u2019une collaboration entre les acteurs au sein de la municipalit\u00e9 et hors de la municipalit\u00e9, y compris dans les minist\u00e8res gouvernementaux, les organismes communautaires et les responsables du domaine de la petite enfance dans ces m\u00eames municipalit\u00e9s. Il s\u2019agit d\u2019un poste couvrant de nombreuses activit\u00e9s requises des municipalit\u00e9s dans lesquelles naissent et grandissent les enfants, afin de promouvoir au mieux l\u2019\u00e9tape importante future.<\/p>\t\t\t\t\t\t\t\t<\/div>\n\t\t\t\t<\/div>\n\t\t\t\t\t<\/div>\n\t\t<\/div>\n\t\t\t\t<div class=\"elementor-column elementor-col-50 elementor-inner-column elementor-element elementor-element-0cb7b4b\" data-id=\"0cb7b4b\" data-element_type=\"column\" data-e-type=\"column\">\n\t\t\t<div class=\"elementor-widget-wrap elementor-element-populated\">\n\t\t\t\t\t\t<div class=\"elementor-element elementor-element-bf8c9b8 elementor-widget elementor-widget-image\" data-id=\"bf8c9b8\" data-element_type=\"widget\" data-e-type=\"widget\" data-widget_type=\"image.default\">\n\t\t\t\t<div class=\"elementor-widget-container\">\n\t\t\t\t\t\t\t\t\t\t\t\t\t\t\t<img decoding=\"async\" src=\"https:\/\/www.steinmetz-foundation.co.il\/wp-content\/uploads\/elementor\/thumbs\/kindergarten-pnao601o4dj2utve6xx2zhbq5pzj3o51rkd9sjv7ba.png\" title=\"kindergarten\" alt=\"kindergarten\" loading=\"lazy\" \/>\t\t\t\t\t\t\t\t\t\t\t\t\t\t\t<\/div>\n\t\t\t\t<\/div>\n\t\t\t\t\t<\/div>\n\t\t<\/div>\n\t\t\t\t\t<\/div>\n\t\t<\/section>\n\t\t\t\t<div class=\"elementor-element elementor-element-224d652 elementor-widget elementor-widget-heading\" data-id=\"224d652\" data-element_type=\"widget\" data-e-type=\"widget\" data-widget_type=\"heading.default\">\n\t\t\t\t<div class=\"elementor-widget-container\">\n\t\t\t\t\t<h3 class=\"elementor-heading-title elementor-size-default\">D\u00e9finition du poste<\/h3>\t\t\t\t<\/div>\n\t\t\t\t<\/div>\n\t\t\t\t<section class=\"elementor-section elementor-inner-section elementor-element elementor-element-f36258d elementor-section-boxed elementor-section-height-default elementor-section-height-default elementor-invisible\" data-id=\"f36258d\" data-element_type=\"section\" data-e-type=\"section\" data-settings=\"{&quot;animation&quot;:&quot;fadeIn&quot;}\">\n\t\t\t\t\t\t<div class=\"elementor-container elementor-column-gap-default\">\n\t\t\t\t\t<div class=\"elementor-column elementor-col-100 elementor-inner-column elementor-element elementor-element-f260704\" data-id=\"f260704\" data-element_type=\"column\" data-e-type=\"column\">\n\t\t\t<div class=\"elementor-widget-wrap elementor-element-populated\">\n\t\t\t\t\t\t<div class=\"elementor-element elementor-element-1d4b623 elementor-widget elementor-widget-text-editor\" data-id=\"1d4b623\" data-element_type=\"widget\" data-e-type=\"widget\" data-widget_type=\"text-editor.default\">\n\t\t\t\t<div class=\"elementor-widget-container\">\n\t\t\t\t\t\t\t\t\t<p>Le poste de gestion de la petite enfance aupr\u00e8s des municipalit\u00e9s requiert une exp\u00e9rience dans le domaine du d\u00e9veloppement infantile, p\u00e9dagogique et communautaire.<\/p><p>Le\/la directeur\/directrice de ce domaine inclus tous les syst\u00e8mes de services accord\u00e9s aux enfants de la naissance jusqu\u2019\u00e0 l\u2019\u00e2ge de six ans dans les municipalit\u00e9s, met en place un plan et organise des services suppl\u00e9mentaires selon le besoin, enr\u00f4le et d\u00e9veloppement des ressources. En outre, il est responsable de la cr\u00e9ation d\u2019une collaboration entre les acteurs au sein de la municipalit\u00e9 et hors de la municipalit\u00e9, y compris dans les minist\u00e8res gouvernementaux, les organismes communautaires et les responsables du domaine de la petite enfance des municipalit\u00e9s voisines. Il s\u2019agit d\u2019un poste couvrant de nombreuses activit\u00e9s requises des municipalit\u00e9s dans lesquelles naissent et grandissent les enfants, afin de promouvoir au mieux l\u2019\u00e9tape importante future.<\/p>\t\t\t\t\t\t\t\t<\/div>\n\t\t\t\t<\/div>\n\t\t\t\t\t<\/div>\n\t\t<\/div>\n\t\t\t\t\t<\/div>\n\t\t<\/section>\n\t\t\t\t<div class=\"elementor-element elementor-element-210a5d9 elementor-widget elementor-widget-heading\" data-id=\"210a5d9\" data-element_type=\"widget\" data-e-type=\"widget\" data-widget_type=\"heading.default\">\n\t\t\t\t<div class=\"elementor-widget-container\">\n\t\t\t\t\t<h3 class=\"elementor-heading-title elementor-size-default\">Cours de formation de gestion dans le domaine de la petite enfance aupr\u00e8s des municipalit\u00e9s<\/h3>\t\t\t\t<\/div>\n\t\t\t\t<\/div>\n\t\t\t\t<section class=\"elementor-section elementor-inner-section elementor-element elementor-element-94e63b5 elementor-section-boxed elementor-section-height-default elementor-section-height-default elementor-invisible\" data-id=\"94e63b5\" data-element_type=\"section\" data-e-type=\"section\" data-settings=\"{&quot;animation&quot;:&quot;fadeIn&quot;}\">\n\t\t\t\t\t\t<div class=\"elementor-container elementor-column-gap-default\">\n\t\t\t\t\t<div class=\"elementor-column elementor-col-100 elementor-inner-column elementor-element elementor-element-9c649e5\" data-id=\"9c649e5\" data-element_type=\"column\" data-e-type=\"column\">\n\t\t\t<div class=\"elementor-widget-wrap elementor-element-populated\">\n\t\t\t\t\t\t<div class=\"elementor-element elementor-element-955f533 elementor-widget elementor-widget-text-editor\" data-id=\"955f533\" data-element_type=\"widget\" data-e-type=\"widget\" data-widget_type=\"text-editor.default\">\n\t\t\t\t<div class=\"elementor-widget-container\">\n\t\t\t\t\t\t\t\t\t<p>La fondation Agn\u00e8s et Beny Steinmetz agit dans divers domaines pour la promotion et le renforcement de la soci\u00e9t\u00e9 isra\u00e9lienne. Elle agit pour l\u2019am\u00e9lioration de l\u2019ensemble des services octroy\u00e9s aux enfants et adolescents, en particulier pour les enfants de jeune \u00e2ge. Dans le cadre de ses efforts entrepris pour cr\u00e9er un changement profond et florissant dans ce domaine, un cours innovant et unique a \u00e9t\u00e9 cr\u00e9\u00e9 en 2013\u00a0: cours de formation de gestion dans le domaine de la petite enfance aupr\u00e8s des municipalit\u00e9s.<\/p><p>L\u2019objectif de la fondation est que toutes les municipalit\u00e9s mettent en poste un professionnel responsable du bien-\u00eatre et du d\u00e9veloppement des enfants \u2013 responsabilit\u00e9 que de nombreuses municipalit\u00e9s ne prennent pas encore sous leur contr\u00f4le.<\/p><p>Le poste du responsable du domaine de la petite enfance est de r\u00e9aliser une int\u00e9gration inter organisationnelle, cr\u00e9er un suivi de traitement professionnel et coordonner l\u2019ensemble des organismes fournissant ces services pour les enfants de jeune \u00e2ge et les parents.<\/p>\t\t\t\t\t\t\t\t<\/div>\n\t\t\t\t<\/div>\n\t\t\t\t\t<\/div>\n\t\t<\/div>\n\t\t\t\t\t<\/div>\n\t\t<\/section>\n\t\t\t\t<section class=\"elementor-section elementor-inner-section elementor-element elementor-element-d8f4c7a elementor-section-boxed elementor-section-height-default elementor-section-height-default\" data-id=\"d8f4c7a\" data-element_type=\"section\" data-e-type=\"section\">\n\t\t\t\t\t\t<div class=\"elementor-container elementor-column-gap-default\">\n\t\t\t\t\t<div class=\"elementor-column elementor-col-50 elementor-inner-column elementor-element elementor-element-6459485\" data-id=\"6459485\" data-element_type=\"column\" data-e-type=\"column\">\n\t\t\t<div class=\"elementor-widget-wrap elementor-element-populated\">\n\t\t\t\t\t\t<div class=\"elementor-element elementor-element-3b2c630 elementor-widget elementor-widget-text-editor\" data-id=\"3b2c630\" data-element_type=\"widget\" data-e-type=\"widget\" data-widget_type=\"text-editor.default\">\n\t\t\t\t<div class=\"elementor-widget-container\">\n\t\t\t\t\t\t\t\t\t<p><strong>A propos du cours de formation de gestion dans le domaine de la petite enfance<\/strong><\/p><p>Le cours de formation de gestion dans le domaine de la petite enfance dans les municipalit\u00e9s est une action proactive entreprise par la fondation Agn\u00e8s et Beny Steinmetz dans le but de former des candidats au poste et d\u2019encourager la reconnaissance de son importance et la cr\u00e9ation de normes, puisque ceci n\u2019existe pas encore dans de nombreuses municipalit\u00e9s. La fondation Steinmetz consid\u00e8re ces m\u00eames villes dans lesquelles aucune gestion organis\u00e9e n\u2019existe dans le domaine de la petite enfance, comme un lieu depuis lequel il est possible de commencer et de promouvoir un r\u00e9el changement.<\/p><p>Le cours mis en place par la fondation Steinmetz en 2015 est destin\u00e9 \u00e0 octroyer un savoir, une formation et des outils permettant aux responsables du domaine de la petite enfance de mettre en place un syst\u00e8me professionnel complet pour les enfants, depuis leur naissance jusqu\u2019\u00e0 l\u2019\u00e2ge de six ans dans chaque ville. Pour ce faire, un panier unique de connaissance est requis, des liens et des capacit\u00e9s que la fondation aspire \u00e0 atteindre pour d\u00e9velopper ensemble, avec les participants, durant le cours, et sortir et mettre en place un r\u00e9seau de soutien et de d\u00e9veloppement pour les enfants de la ville dans le besoin.<\/p><p>Chaque cours est construit sur huit jours complets de formation durant lesquels divers sujets int\u00e9ressants les professionnels municipaux sont abord\u00e9s. Entre autres, des mod\u00e8les divers de gestion du de la petite enfance sont abord\u00e9s, les challenges et les difficult\u00e9s pouvant \u00eatre rencontr\u00e9s dans le cadre du travail avec les maires, le travail en collaboration, le d\u00e9veloppement des ressources, la mise en place d\u2019un budget, le travail avec des b\u00e9n\u00e9voles, le travail des unit\u00e9s de d\u00e9veloppement de l\u2019enfant, des programmes afin de faire face aux enfants de jeune \u00e2ge issus de familles en difficult\u00e9s etc. Les journ\u00e9es de formations sont tenues dans les municipalit\u00e9s \u00e0 travers le pays et comprennent \u00e9galement des rencontres avec les d\u00e9cisionnaires de ce domaine.<\/p>\t\t\t\t\t\t\t\t<\/div>\n\t\t\t\t<\/div>\n\t\t\t\t\t<\/div>\n\t\t<\/div>\n\t\t\t\t<div class=\"elementor-column elementor-col-50 elementor-inner-column elementor-element elementor-element-427c7a3\" data-id=\"427c7a3\" data-element_type=\"column\" data-e-type=\"column\">\n\t\t\t<div class=\"elementor-widget-wrap elementor-element-populated\">\n\t\t\t\t\t\t<div class=\"elementor-element elementor-element-9eaa85c elementor-widget elementor-widget-text-editor\" data-id=\"9eaa85c\" data-element_type=\"widget\" data-e-type=\"widget\" data-widget_type=\"text-editor.default\">\n\t\t\t\t<div class=\"elementor-widget-container\">\n\t\t\t\t\t\t\t\t\t<p><strong>Contexte requis et domaines de responsabilit\u00e9<\/strong><\/p><p>Le r\u00f4le de gestion dans le domaine de la petite enfance aupr\u00e8s des municipalit\u00e9s requiert une exp\u00e9rience professionnelle compl\u00e8te, une formation pr\u00e9c\u00e9dente et une exp\u00e9rience dans le d\u00e9veloppement de l\u2019enfant, la p\u00e9dagogie et la communaut\u00e9. Du fait de la responsabilit\u00e9 du poste dans la cartographie des services existant aupr\u00e8s de la municipalit\u00e9 face aux besoins existants, ont \u00e9t\u00e9 mises en place des \u00e9quipes de r\u00e9alisation des syst\u00e8mes de services requis, la mise en place de r\u00e8gles de travail et des syst\u00e8mes de garantie de suivi professionnel (y compris des traitement de m\u00e9decine alternative), la mise en place et la maintenance de centres pour les enfants de jeune \u00e2ge, la formation d\u2019\u00e9quipes professionnelles, le d\u00e9veloppement de nouvelles initiatives. En outre, le responsable du domaine doit mettre en place et pr\u00e9server les liens avec des organismes externes de la municipalit\u00e9, y compris les minist\u00e8res gouvernementaux, les fondations, les organismes de secteur tertiaire, les organismes agissant pour les enfants de jeune \u00e2ge, les affaires personnelles, les donateurs et bien entendu les responsables dans le domaine de la petite enfance dans les municipalit\u00e9s voisines.<\/p><p>Les participants au cours sont g\u00e9n\u00e9ralement des professionnels dans le domaine des enfants de jeune \u00e2ge, titulaires d\u2019une maitrise dans le domaine pertinent (\u00e9ducation, psychologie, assistant sociaux etc), avec une riche exp\u00e9rience dans la gestion de syst\u00e8mes \u00e9ducatifs, y compris l\u2019\u00e9ducation formelle, la mise en place de gestion de programmes pour la petite enfance, les budgets et les ressources. La plupart des participants poss\u00e8dent des capacit\u00e9s individuelles de haut niveau, dont des capacit\u00e9s d\u2019initiative, de travail face aux organismes mais \u00e9galement de fa\u00e7on ind\u00e9pendante, avec capacit\u00e9 de leadership et d\u2019aspiration constante \u00e0 l\u2019apprentissage \u2013 ces personnes sont les meilleures dans leur domaine, sensibles et pour lesquelles l\u2019avenir des enfants est important.<\/p>\t\t\t\t\t\t\t\t<\/div>\n\t\t\t\t<\/div>\n\t\t\t\t\t<\/div>\n\t\t<\/div>\n\t\t\t\t\t<\/div>\n\t\t<\/section>\n\t\t\t\t\t<\/div>\n\t\t<\/div>\n\t\t\t\t\t<\/div>\n\t\t<\/section>\n\t\t\t\t<\/div>\n\t\t","protected":false},"excerpt":{"rendered":"<p>Municipal Early Childhood Education Director Le poste de gestion de la petite enfance aupr\u00e8s des municipalit\u00e9s requiert une exp\u00e9rience dans le domaine du d\u00e9veloppement infantile, p\u00e9dagogique et communautaire. Le\/la directeur\/directrice de ce domaine inclus tous les syst\u00e8mes de services accord\u00e9s aux enfants de la naissance jusqu\u2019\u00e0 l\u2019\u00e2ge de six ans dans les municipalit\u00e9s, met en [&hellip;]<\/p>\n","protected":false},"author":1,"featured_media":0,"parent":1804,"menu_order":0,"comment_status":"closed","ping_status":"closed","template":"","meta":{"footnotes":""},"class_list":["post-1809","page","type-page","status-publish","hentry"],"yoast_head":"<!-- This site is optimized with the Yoast SEO plugin v27.4 - https:\/\/yoast.com\/product\/yoast-seo-wordpress\/ -->\n<title>Directeur municipal de la petite enfance - The Agnes &amp; Beny Steinmetz Foundation<\/title>\n<meta name=\"robots\" content=\"index, follow, max-snippet:-1, max-image-preview:large, max-video-preview:-1\" \/>\n<link rel=\"canonical\" href=\"https:\/\/www.steinmetz-foundation.co.il\/fr\/la-petite-enfance\/directeur-municipal-de-la-petite-enfance\/\" \/>\n<meta property=\"og:locale\" content=\"fr_FR\" \/>\n<meta property=\"og:type\" content=\"article\" \/>\n<meta property=\"og:title\" content=\"Directeur municipal de la petite enfance - The Agnes &amp; Beny Steinmetz Foundation\" \/>\n<meta property=\"og:description\" content=\"Municipal Early Childhood Education Director Le poste de gestion de la petite enfance aupr\u00e8s des municipalit\u00e9s requiert une exp\u00e9rience dans le domaine du d\u00e9veloppement infantile, p\u00e9dagogique et communautaire. Le\/la directeur\/directrice de ce domaine inclus tous les syst\u00e8mes de services accord\u00e9s aux enfants de la naissance jusqu\u2019\u00e0 l\u2019\u00e2ge de six ans dans les municipalit\u00e9s, met en [&hellip;]\" \/>\n<meta property=\"og:url\" content=\"https:\/\/www.steinmetz-foundation.co.il\/fr\/la-petite-enfance\/directeur-municipal-de-la-petite-enfance\/\" \/>\n<meta property=\"og:site_name\" content=\"The Agnes &amp; Beny Steinmetz Foundation\" \/>\n<meta property=\"article:modified_time\" content=\"2020-06-16T11:40:48+00:00\" \/>\n<meta property=\"og:image\" content=\"https:\/\/www.steinmetz-foundation.co.il\/wp-content\/uploads\/elementor\/thumbs\/kindergarten-oiohcfpdryq15pkc0bhk20kvaps3zo5vggb4n1n8w6.png\" \/>\n<meta name=\"twitter:card\" content=\"summary_large_image\" \/>\n<meta name=\"twitter:label1\" content=\"Dur\u00e9e de lecture estim\u00e9e\" \/>\n\t<meta name=\"twitter:data1\" content=\"6 minutes\" \/>\n<script type=\"application\/ld+json\" class=\"yoast-schema-graph\">{\"@context\":\"https:\\\/\\\/schema.org\",\"@graph\":[{\"@type\":\"WebPage\",\"@id\":\"https:\\\/\\\/www.steinmetz-foundation.co.il\\\/fr\\\/la-petite-enfance\\\/directeur-municipal-de-la-petite-enfance\\\/\",\"url\":\"https:\\\/\\\/www.steinmetz-foundation.co.il\\\/fr\\\/la-petite-enfance\\\/directeur-municipal-de-la-petite-enfance\\\/\",\"name\":\"Directeur municipal de la petite enfance - The Agnes &amp; Beny Steinmetz Foundation\",\"isPartOf\":{\"@id\":\"https:\\\/\\\/www.steinmetz-foundation.co.il\\\/#website\"},\"primaryImageOfPage\":{\"@id\":\"https:\\\/\\\/www.steinmetz-foundation.co.il\\\/fr\\\/la-petite-enfance\\\/directeur-municipal-de-la-petite-enfance\\\/#primaryimage\"},\"image\":{\"@id\":\"https:\\\/\\\/www.steinmetz-foundation.co.il\\\/fr\\\/la-petite-enfance\\\/directeur-municipal-de-la-petite-enfance\\\/#primaryimage\"},\"thumbnailUrl\":\"https:\\\/\\\/www.steinmetz-foundation.co.il\\\/wp-content\\\/uploads\\\/elementor\\\/thumbs\\\/kindergarten-oiohcfpdryq15pkc0bhk20kvaps3zo5vggb4n1n8w6.png\",\"datePublished\":\"2020-06-16T09:16:09+00:00\",\"dateModified\":\"2020-06-16T11:40:48+00:00\",\"breadcrumb\":{\"@id\":\"https:\\\/\\\/www.steinmetz-foundation.co.il\\\/fr\\\/la-petite-enfance\\\/directeur-municipal-de-la-petite-enfance\\\/#breadcrumb\"},\"inLanguage\":\"fr-FR\",\"potentialAction\":[{\"@type\":\"ReadAction\",\"target\":[\"https:\\\/\\\/www.steinmetz-foundation.co.il\\\/fr\\\/la-petite-enfance\\\/directeur-municipal-de-la-petite-enfance\\\/\"]}]},{\"@type\":\"ImageObject\",\"inLanguage\":\"fr-FR\",\"@id\":\"https:\\\/\\\/www.steinmetz-foundation.co.il\\\/fr\\\/la-petite-enfance\\\/directeur-municipal-de-la-petite-enfance\\\/#primaryimage\",\"url\":\"https:\\\/\\\/www.steinmetz-foundation.co.il\\\/wp-content\\\/uploads\\\/elementor\\\/thumbs\\\/kindergarten-oiohcfpdryq15pkc0bhk20kvaps3zo5vggb4n1n8w6.png\",\"contentUrl\":\"https:\\\/\\\/www.steinmetz-foundation.co.il\\\/wp-content\\\/uploads\\\/elementor\\\/thumbs\\\/kindergarten-oiohcfpdryq15pkc0bhk20kvaps3zo5vggb4n1n8w6.png\"},{\"@type\":\"BreadcrumbList\",\"@id\":\"https:\\\/\\\/www.steinmetz-foundation.co.il\\\/fr\\\/la-petite-enfance\\\/directeur-municipal-de-la-petite-enfance\\\/#breadcrumb\",\"itemListElement\":[{\"@type\":\"ListItem\",\"position\":1,\"name\":\"Home\",\"item\":\"https:\\\/\\\/www.steinmetz-foundation.co.il\\\/fr\\\/\"},{\"@type\":\"ListItem\",\"position\":2,\"name\":\"La petite enfance\",\"item\":\"https:\\\/\\\/www.steinmetz-foundation.co.il\\\/fr\\\/la-petite-enfance\\\/\"},{\"@type\":\"ListItem\",\"position\":3,\"name\":\"Directeur municipal de la petite enfance\"}]},{\"@type\":\"WebSite\",\"@id\":\"https:\\\/\\\/www.steinmetz-foundation.co.il\\\/#website\",\"url\":\"https:\\\/\\\/www.steinmetz-foundation.co.il\\\/\",\"name\":\"The Agnes &amp; Beny Steinmetz Foundation\",\"description\":\"\",\"publisher\":{\"@id\":\"https:\\\/\\\/www.steinmetz-foundation.co.il\\\/#organization\"},\"potentialAction\":[{\"@type\":\"SearchAction\",\"target\":{\"@type\":\"EntryPoint\",\"urlTemplate\":\"https:\\\/\\\/www.steinmetz-foundation.co.il\\\/?s={search_term_string}\"},\"query-input\":{\"@type\":\"PropertyValueSpecification\",\"valueRequired\":true,\"valueName\":\"search_term_string\"}}],\"inLanguage\":\"fr-FR\"},{\"@type\":\"Organization\",\"@id\":\"https:\\\/\\\/www.steinmetz-foundation.co.il\\\/#organization\",\"name\":\"The Agnes &amp; Beny Steinmetz Foundation\",\"url\":\"https:\\\/\\\/www.steinmetz-foundation.co.il\\\/\",\"logo\":{\"@type\":\"ImageObject\",\"inLanguage\":\"fr-FR\",\"@id\":\"https:\\\/\\\/www.steinmetz-foundation.co.il\\\/#\\\/schema\\\/logo\\\/image\\\/\",\"url\":\"https:\\\/\\\/www.steinmetz-foundation.co.il\\\/wp-content\\\/uploads\\\/foundation-logo.jpg\",\"contentUrl\":\"https:\\\/\\\/www.steinmetz-foundation.co.il\\\/wp-content\\\/uploads\\\/foundation-logo.jpg\",\"width\":120,\"height\":120,\"caption\":\"The Agnes &amp; Beny Steinmetz Foundation\"},\"image\":{\"@id\":\"https:\\\/\\\/www.steinmetz-foundation.co.il\\\/#\\\/schema\\\/logo\\\/image\\\/\"}}]}<\/script>\n<!-- \/ Yoast SEO plugin. -->","yoast_head_json":{"title":"Directeur municipal de la petite enfance - The Agnes &amp; Beny Steinmetz Foundation","robots":{"index":"index","follow":"follow","max-snippet":"max-snippet:-1","max-image-preview":"max-image-preview:large","max-video-preview":"max-video-preview:-1"},"canonical":"https:\/\/www.steinmetz-foundation.co.il\/fr\/la-petite-enfance\/directeur-municipal-de-la-petite-enfance\/","og_locale":"fr_FR","og_type":"article","og_title":"Directeur municipal de la petite enfance - The Agnes &amp; Beny Steinmetz Foundation","og_description":"Municipal Early Childhood Education Director Le poste de gestion de la petite enfance aupr\u00e8s des municipalit\u00e9s requiert une exp\u00e9rience dans le domaine du d\u00e9veloppement infantile, p\u00e9dagogique et communautaire. Le\/la directeur\/directrice de ce domaine inclus tous les syst\u00e8mes de services accord\u00e9s aux enfants de la naissance jusqu\u2019\u00e0 l\u2019\u00e2ge de six ans dans les municipalit\u00e9s, met en [&hellip;]","og_url":"https:\/\/www.steinmetz-foundation.co.il\/fr\/la-petite-enfance\/directeur-municipal-de-la-petite-enfance\/","og_site_name":"The Agnes &amp; Beny Steinmetz Foundation","article_modified_time":"2020-06-16T11:40:48+00:00","og_image":[{"url":"https:\/\/www.steinmetz-foundation.co.il\/wp-content\/uploads\/elementor\/thumbs\/kindergarten-oiohcfpdryq15pkc0bhk20kvaps3zo5vggb4n1n8w6.png","type":"","width":"","height":""}],"twitter_card":"summary_large_image","twitter_misc":{"Dur\u00e9e de lecture estim\u00e9e":"6 minutes"},"schema":{"@context":"https:\/\/schema.org","@graph":[{"@type":"WebPage","@id":"https:\/\/www.steinmetz-foundation.co.il\/fr\/la-petite-enfance\/directeur-municipal-de-la-petite-enfance\/","url":"https:\/\/www.steinmetz-foundation.co.il\/fr\/la-petite-enfance\/directeur-municipal-de-la-petite-enfance\/","name":"Directeur municipal de la petite enfance - The Agnes &amp; Beny Steinmetz Foundation","isPartOf":{"@id":"https:\/\/www.steinmetz-foundation.co.il\/#website"},"primaryImageOfPage":{"@id":"https:\/\/www.steinmetz-foundation.co.il\/fr\/la-petite-enfance\/directeur-municipal-de-la-petite-enfance\/#primaryimage"},"image":{"@id":"https:\/\/www.steinmetz-foundation.co.il\/fr\/la-petite-enfance\/directeur-municipal-de-la-petite-enfance\/#primaryimage"},"thumbnailUrl":"https:\/\/www.steinmetz-foundation.co.il\/wp-content\/uploads\/elementor\/thumbs\/kindergarten-oiohcfpdryq15pkc0bhk20kvaps3zo5vggb4n1n8w6.png","datePublished":"2020-06-16T09:16:09+00:00","dateModified":"2020-06-16T11:40:48+00:00","breadcrumb":{"@id":"https:\/\/www.steinmetz-foundation.co.il\/fr\/la-petite-enfance\/directeur-municipal-de-la-petite-enfance\/#breadcrumb"},"inLanguage":"fr-FR","potentialAction":[{"@type":"ReadAction","target":["https:\/\/www.steinmetz-foundation.co.il\/fr\/la-petite-enfance\/directeur-municipal-de-la-petite-enfance\/"]}]},{"@type":"ImageObject","inLanguage":"fr-FR","@id":"https:\/\/www.steinmetz-foundation.co.il\/fr\/la-petite-enfance\/directeur-municipal-de-la-petite-enfance\/#primaryimage","url":"https:\/\/www.steinmetz-foundation.co.il\/wp-content\/uploads\/elementor\/thumbs\/kindergarten-oiohcfpdryq15pkc0bhk20kvaps3zo5vggb4n1n8w6.png","contentUrl":"https:\/\/www.steinmetz-foundation.co.il\/wp-content\/uploads\/elementor\/thumbs\/kindergarten-oiohcfpdryq15pkc0bhk20kvaps3zo5vggb4n1n8w6.png"},{"@type":"BreadcrumbList","@id":"https:\/\/www.steinmetz-foundation.co.il\/fr\/la-petite-enfance\/directeur-municipal-de-la-petite-enfance\/#breadcrumb","itemListElement":[{"@type":"ListItem","position":1,"name":"Home","item":"https:\/\/www.steinmetz-foundation.co.il\/fr\/"},{"@type":"ListItem","position":2,"name":"La petite enfance","item":"https:\/\/www.steinmetz-foundation.co.il\/fr\/la-petite-enfance\/"},{"@type":"ListItem","position":3,"name":"Directeur municipal de la petite enfance"}]},{"@type":"WebSite","@id":"https:\/\/www.steinmetz-foundation.co.il\/#website","url":"https:\/\/www.steinmetz-foundation.co.il\/","name":"The Agnes &amp; Beny Steinmetz Foundation","description":"","publisher":{"@id":"https:\/\/www.steinmetz-foundation.co.il\/#organization"},"potentialAction":[{"@type":"SearchAction","target":{"@type":"EntryPoint","urlTemplate":"https:\/\/www.steinmetz-foundation.co.il\/?s={search_term_string}"},"query-input":{"@type":"PropertyValueSpecification","valueRequired":true,"valueName":"search_term_string"}}],"inLanguage":"fr-FR"},{"@type":"Organization","@id":"https:\/\/www.steinmetz-foundation.co.il\/#organization","name":"The Agnes &amp; Beny Steinmetz Foundation","url":"https:\/\/www.steinmetz-foundation.co.il\/","logo":{"@type":"ImageObject","inLanguage":"fr-FR","@id":"https:\/\/www.steinmetz-foundation.co.il\/#\/schema\/logo\/image\/","url":"https:\/\/www.steinmetz-foundation.co.il\/wp-content\/uploads\/foundation-logo.jpg","contentUrl":"https:\/\/www.steinmetz-foundation.co.il\/wp-content\/uploads\/foundation-logo.jpg","width":120,"height":120,"caption":"The Agnes &amp; Beny Steinmetz Foundation"},"image":{"@id":"https:\/\/www.steinmetz-foundation.co.il\/#\/schema\/logo\/image\/"}}]}},"_links":{"self":[{"href":"https:\/\/www.steinmetz-foundation.co.il\/fr\/wp-json\/wp\/v2\/pages\/1809","targetHints":{"allow":["GET"]}}],"collection":[{"href":"https:\/\/www.steinmetz-foundation.co.il\/fr\/wp-json\/wp\/v2\/pages"}],"about":[{"href":"https:\/\/www.steinmetz-foundation.co.il\/fr\/wp-json\/wp\/v2\/types\/page"}],"author":[{"embeddable":true,"href":"https:\/\/www.steinmetz-foundation.co.il\/fr\/wp-json\/wp\/v2\/users\/1"}],"replies":[{"embeddable":true,"href":"https:\/\/www.steinmetz-foundation.co.il\/fr\/wp-json\/wp\/v2\/comments?post=1809"}],"version-history":[{"count":3,"href":"https:\/\/www.steinmetz-foundation.co.il\/fr\/wp-json\/wp\/v2\/pages\/1809\/revisions"}],"predecessor-version":[{"id":1963,"href":"https:\/\/www.steinmetz-foundation.co.il\/fr\/wp-json\/wp\/v2\/pages\/1809\/revisions\/1963"}],"up":[{"embeddable":true,"href":"https:\/\/www.steinmetz-foundation.co.il\/fr\/wp-json\/wp\/v2\/pages\/1804"}],"wp:attachment":[{"href":"https:\/\/www.steinmetz-foundation.co.il\/fr\/wp-json\/wp\/v2\/media?parent=1809"}],"curies":[{"name":"wp","href":"https:\/\/api.w.org\/{rel}","templated":true}]}}