{"id":1812,"date":"2020-06-16T09:25:41","date_gmt":"2020-06-16T09:25:41","guid":{"rendered":"https:\/\/www.steinmetz-foundation.co.il\/?page_id=1812"},"modified":"2020-06-16T11:48:26","modified_gmt":"2020-06-16T11:48:26","slug":"forum-dunites-de-developpement-de-lenfant-dans-la-communaute","status":"publish","type":"page","link":"https:\/\/www.steinmetz-foundation.co.il\/fr\/la-petite-enfance\/forum-dunites-de-developpement-de-lenfant-dans-la-communaute\/","title":{"rendered":"Forum d\u2019unit\u00e9s de d\u00e9veloppement de l\u2019enfant dans la communaut\u00e9"},"content":{"rendered":"\t\t<div data-elementor-type=\"wp-post\" data-elementor-id=\"1812\" class=\"elementor elementor-1812\" data-elementor-post-type=\"page\">\n\t\t\t\t\t\t<section class=\"elementor-section elementor-top-section elementor-element elementor-element-11e2a2d elementor-section-boxed elementor-section-height-default elementor-section-height-default\" data-id=\"11e2a2d\" data-element_type=\"section\" data-e-type=\"section\">\n\t\t\t\t\t\t<div class=\"elementor-container elementor-column-gap-default\">\n\t\t\t\t\t<div class=\"elementor-column elementor-col-100 elementor-top-column elementor-element elementor-element-1ff778c\" data-id=\"1ff778c\" data-element_type=\"column\" data-e-type=\"column\">\n\t\t\t<div class=\"elementor-widget-wrap elementor-element-populated\">\n\t\t\t\t\t\t<div class=\"elementor-element elementor-element-4aacca8 elementor-widget elementor-widget-heading\" data-id=\"4aacca8\" data-element_type=\"widget\" data-e-type=\"widget\" data-widget_type=\"heading.default\">\n\t\t\t\t<div class=\"elementor-widget-container\">\n\t\t\t\t\t<h1 class=\"elementor-heading-title elementor-size-default\">Forum d\u2019unit\u00e9s de d\u00e9veloppement de l\u2019enfant dans la communaut\u00e9<\/h1>\t\t\t\t<\/div>\n\t\t\t\t<\/div>\n\t\t\t\t<div class=\"elementor-element elementor-element-c554432 elementor-widget-divider--view-line elementor-widget elementor-widget-divider\" data-id=\"c554432\" data-element_type=\"widget\" data-e-type=\"widget\" data-widget_type=\"divider.default\">\n\t\t\t\t<div class=\"elementor-widget-container\">\n\t\t\t\t\t\t\t<div class=\"elementor-divider\">\n\t\t\t<span class=\"elementor-divider-separator\">\n\t\t\t\t\t\t<\/span>\n\t\t<\/div>\n\t\t\t\t\t\t<\/div>\n\t\t\t\t<\/div>\n\t\t\t\t<section class=\"elementor-section elementor-inner-section elementor-element elementor-element-279cd35 animated-slow elementor-section-boxed elementor-section-height-default elementor-section-height-default elementor-invisible\" data-id=\"279cd35\" data-element_type=\"section\" data-e-type=\"section\" data-settings=\"{&quot;animation&quot;:&quot;fadeIn&quot;}\">\n\t\t\t\t\t\t<div class=\"elementor-container elementor-column-gap-default\">\n\t\t\t\t\t<div class=\"elementor-column elementor-col-50 elementor-inner-column elementor-element elementor-element-8651fac\" data-id=\"8651fac\" data-element_type=\"column\" data-e-type=\"column\">\n\t\t\t<div class=\"elementor-widget-wrap elementor-element-populated\">\n\t\t\t\t\t\t<div class=\"elementor-element elementor-element-081e575 elementor-widget elementor-widget-text-editor\" data-id=\"081e575\" data-element_type=\"widget\" data-e-type=\"widget\" data-widget_type=\"text-editor.default\">\n\t\t\t\t<div class=\"elementor-widget-container\">\n\t\t\t\t\t\t\t\t\t<p>Les unit\u00e9s de d\u00e9veloppement de l\u2019enfant sont mises en place par les municipalit\u00e9s avec l\u2019aide de fondation philanthropes, comprenant l\u2019importance essentielle d\u2019un d\u00e9veloppement correct des enfants. Le rationnel derri\u00e8re leur mise en place est bas\u00e9 sur des \u00e9tudes prouvant que depuis l\u2019\u00e2ge de l\u2019allaitement (de la naissance jusqu\u2019\u00e0 l\u2019\u00e2ge de trois ans) et de la petite enfance (de l\u2019\u00e2ge de trois ans \u00e0 six ans), consid\u00e9r\u00e9e comme \u00e9tape essentielle pour le d\u00e9veloppement, influen\u00e7ant grandement la suite de leur vie. Dans les unit\u00e9s de d\u00e9veloppement agit une \u00e9quipe de m\u00e9decine alternative examinant et traitant les enfants depuis la petite enfance. Chaque unit\u00e9 est ind\u00e9pendante et fait face \u00e0 divers types de probl\u00e8mes professionnels et budg\u00e9taires.<\/p><p>Les municipalit\u00e9s et les fonds mettent en place et subventionnent les unit\u00e9s, comprenant leurs importances, sachant qu\u2019elles ne seront pas en mesure de survire sur le long terme sans un soutien budg\u00e9taire priv\u00e9. L\u2019\u00e9tat d\u2019Isra\u00ebl prend une responsabilit\u00e9 minimale dans l\u2019activit\u00e9 des unit\u00e9s par le biais des Caisse Maladie et les contr\u00f4le du point de vue professionnel par le Minist\u00e8re de la Sant\u00e9.<\/p>\t\t\t\t\t\t\t\t<\/div>\n\t\t\t\t<\/div>\n\t\t\t\t\t<\/div>\n\t\t<\/div>\n\t\t\t\t<div class=\"elementor-column elementor-col-50 elementor-inner-column elementor-element elementor-element-a491ba5\" data-id=\"a491ba5\" data-element_type=\"column\" data-e-type=\"column\">\n\t\t\t<div class=\"elementor-widget-wrap elementor-element-populated\">\n\t\t\t\t\t\t<div class=\"elementor-element elementor-element-d21668f elementor-invisible elementor-widget elementor-widget-image\" data-id=\"d21668f\" data-element_type=\"widget\" data-e-type=\"widget\" data-settings=\"{&quot;_animation&quot;:&quot;fadeIn&quot;}\" data-widget_type=\"image.default\">\n\t\t\t\t<div class=\"elementor-widget-container\">\n\t\t\t\t\t\t\t\t\t\t\t\t\t\t\t<img fetchpriority=\"high\" decoding=\"async\" width=\"319\" height=\"323\" src=\"https:\/\/www.steinmetz-foundation.co.il\/wp-content\/uploads\/youthatrisk1.png\" class=\"attachment-medium_large size-medium_large wp-image-282\" alt=\"Youth at Risk icon\" srcset=\"https:\/\/www.steinmetz-foundation.co.il\/wp-content\/uploads\/youthatrisk1.png 319w, https:\/\/www.steinmetz-foundation.co.il\/wp-content\/uploads\/youthatrisk1-296x300.png 296w\" sizes=\"(max-width: 319px) 100vw, 319px\" \/>\t\t\t\t\t\t\t\t\t\t\t\t\t\t\t<\/div>\n\t\t\t\t<\/div>\n\t\t\t\t<div class=\"elementor-element elementor-element-56e0d04 elementor-button-warning elementor-align-center elementor-widget elementor-widget-button\" data-id=\"56e0d04\" data-element_type=\"widget\" data-e-type=\"widget\" data-widget_type=\"button.default\">\n\t\t\t\t<div class=\"elementor-widget-container\">\n\t\t\t\t\t\t\t\t\t<div class=\"elementor-button-wrapper\">\n\t\t\t\t\t<a class=\"elementor-button elementor-button-link elementor-size-lg\" href=\"#\">\n\t\t\t\t\t\t<span class=\"elementor-button-content-wrapper\">\n\t\t\t\t\t\t<span class=\"elementor-button-icon\">\n\t\t\t\t<i aria-hidden=\"true\" class=\"fab fa-facebook-square\"><\/i>\t\t\t<\/span>\n\t\t\t\t\t\t\t\t\t<span class=\"elementor-button-text\">The Forum of Community Child Development Departments<\/span>\n\t\t\t\t\t<\/span>\n\t\t\t\t\t<\/a>\n\t\t\t\t<\/div>\n\t\t\t\t\t\t\t\t<\/div>\n\t\t\t\t<\/div>\n\t\t\t\t\t<\/div>\n\t\t<\/div>\n\t\t\t\t\t<\/div>\n\t\t<\/section>\n\t\t\t\t<section class=\"elementor-section elementor-inner-section elementor-element elementor-element-8b073e1 animated-slow elementor-section-boxed elementor-section-height-default elementor-section-height-default elementor-invisible\" data-id=\"8b073e1\" data-element_type=\"section\" data-e-type=\"section\" data-settings=\"{&quot;animation&quot;:&quot;fadeIn&quot;}\">\n\t\t\t\t\t\t<div class=\"elementor-container elementor-column-gap-default\">\n\t\t\t\t\t<div class=\"elementor-column elementor-col-50 elementor-inner-column elementor-element elementor-element-1774799\" data-id=\"1774799\" data-element_type=\"column\" data-e-type=\"column\">\n\t\t\t<div class=\"elementor-widget-wrap elementor-element-populated\">\n\t\t\t\t\t\t<div class=\"elementor-element elementor-element-e63016f elementor-invisible elementor-widget elementor-widget-image\" data-id=\"e63016f\" data-element_type=\"widget\" data-e-type=\"widget\" data-settings=\"{&quot;_animation&quot;:&quot;fadeIn&quot;}\" data-widget_type=\"image.default\">\n\t\t\t\t<div class=\"elementor-widget-container\">\n\t\t\t\t\t\t\t\t\t\t\t\t\t\t\t<img decoding=\"async\" width=\"800\" height=\"530\" src=\"https:\/\/www.steinmetz-foundation.co.il\/wp-content\/uploads\/053.jpg\" class=\"attachment-large size-large wp-image-160\" alt=\"Children playing with sand\" srcset=\"https:\/\/www.steinmetz-foundation.co.il\/wp-content\/uploads\/053.jpg 800w, https:\/\/www.steinmetz-foundation.co.il\/wp-content\/uploads\/053-300x199.jpg 300w, https:\/\/www.steinmetz-foundation.co.il\/wp-content\/uploads\/053-768x509.jpg 768w\" sizes=\"(max-width: 800px) 100vw, 800px\" \/>\t\t\t\t\t\t\t\t\t\t\t\t\t\t\t<\/div>\n\t\t\t\t<\/div>\n\t\t\t\t\t<\/div>\n\t\t<\/div>\n\t\t\t\t<div class=\"elementor-column elementor-col-50 elementor-inner-column elementor-element elementor-element-0b51cdf\" data-id=\"0b51cdf\" data-element_type=\"column\" data-e-type=\"column\">\n\t\t\t<div class=\"elementor-widget-wrap elementor-element-populated\">\n\t\t\t\t\t\t<div class=\"elementor-element elementor-element-189bbde elementor-widget elementor-widget-text-editor\" data-id=\"189bbde\" data-element_type=\"widget\" data-e-type=\"widget\" data-widget_type=\"text-editor.default\">\n\t\t\t\t<div class=\"elementor-widget-container\">\n\t\t\t\t\t\t\t\t\t<p>Avec la fondation Steinmetz, et la fondation Rashi, les repr\u00e9sentants des unit\u00e9s de d\u00e9veloppement de l\u2019enfant ont mis en place un forum national agissant pour la promotion des objectifs suivants\u00a0:<\/p><ul><li>L\u2019am\u00e9lioration des services accord\u00e9s par les unit\u00e9s<\/li><li>La r\u00e9alisation des droits des enfants de jeune \u00e2ge \u00e0 l\u2019obtention d\u2019un soin professionnel adapt\u00e9 et de qualit\u00e9 selon leurs besoins<\/li><li>La reconnaissance de l\u2019importance de la petite enfance aupr\u00e8s des d\u00e9cisionnaires pour l\u2019accord de ressources gouvernementales dans les activit\u00e9s des unit\u00e9s<\/li><li>La promotion professionnelle des employ\u00e9s dans le domaine de la m\u00e9decine alternative<\/li><li>La promotion d\u2019un statut des unit\u00e9s, et l\u2019am\u00e9lioration de leur stabilit\u00e9 financi\u00e8re, afin de pouvoir fournir des services de qualit\u00e9 \u00e0 la population (lien vers la feuille Facebook du forum)<\/li><\/ul>\t\t\t\t\t\t\t\t<\/div>\n\t\t\t\t<\/div>\n\t\t\t\t\t<\/div>\n\t\t<\/div>\n\t\t\t\t\t<\/div>\n\t\t<\/section>\n\t\t\t\t\t<\/div>\n\t\t<\/div>\n\t\t\t\t\t<\/div>\n\t\t<\/section>\n\t\t\t\t<\/div>\n\t\t","protected":false},"excerpt":{"rendered":"<p>Forum d\u2019unit\u00e9s de d\u00e9veloppement de l\u2019enfant dans la communaut\u00e9 Les unit\u00e9s de d\u00e9veloppement de l\u2019enfant sont mises en place par les municipalit\u00e9s avec l\u2019aide de fondation philanthropes, comprenant l\u2019importance essentielle d\u2019un d\u00e9veloppement correct des enfants. Le rationnel derri\u00e8re leur mise en place est bas\u00e9 sur des \u00e9tudes prouvant que depuis l\u2019\u00e2ge de l\u2019allaitement (de la [&hellip;]<\/p>\n","protected":false},"author":1,"featured_media":0,"parent":1804,"menu_order":0,"comment_status":"closed","ping_status":"closed","template":"","meta":{"footnotes":""},"class_list":["post-1812","page","type-page","status-publish","hentry"],"yoast_head":"<!-- This site is optimized with the Yoast SEO plugin v27.4 - https:\/\/yoast.com\/product\/yoast-seo-wordpress\/ -->\n<title>Forum d\u2019unit\u00e9s de d\u00e9veloppement de l\u2019enfant dans la communaut\u00e9 - The Agnes &amp; Beny Steinmetz Foundation<\/title>\n<meta name=\"robots\" content=\"index, follow, max-snippet:-1, max-image-preview:large, max-video-preview:-1\" \/>\n<link rel=\"canonical\" href=\"https:\/\/www.steinmetz-foundation.co.il\/fr\/la-petite-enfance\/forum-dunites-de-developpement-de-lenfant-dans-la-communaute\/\" \/>\n<meta property=\"og:locale\" content=\"fr_FR\" \/>\n<meta property=\"og:type\" content=\"article\" \/>\n<meta property=\"og:title\" content=\"Forum d\u2019unit\u00e9s de d\u00e9veloppement de l\u2019enfant dans la communaut\u00e9 - The Agnes &amp; Beny Steinmetz Foundation\" \/>\n<meta property=\"og:description\" content=\"Forum d\u2019unit\u00e9s de d\u00e9veloppement de l\u2019enfant dans la communaut\u00e9 Les unit\u00e9s de d\u00e9veloppement de l\u2019enfant sont mises en place par les municipalit\u00e9s avec l\u2019aide de fondation philanthropes, comprenant l\u2019importance essentielle d\u2019un d\u00e9veloppement correct des enfants. Le rationnel derri\u00e8re leur mise en place est bas\u00e9 sur des \u00e9tudes prouvant que depuis l\u2019\u00e2ge de l\u2019allaitement (de la [&hellip;]\" \/>\n<meta property=\"og:url\" content=\"https:\/\/www.steinmetz-foundation.co.il\/fr\/la-petite-enfance\/forum-dunites-de-developpement-de-lenfant-dans-la-communaute\/\" \/>\n<meta property=\"og:site_name\" content=\"The Agnes &amp; Beny Steinmetz Foundation\" \/>\n<meta property=\"article:modified_time\" content=\"2020-06-16T11:48:26+00:00\" \/>\n<meta property=\"og:image\" content=\"https:\/\/www.steinmetz-foundation.co.il\/wp-content\/uploads\/youthatrisk1.png\" \/>\n<meta name=\"twitter:card\" content=\"summary_large_image\" \/>\n<meta name=\"twitter:label1\" content=\"Dur\u00e9e de lecture estim\u00e9e\" \/>\n\t<meta name=\"twitter:data1\" content=\"2 minutes\" \/>\n<script type=\"application\/ld+json\" class=\"yoast-schema-graph\">{\"@context\":\"https:\\\/\\\/schema.org\",\"@graph\":[{\"@type\":\"WebPage\",\"@id\":\"https:\\\/\\\/www.steinmetz-foundation.co.il\\\/fr\\\/la-petite-enfance\\\/forum-dunites-de-developpement-de-lenfant-dans-la-communaute\\\/\",\"url\":\"https:\\\/\\\/www.steinmetz-foundation.co.il\\\/fr\\\/la-petite-enfance\\\/forum-dunites-de-developpement-de-lenfant-dans-la-communaute\\\/\",\"name\":\"Forum d\u2019unit\u00e9s de d\u00e9veloppement de l\u2019enfant dans la communaut\u00e9 - The Agnes &amp; Beny Steinmetz Foundation\",\"isPartOf\":{\"@id\":\"https:\\\/\\\/www.steinmetz-foundation.co.il\\\/#website\"},\"primaryImageOfPage\":{\"@id\":\"https:\\\/\\\/www.steinmetz-foundation.co.il\\\/fr\\\/la-petite-enfance\\\/forum-dunites-de-developpement-de-lenfant-dans-la-communaute\\\/#primaryimage\"},\"image\":{\"@id\":\"https:\\\/\\\/www.steinmetz-foundation.co.il\\\/fr\\\/la-petite-enfance\\\/forum-dunites-de-developpement-de-lenfant-dans-la-communaute\\\/#primaryimage\"},\"thumbnailUrl\":\"https:\\\/\\\/www.steinmetz-foundation.co.il\\\/wp-content\\\/uploads\\\/youthatrisk1.png\",\"datePublished\":\"2020-06-16T09:25:41+00:00\",\"dateModified\":\"2020-06-16T11:48:26+00:00\",\"breadcrumb\":{\"@id\":\"https:\\\/\\\/www.steinmetz-foundation.co.il\\\/fr\\\/la-petite-enfance\\\/forum-dunites-de-developpement-de-lenfant-dans-la-communaute\\\/#breadcrumb\"},\"inLanguage\":\"fr-FR\",\"potentialAction\":[{\"@type\":\"ReadAction\",\"target\":[\"https:\\\/\\\/www.steinmetz-foundation.co.il\\\/fr\\\/la-petite-enfance\\\/forum-dunites-de-developpement-de-lenfant-dans-la-communaute\\\/\"]}]},{\"@type\":\"ImageObject\",\"inLanguage\":\"fr-FR\",\"@id\":\"https:\\\/\\\/www.steinmetz-foundation.co.il\\\/fr\\\/la-petite-enfance\\\/forum-dunites-de-developpement-de-lenfant-dans-la-communaute\\\/#primaryimage\",\"url\":\"https:\\\/\\\/www.steinmetz-foundation.co.il\\\/wp-content\\\/uploads\\\/youthatrisk1.png\",\"contentUrl\":\"https:\\\/\\\/www.steinmetz-foundation.co.il\\\/wp-content\\\/uploads\\\/youthatrisk1.png\"},{\"@type\":\"BreadcrumbList\",\"@id\":\"https:\\\/\\\/www.steinmetz-foundation.co.il\\\/fr\\\/la-petite-enfance\\\/forum-dunites-de-developpement-de-lenfant-dans-la-communaute\\\/#breadcrumb\",\"itemListElement\":[{\"@type\":\"ListItem\",\"position\":1,\"name\":\"Home\",\"item\":\"https:\\\/\\\/www.steinmetz-foundation.co.il\\\/fr\\\/\"},{\"@type\":\"ListItem\",\"position\":2,\"name\":\"La petite enfance\",\"item\":\"https:\\\/\\\/www.steinmetz-foundation.co.il\\\/fr\\\/la-petite-enfance\\\/\"},{\"@type\":\"ListItem\",\"position\":3,\"name\":\"Forum d\u2019unit\u00e9s de d\u00e9veloppement de l\u2019enfant dans la communaut\u00e9\"}]},{\"@type\":\"WebSite\",\"@id\":\"https:\\\/\\\/www.steinmetz-foundation.co.il\\\/#website\",\"url\":\"https:\\\/\\\/www.steinmetz-foundation.co.il\\\/\",\"name\":\"The Agnes &amp; Beny Steinmetz Foundation\",\"description\":\"\",\"publisher\":{\"@id\":\"https:\\\/\\\/www.steinmetz-foundation.co.il\\\/#organization\"},\"potentialAction\":[{\"@type\":\"SearchAction\",\"target\":{\"@type\":\"EntryPoint\",\"urlTemplate\":\"https:\\\/\\\/www.steinmetz-foundation.co.il\\\/?s={search_term_string}\"},\"query-input\":{\"@type\":\"PropertyValueSpecification\",\"valueRequired\":true,\"valueName\":\"search_term_string\"}}],\"inLanguage\":\"fr-FR\"},{\"@type\":\"Organization\",\"@id\":\"https:\\\/\\\/www.steinmetz-foundation.co.il\\\/#organization\",\"name\":\"The Agnes &amp; Beny Steinmetz Foundation\",\"url\":\"https:\\\/\\\/www.steinmetz-foundation.co.il\\\/\",\"logo\":{\"@type\":\"ImageObject\",\"inLanguage\":\"fr-FR\",\"@id\":\"https:\\\/\\\/www.steinmetz-foundation.co.il\\\/#\\\/schema\\\/logo\\\/image\\\/\",\"url\":\"https:\\\/\\\/www.steinmetz-foundation.co.il\\\/wp-content\\\/uploads\\\/foundation-logo.jpg\",\"contentUrl\":\"https:\\\/\\\/www.steinmetz-foundation.co.il\\\/wp-content\\\/uploads\\\/foundation-logo.jpg\",\"width\":120,\"height\":120,\"caption\":\"The Agnes &amp; Beny Steinmetz Foundation\"},\"image\":{\"@id\":\"https:\\\/\\\/www.steinmetz-foundation.co.il\\\/#\\\/schema\\\/logo\\\/image\\\/\"}}]}<\/script>\n<!-- \/ Yoast SEO plugin. -->","yoast_head_json":{"title":"Forum d\u2019unit\u00e9s de d\u00e9veloppement de l\u2019enfant dans la communaut\u00e9 - The Agnes &amp; Beny Steinmetz Foundation","robots":{"index":"index","follow":"follow","max-snippet":"max-snippet:-1","max-image-preview":"max-image-preview:large","max-video-preview":"max-video-preview:-1"},"canonical":"https:\/\/www.steinmetz-foundation.co.il\/fr\/la-petite-enfance\/forum-dunites-de-developpement-de-lenfant-dans-la-communaute\/","og_locale":"fr_FR","og_type":"article","og_title":"Forum d\u2019unit\u00e9s de d\u00e9veloppement de l\u2019enfant dans la communaut\u00e9 - The Agnes &amp; Beny Steinmetz Foundation","og_description":"Forum d\u2019unit\u00e9s de d\u00e9veloppement de l\u2019enfant dans la communaut\u00e9 Les unit\u00e9s de d\u00e9veloppement de l\u2019enfant sont mises en place par les municipalit\u00e9s avec l\u2019aide de fondation philanthropes, comprenant l\u2019importance essentielle d\u2019un d\u00e9veloppement correct des enfants. Le rationnel derri\u00e8re leur mise en place est bas\u00e9 sur des \u00e9tudes prouvant que depuis l\u2019\u00e2ge de l\u2019allaitement (de la [&hellip;]","og_url":"https:\/\/www.steinmetz-foundation.co.il\/fr\/la-petite-enfance\/forum-dunites-de-developpement-de-lenfant-dans-la-communaute\/","og_site_name":"The Agnes &amp; Beny Steinmetz Foundation","article_modified_time":"2020-06-16T11:48:26+00:00","og_image":[{"url":"https:\/\/www.steinmetz-foundation.co.il\/wp-content\/uploads\/youthatrisk1.png","type":"","width":"","height":""}],"twitter_card":"summary_large_image","twitter_misc":{"Dur\u00e9e de lecture estim\u00e9e":"2 minutes"},"schema":{"@context":"https:\/\/schema.org","@graph":[{"@type":"WebPage","@id":"https:\/\/www.steinmetz-foundation.co.il\/fr\/la-petite-enfance\/forum-dunites-de-developpement-de-lenfant-dans-la-communaute\/","url":"https:\/\/www.steinmetz-foundation.co.il\/fr\/la-petite-enfance\/forum-dunites-de-developpement-de-lenfant-dans-la-communaute\/","name":"Forum d\u2019unit\u00e9s de d\u00e9veloppement de l\u2019enfant dans la communaut\u00e9 - The Agnes &amp; Beny Steinmetz Foundation","isPartOf":{"@id":"https:\/\/www.steinmetz-foundation.co.il\/#website"},"primaryImageOfPage":{"@id":"https:\/\/www.steinmetz-foundation.co.il\/fr\/la-petite-enfance\/forum-dunites-de-developpement-de-lenfant-dans-la-communaute\/#primaryimage"},"image":{"@id":"https:\/\/www.steinmetz-foundation.co.il\/fr\/la-petite-enfance\/forum-dunites-de-developpement-de-lenfant-dans-la-communaute\/#primaryimage"},"thumbnailUrl":"https:\/\/www.steinmetz-foundation.co.il\/wp-content\/uploads\/youthatrisk1.png","datePublished":"2020-06-16T09:25:41+00:00","dateModified":"2020-06-16T11:48:26+00:00","breadcrumb":{"@id":"https:\/\/www.steinmetz-foundation.co.il\/fr\/la-petite-enfance\/forum-dunites-de-developpement-de-lenfant-dans-la-communaute\/#breadcrumb"},"inLanguage":"fr-FR","potentialAction":[{"@type":"ReadAction","target":["https:\/\/www.steinmetz-foundation.co.il\/fr\/la-petite-enfance\/forum-dunites-de-developpement-de-lenfant-dans-la-communaute\/"]}]},{"@type":"ImageObject","inLanguage":"fr-FR","@id":"https:\/\/www.steinmetz-foundation.co.il\/fr\/la-petite-enfance\/forum-dunites-de-developpement-de-lenfant-dans-la-communaute\/#primaryimage","url":"https:\/\/www.steinmetz-foundation.co.il\/wp-content\/uploads\/youthatrisk1.png","contentUrl":"https:\/\/www.steinmetz-foundation.co.il\/wp-content\/uploads\/youthatrisk1.png"},{"@type":"BreadcrumbList","@id":"https:\/\/www.steinmetz-foundation.co.il\/fr\/la-petite-enfance\/forum-dunites-de-developpement-de-lenfant-dans-la-communaute\/#breadcrumb","itemListElement":[{"@type":"ListItem","position":1,"name":"Home","item":"https:\/\/www.steinmetz-foundation.co.il\/fr\/"},{"@type":"ListItem","position":2,"name":"La petite enfance","item":"https:\/\/www.steinmetz-foundation.co.il\/fr\/la-petite-enfance\/"},{"@type":"ListItem","position":3,"name":"Forum d\u2019unit\u00e9s de d\u00e9veloppement de l\u2019enfant dans la communaut\u00e9"}]},{"@type":"WebSite","@id":"https:\/\/www.steinmetz-foundation.co.il\/#website","url":"https:\/\/www.steinmetz-foundation.co.il\/","name":"The Agnes &amp; Beny Steinmetz Foundation","description":"","publisher":{"@id":"https:\/\/www.steinmetz-foundation.co.il\/#organization"},"potentialAction":[{"@type":"SearchAction","target":{"@type":"EntryPoint","urlTemplate":"https:\/\/www.steinmetz-foundation.co.il\/?s={search_term_string}"},"query-input":{"@type":"PropertyValueSpecification","valueRequired":true,"valueName":"search_term_string"}}],"inLanguage":"fr-FR"},{"@type":"Organization","@id":"https:\/\/www.steinmetz-foundation.co.il\/#organization","name":"The Agnes &amp; Beny Steinmetz Foundation","url":"https:\/\/www.steinmetz-foundation.co.il\/","logo":{"@type":"ImageObject","inLanguage":"fr-FR","@id":"https:\/\/www.steinmetz-foundation.co.il\/#\/schema\/logo\/image\/","url":"https:\/\/www.steinmetz-foundation.co.il\/wp-content\/uploads\/foundation-logo.jpg","contentUrl":"https:\/\/www.steinmetz-foundation.co.il\/wp-content\/uploads\/foundation-logo.jpg","width":120,"height":120,"caption":"The Agnes &amp; Beny Steinmetz Foundation"},"image":{"@id":"https:\/\/www.steinmetz-foundation.co.il\/#\/schema\/logo\/image\/"}}]}},"_links":{"self":[{"href":"https:\/\/www.steinmetz-foundation.co.il\/fr\/wp-json\/wp\/v2\/pages\/1812","targetHints":{"allow":["GET"]}}],"collection":[{"href":"https:\/\/www.steinmetz-foundation.co.il\/fr\/wp-json\/wp\/v2\/pages"}],"about":[{"href":"https:\/\/www.steinmetz-foundation.co.il\/fr\/wp-json\/wp\/v2\/types\/page"}],"author":[{"embeddable":true,"href":"https:\/\/www.steinmetz-foundation.co.il\/fr\/wp-json\/wp\/v2\/users\/1"}],"replies":[{"embeddable":true,"href":"https:\/\/www.steinmetz-foundation.co.il\/fr\/wp-json\/wp\/v2\/comments?post=1812"}],"version-history":[{"count":3,"href":"https:\/\/www.steinmetz-foundation.co.il\/fr\/wp-json\/wp\/v2\/pages\/1812\/revisions"}],"predecessor-version":[{"id":1816,"href":"https:\/\/www.steinmetz-foundation.co.il\/fr\/wp-json\/wp\/v2\/pages\/1812\/revisions\/1816"}],"up":[{"embeddable":true,"href":"https:\/\/www.steinmetz-foundation.co.il\/fr\/wp-json\/wp\/v2\/pages\/1804"}],"wp:attachment":[{"href":"https:\/\/www.steinmetz-foundation.co.il\/fr\/wp-json\/wp\/v2\/media?parent=1812"}],"curies":[{"name":"wp","href":"https:\/\/api.w.org\/{rel}","templated":true}]}}