{"id":1815,"date":"2020-06-16T09:29:36","date_gmt":"2020-06-16T09:29:36","guid":{"rendered":"https:\/\/www.steinmetz-foundation.co.il\/?page_id=1815"},"modified":"2020-06-16T11:49:52","modified_gmt":"2020-06-16T11:49:52","slug":"les-jeunes-en-detresse","status":"publish","type":"page","link":"https:\/\/www.steinmetz-foundation.co.il\/fr\/les-jeunes-en-detresse\/","title":{"rendered":"Les jeunes en d\u00e9tresse"},"content":{"rendered":"\t\t<div data-elementor-type=\"wp-post\" data-elementor-id=\"1815\" class=\"elementor elementor-1815\" data-elementor-post-type=\"page\">\n\t\t\t\t\t\t<section class=\"elementor-section elementor-top-section elementor-element elementor-element-ef8fad3 elementor-section-boxed elementor-section-height-default elementor-section-height-default\" data-id=\"ef8fad3\" data-element_type=\"section\" data-e-type=\"section\">\n\t\t\t\t\t\t<div class=\"elementor-container elementor-column-gap-default\">\n\t\t\t\t\t<div class=\"elementor-column elementor-col-100 elementor-top-column elementor-element elementor-element-bd7d76b\" data-id=\"bd7d76b\" data-element_type=\"column\" data-e-type=\"column\">\n\t\t\t<div class=\"elementor-widget-wrap elementor-element-populated\">\n\t\t\t\t\t\t<div class=\"elementor-element elementor-element-1ffd0e9 elementor-widget elementor-widget-heading\" data-id=\"1ffd0e9\" data-element_type=\"widget\" data-e-type=\"widget\" data-widget_type=\"heading.default\">\n\t\t\t\t<div class=\"elementor-widget-container\">\n\t\t\t\t\t<h1 class=\"elementor-heading-title elementor-size-default\">Les jeunes en d\u00e9tresse<\/h1>\t\t\t\t<\/div>\n\t\t\t\t<\/div>\n\t\t\t\t<div class=\"elementor-element elementor-element-a9ccd81 elementor-widget-divider--view-line elementor-widget elementor-widget-divider\" data-id=\"a9ccd81\" data-element_type=\"widget\" data-e-type=\"widget\" data-widget_type=\"divider.default\">\n\t\t\t\t<div class=\"elementor-widget-container\">\n\t\t\t\t\t\t\t<div class=\"elementor-divider\">\n\t\t\t<span class=\"elementor-divider-separator\">\n\t\t\t\t\t\t<\/span>\n\t\t<\/div>\n\t\t\t\t\t\t<\/div>\n\t\t\t\t<\/div>\n\t\t\t\t<section class=\"elementor-section elementor-inner-section elementor-element elementor-element-b60a740 animated-slow elementor-section-boxed elementor-section-height-default elementor-section-height-default elementor-invisible\" data-id=\"b60a740\" data-element_type=\"section\" data-e-type=\"section\" data-settings=\"{&quot;animation&quot;:&quot;fadeIn&quot;}\">\n\t\t\t\t\t\t<div class=\"elementor-container elementor-column-gap-default\">\n\t\t\t\t\t<div class=\"elementor-column elementor-col-50 elementor-inner-column elementor-element elementor-element-d7d3d39\" data-id=\"d7d3d39\" data-element_type=\"column\" data-e-type=\"column\">\n\t\t\t<div class=\"elementor-widget-wrap elementor-element-populated\">\n\t\t\t\t\t\t<div class=\"elementor-element elementor-element-2b0bb69 elementor-widget elementor-widget-text-editor\" data-id=\"2b0bb69\" data-element_type=\"widget\" data-e-type=\"widget\" data-widget_type=\"text-editor.default\">\n\t\t\t\t<div class=\"elementor-widget-container\">\n\t\t\t\t\t\t\t\t\t<p><strong>Les activit\u00e9s pour les jeunes en d\u00e9tresse<\/strong><\/p><p>La fondation Agn\u00e8s et Beny Steinmetz porte une grande importance dans la promotion des adolescents et adolescentes en d\u00e9tresse afin de leur permettre de cr\u00e9er un mode de vie normatif, ordinaire et s\u00fbr, bas\u00e9 sur une exp\u00e9rience d\u2019appartenance sociale et de succ\u00e8s. C\u2019est pourquoi elle soutient les activit\u00e9s d\u2019associations utilisant des outils de traitement, d\u2019\u00e9ducation et de cr\u00e9ation uniques, ainsi que des mod\u00e8les innovant afin d\u2019apporter une r\u00e9ponse de qualit\u00e9 et active \u00e0 cette population. En soutenant ces associations, l\u2019objectif de la fondation est double, tout d\u2019abord aider les associations \u00e0 faire leur travail, atteindre les adolescents et d\u00e9velopper la r\u00e9ponse apport\u00e9e\u00a0; ensuite, elle est int\u00e9ress\u00e9e \u00e0 aider ces m\u00eames associations \u00e0 diffuser les informations, augmenter la prise de conscience et rendre le mod\u00e8le et les outils qu\u2019elle a rendu disponibles aux associations et aux divers organismes accessibles en Isra\u00ebl et dans le monde.<\/p><p>Afin d\u2019apporter aux associations un soutien suppl\u00e9mentaire, la fondation a pris l\u2019initiative de mettre en place un forum des associations pour les jeunes en d\u00e9tresse. Le forum est construit pour l\u2019ensemble des associations soutenues par la fondation, se r\u00e9unissant une fois par an afin d\u2019encourager la cr\u00e9ation de liens et de collaboration, permettant un apprentissage mutuel.<\/p><p>\u00a0<\/p>\t\t\t\t\t\t\t\t<\/div>\n\t\t\t\t<\/div>\n\t\t\t\t\t<\/div>\n\t\t<\/div>\n\t\t\t\t<div class=\"elementor-column elementor-col-50 elementor-inner-column elementor-element elementor-element-8675a4f\" data-id=\"8675a4f\" data-element_type=\"column\" data-e-type=\"column\">\n\t\t\t<div class=\"elementor-widget-wrap elementor-element-populated\">\n\t\t\t\t\t\t<div class=\"elementor-element elementor-element-7060d1b elementor-invisible elementor-widget elementor-widget-image\" data-id=\"7060d1b\" data-element_type=\"widget\" data-e-type=\"widget\" data-settings=\"{&quot;_animation&quot;:&quot;fadeIn&quot;}\" data-widget_type=\"image.default\">\n\t\t\t\t<div class=\"elementor-widget-container\">\n\t\t\t\t\t\t\t\t\t\t\t\t\t\t\t<img fetchpriority=\"high\" decoding=\"async\" width=\"319\" height=\"323\" src=\"https:\/\/www.steinmetz-foundation.co.il\/wp-content\/uploads\/youthatrisk1.png\" class=\"attachment-large size-large wp-image-282\" alt=\"Youth at Risk icon\" srcset=\"https:\/\/www.steinmetz-foundation.co.il\/wp-content\/uploads\/youthatrisk1.png 319w, https:\/\/www.steinmetz-foundation.co.il\/wp-content\/uploads\/youthatrisk1-296x300.png 296w\" sizes=\"(max-width: 319px) 100vw, 319px\" \/>\t\t\t\t\t\t\t\t\t\t\t\t\t\t\t<\/div>\n\t\t\t\t<\/div>\n\t\t\t\t\t<\/div>\n\t\t<\/div>\n\t\t\t\t\t<\/div>\n\t\t<\/section>\n\t\t\t\t\t<\/div>\n\t\t<\/div>\n\t\t\t\t\t<\/div>\n\t\t<\/section>\n\t\t\t\t<section class=\"elementor-section elementor-top-section elementor-element elementor-element-4d8a479 elementor-section-boxed elementor-section-height-default elementor-section-height-default\" data-id=\"4d8a479\" data-element_type=\"section\" data-e-type=\"section\">\n\t\t\t\t\t\t<div class=\"elementor-container elementor-column-gap-default\">\n\t\t\t\t\t<div class=\"elementor-column elementor-col-50 elementor-top-column elementor-element elementor-element-1d20892\" data-id=\"1d20892\" data-element_type=\"column\" data-e-type=\"column\">\n\t\t\t<div class=\"elementor-widget-wrap elementor-element-populated\">\n\t\t\t\t\t\t<div class=\"elementor-element elementor-element-fd844f5 elementor-widget elementor-widget-image\" data-id=\"fd844f5\" data-element_type=\"widget\" data-e-type=\"widget\" data-widget_type=\"image.default\">\n\t\t\t\t<div class=\"elementor-widget-container\">\n\t\t\t\t\t\t\t\t\t\t\t\t\t\t\t<img decoding=\"async\" width=\"800\" height=\"530\" src=\"https:\/\/www.steinmetz-foundation.co.il\/wp-content\/uploads\/065.jpg\" class=\"attachment-large size-large wp-image-154\" alt=\"\" srcset=\"https:\/\/www.steinmetz-foundation.co.il\/wp-content\/uploads\/065.jpg 800w, https:\/\/www.steinmetz-foundation.co.il\/wp-content\/uploads\/065-300x199.jpg 300w, https:\/\/www.steinmetz-foundation.co.il\/wp-content\/uploads\/065-768x509.jpg 768w\" sizes=\"(max-width: 800px) 100vw, 800px\" \/>\t\t\t\t\t\t\t\t\t\t\t\t\t\t\t<\/div>\n\t\t\t\t<\/div>\n\t\t\t\t\t<\/div>\n\t\t<\/div>\n\t\t\t\t<div class=\"elementor-column elementor-col-50 elementor-top-column elementor-element elementor-element-22cc998\" data-id=\"22cc998\" data-element_type=\"column\" data-e-type=\"column\">\n\t\t\t<div class=\"elementor-widget-wrap elementor-element-populated\">\n\t\t\t\t\t\t<div class=\"elementor-element elementor-element-a03d70f elementor-widget elementor-widget-text-editor\" data-id=\"a03d70f\" data-element_type=\"widget\" data-e-type=\"widget\" data-widget_type=\"text-editor.default\">\n\t\t\t\t<div class=\"elementor-widget-container\">\n\t\t\t\t\t\t\t\t\t<p>Au fil des ans, la fondation a aid\u00e9 de nombreuses associations telles que l\u2019association \u00ab\u00a0Darna\u00a0\u00bb, le r\u00e9seau \u00ab\u00a0Amit\u00a0\u00bb, le projet \u00ab\u00a0Ratsy Hasimta\u00a0\u00bb de l\u2019association Yehoraz, l\u2019association \u00ab\u00a0Nirim\u00a0\u00bb, le th\u00e9\u00e2tre proche de Niko Nitay et l\u2019\u00e9cole de photographie Moserera de J\u00e9rusalem.<\/p><p>Les outils par lesquels divers organismes renforcent les jeunes en d\u00e9tresse sont vari\u00e9s, et comprennent entre autres des activit\u00e9s maritimes, des sports extr\u00eames, des activit\u00e9s sur le terrain, des soins apport\u00e9s aux animaux, l\u2019\u00e9quitation th\u00e9rapeutique, le football, le cin\u00e9ma et la musique. La fondation Steinmetz et les organismes qu\u2019elle soutient agissent dans l\u2019objectif que par le biais de relations individuelles, une approche respectueuse et des outils de traitement et \u00e9ducatifs cr\u00e9atifs, il soit possible de se reconnecter aux adolescents par un nouveau moyen, diff\u00e9rent, et encourageant, en se r\u00e9f\u00e9rant \u00e0 une vari\u00e9t\u00e9 de domaines de la vie et de force.<\/p>\t\t\t\t\t\t\t\t<\/div>\n\t\t\t\t<\/div>\n\t\t\t\t\t<\/div>\n\t\t<\/div>\n\t\t\t\t\t<\/div>\n\t\t<\/section>\n\t\t\t\t<section class=\"elementor-section elementor-top-section elementor-element elementor-element-7edb1e2 elementor-section-boxed elementor-section-height-default elementor-section-height-default\" data-id=\"7edb1e2\" data-element_type=\"section\" data-e-type=\"section\">\n\t\t\t\t\t\t<div class=\"elementor-container elementor-column-gap-default\">\n\t\t\t\t\t<div class=\"elementor-column elementor-col-50 elementor-top-column elementor-element elementor-element-726dfb8\" data-id=\"726dfb8\" data-element_type=\"column\" data-e-type=\"column\">\n\t\t\t<div class=\"elementor-widget-wrap elementor-element-populated\">\n\t\t\t\t\t\t<div class=\"elementor-element elementor-element-3bcbc06 elementor-widget elementor-widget-heading\" data-id=\"3bcbc06\" data-element_type=\"widget\" data-e-type=\"widget\" data-widget_type=\"heading.default\">\n\t\t\t\t<div class=\"elementor-widget-container\">\n\t\t\t\t\t<h2 class=\"elementor-heading-title elementor-size-default\">Contr\u00f4le des activit\u00e9s des associations <\/h2>\t\t\t\t<\/div>\n\t\t\t\t<\/div>\n\t\t\t\t<div class=\"elementor-element elementor-element-7845de6 elementor-widget elementor-widget-text-editor\" data-id=\"7845de6\" data-element_type=\"widget\" data-e-type=\"widget\" data-widget_type=\"text-editor.default\">\n\t\t\t\t<div class=\"elementor-widget-container\">\n\t\t\t\t\t\t\t\t\t<p>Afin de s\u2019assurer que les associations exploitent au mieux le budget accord\u00e9 par la fondation, une d\u00e9finition commune des objectifs est r\u00e9alis\u00e9e au d\u00e9but du processus et un contr\u00f4le courant est tenu tout au long de l\u2019ann\u00e9e. Au d\u00e9but de l\u2019ann\u00e9e chaque association envoie \u00e0 la fondation un plan de travail d\u00e9taill\u00e9 pour l\u2019ann\u00e9e suivante, en relation avec la population vis\u00e9e, les activit\u00e9s pr\u00e9vues, en fixant des objectifs selon un budget estim\u00e9. Au cours de l\u2019ann\u00e9e, la fondation effectue un suivi des associations et de leurs activit\u00e9s, et \u00e0 la fin de l\u2019ann\u00e9e, des rapports d\u00e9taill\u00e9s sont envoy\u00e9s, r\u00e9sumant les activit\u00e9s de chaque association pour cette m\u00eame ann\u00e9e, pr\u00e9cisant le respect des objectifs fix\u00e9s en d\u00e9but d\u2019ann\u00e9e et l\u2019exploitation du budget.<\/p><p>Parmi les objectifs que les associations se fixent, l\u2019\u00e9mancipation individuelle des adolescents\u00a0; le d\u00e9veloppement des aptitudes de vie et de capacit\u00e9s pour une vie normale\u00a0; l\u2019encouragement d\u2019une discipline ind\u00e9pendante\u00a0; ne pas quitter l\u2019\u00e9cole\u00a0; terminer les \u00e9preuves du baccalaur\u00e9at\u00a0; enr\u00f4lement dans l\u2019arm\u00e9e en r\u00e9alisant un service int\u00e9ressant\u00a0; l\u2019int\u00e9gration au mieux dans le monde du travail\u00a0; l\u2019enrichissement culturel\u00a0; l\u2019encouragement de capacit\u00e9 d\u2019expression et la cr\u00e9ativit\u00e9\u00a0; et le don \u00e0 la communaut\u00e9.<\/p>\t\t\t\t\t\t\t\t<\/div>\n\t\t\t\t<\/div>\n\t\t\t\t\t<\/div>\n\t\t<\/div>\n\t\t\t\t<div class=\"elementor-column elementor-col-50 elementor-top-column elementor-element elementor-element-a07053c\" data-id=\"a07053c\" data-element_type=\"column\" data-e-type=\"column\">\n\t\t\t<div class=\"elementor-widget-wrap elementor-element-populated\">\n\t\t\t\t\t\t<div class=\"elementor-element elementor-element-535ea31 elementor-widget elementor-widget-image\" data-id=\"535ea31\" data-element_type=\"widget\" data-e-type=\"widget\" data-widget_type=\"image.default\">\n\t\t\t\t<div class=\"elementor-widget-container\">\n\t\t\t\t\t\t\t\t\t\t\t\t\t\t\t<img decoding=\"async\" width=\"800\" height=\"549\" src=\"https:\/\/www.steinmetz-foundation.co.il\/wp-content\/uploads\/Scan_20160914-8.png\" class=\"attachment-large size-large wp-image-1001\" alt=\"\" srcset=\"https:\/\/www.steinmetz-foundation.co.il\/wp-content\/uploads\/Scan_20160914-8.png 1000w, https:\/\/www.steinmetz-foundation.co.il\/wp-content\/uploads\/Scan_20160914-8-300x206.png 300w, https:\/\/www.steinmetz-foundation.co.il\/wp-content\/uploads\/Scan_20160914-8-768x527.png 768w\" sizes=\"(max-width: 800px) 100vw, 800px\" \/>\t\t\t\t\t\t\t\t\t\t\t\t\t\t\t<\/div>\n\t\t\t\t<\/div>\n\t\t\t\t\t<\/div>\n\t\t<\/div>\n\t\t\t\t\t<\/div>\n\t\t<\/section>\n\t\t\t\t<section class=\"elementor-section elementor-top-section elementor-element elementor-element-0728c1e elementor-section-boxed elementor-section-height-default elementor-section-height-default\" data-id=\"0728c1e\" data-element_type=\"section\" data-e-type=\"section\">\n\t\t\t\t\t\t<div class=\"elementor-container elementor-column-gap-default\">\n\t\t\t\t\t<div class=\"elementor-column elementor-col-50 elementor-top-column elementor-element elementor-element-379fd46\" data-id=\"379fd46\" data-element_type=\"column\" data-e-type=\"column\">\n\t\t\t<div class=\"elementor-widget-wrap elementor-element-populated\">\n\t\t\t\t\t\t<div class=\"elementor-element elementor-element-548c56c elementor-widget elementor-widget-image\" data-id=\"548c56c\" data-element_type=\"widget\" data-e-type=\"widget\" data-widget_type=\"image.default\">\n\t\t\t\t<div class=\"elementor-widget-container\">\n\t\t\t\t\t\t\t\t\t\t\t\t\t\t\t<img loading=\"lazy\" decoding=\"async\" width=\"800\" height=\"600\" src=\"https:\/\/www.steinmetz-foundation.co.il\/wp-content\/uploads\/\u05d8\u05e7\u05e1-\u05d0\u05d9\u05de\u05d5\u05e5-\u05d2\u05d3\u05d5\u05d3-\u05e6\u05d1\u05e8-\u05e2\u05d9-\u05e7\u05e8\u05df-\u05d0\u05e0\u05d9\u05d0\u05e1-\u05d5\u05d1\u05e0\u05d9-\u05e9\u05e0\u05d9\u05de\u05e5-003-1024x768.jpg\" class=\"attachment-large size-large wp-image-887\" alt=\"\" srcset=\"https:\/\/www.steinmetz-foundation.co.il\/wp-content\/uploads\/\u05d8\u05e7\u05e1-\u05d0\u05d9\u05de\u05d5\u05e5-\u05d2\u05d3\u05d5\u05d3-\u05e6\u05d1\u05e8-\u05e2\u05d9-\u05e7\u05e8\u05df-\u05d0\u05e0\u05d9\u05d0\u05e1-\u05d5\u05d1\u05e0\u05d9-\u05e9\u05e0\u05d9\u05de\u05e5-003.jpg 1024w, https:\/\/www.steinmetz-foundation.co.il\/wp-content\/uploads\/\u05d8\u05e7\u05e1-\u05d0\u05d9\u05de\u05d5\u05e5-\u05d2\u05d3\u05d5\u05d3-\u05e6\u05d1\u05e8-\u05e2\u05d9-\u05e7\u05e8\u05df-\u05d0\u05e0\u05d9\u05d0\u05e1-\u05d5\u05d1\u05e0\u05d9-\u05e9\u05e0\u05d9\u05de\u05e5-003-300x225.jpg 300w, https:\/\/www.steinmetz-foundation.co.il\/wp-content\/uploads\/\u05d8\u05e7\u05e1-\u05d0\u05d9\u05de\u05d5\u05e5-\u05d2\u05d3\u05d5\u05d3-\u05e6\u05d1\u05e8-\u05e2\u05d9-\u05e7\u05e8\u05df-\u05d0\u05e0\u05d9\u05d0\u05e1-\u05d5\u05d1\u05e0\u05d9-\u05e9\u05e0\u05d9\u05de\u05e5-003-768x576.jpg 768w\" sizes=\"(max-width: 800px) 100vw, 800px\" \/>\t\t\t\t\t\t\t\t\t\t\t\t\t\t\t<\/div>\n\t\t\t\t<\/div>\n\t\t\t\t\t<\/div>\n\t\t<\/div>\n\t\t\t\t<div class=\"elementor-column elementor-col-50 elementor-top-column elementor-element elementor-element-e7f6430\" data-id=\"e7f6430\" data-element_type=\"column\" data-e-type=\"column\">\n\t\t\t<div class=\"elementor-widget-wrap elementor-element-populated\">\n\t\t\t\t\t\t<div class=\"elementor-element elementor-element-9fa13e5 elementor-widget elementor-widget-heading\" data-id=\"9fa13e5\" data-element_type=\"widget\" data-e-type=\"widget\" data-widget_type=\"heading.default\">\n\t\t\t\t<div class=\"elementor-widget-container\">\n\t\t\t\t\t<h2 class=\"elementor-heading-title elementor-size-default\">Le forum des associations pour les jeunes en d\u00e9tresse<\/h2>\t\t\t\t<\/div>\n\t\t\t\t<\/div>\n\t\t\t\t<div class=\"elementor-element elementor-element-a01273b elementor-widget elementor-widget-text-editor\" data-id=\"a01273b\" data-element_type=\"widget\" data-e-type=\"widget\" data-widget_type=\"text-editor.default\">\n\t\t\t\t<div class=\"elementor-widget-container\">\n\t\t\t\t\t\t\t\t\t<p>La fondation Agn\u00e8s et Beny Steinmetz ne se contente pas de soutenir financi\u00e8rement les activit\u00e9s des associations qu\u2019elle soutient, elle prend l\u2019initiative de la mise en place d\u2019un forum auquel des repr\u00e9sentants des associations soutenus participent. Ce forum, appel\u00e9 le forum des associations pour les jeunes en d\u00e9tresse, a \u00e9t\u00e9 tout d\u2019abord cr\u00e9\u00e9 pour permettre un apprentissage mutuel des coll\u00e8gues et la cr\u00e9ation de collaboration entre les diverses associations.<\/p><p>Les objectifs du forum des associations pour les jeunes en d\u00e9tresse sont les suivants\u00a0:<\/p><ul><li>Aider les associations \u00e0 agir pour les adolescents et adolescentes en d\u00e9tresse, en am\u00e9liorant continuellement leurs capacit\u00e9s organisationnelles, professionnelles et de traitement.<\/li><li>Permettre aux associations de conna\u00eetre d\u2019autres associations dans des domaines similaires, ou compl\u00e9mentaires, collaborer et apprendre ensemble.<\/li><li>Aider les associations \u00e0 promouvoir l\u2019utilisation d\u2019outils d\u00e9velopp\u00e9 et \u00e9tendre leur cercle d\u2019influence.<\/li><li>Faire prendre conscience aux organismes de bien-\u00eatre et d\u2019\u00e9ducation de l\u2019existence d\u2019outils de traitement nombreux et vari\u00e9s sur le terrain.<\/li><\/ul><p>Les membres du forum se r\u00e9unissent une fois par an chaque fois dans une association diff\u00e9rente parmi les associations du forum. Au cours des rencontres annuelles, l\u2019association accueillant les autres pr\u00e9sente ses activit\u00e9s et un d\u00e9bat fructueux sur les d\u00e9fis communs est tenu, d\u00e9fis rencontr\u00e9s par toute personne ou organisme travaillant pour et avec les jeunes en d\u00e9tresse<\/p>\t\t\t\t\t\t\t\t<\/div>\n\t\t\t\t<\/div>\n\t\t\t\t\t<\/div>\n\t\t<\/div>\n\t\t\t\t\t<\/div>\n\t\t<\/section>\n\t\t\t\t<\/div>\n\t\t","protected":false},"excerpt":{"rendered":"<p>Les jeunes en d\u00e9tresse Les activit\u00e9s pour les jeunes en d\u00e9tresse La fondation Agn\u00e8s et Beny Steinmetz porte une grande importance dans la promotion des adolescents et adolescentes en d\u00e9tresse afin de leur permettre de cr\u00e9er un mode de vie normatif, ordinaire et s\u00fbr, bas\u00e9 sur une exp\u00e9rience d\u2019appartenance sociale et de succ\u00e8s. C\u2019est pourquoi [&hellip;]<\/p>\n","protected":false},"author":1,"featured_media":0,"parent":0,"menu_order":0,"comment_status":"closed","ping_status":"closed","template":"","meta":{"footnotes":""},"class_list":["post-1815","page","type-page","status-publish","hentry"],"yoast_head":"<!-- This site is optimized with the Yoast SEO plugin v27.4 - https:\/\/yoast.com\/product\/yoast-seo-wordpress\/ -->\n<title>Les jeunes en d\u00e9tresse - The Agnes &amp; Beny Steinmetz Foundation<\/title>\n<meta name=\"robots\" content=\"index, follow, max-snippet:-1, max-image-preview:large, max-video-preview:-1\" \/>\n<link rel=\"canonical\" href=\"https:\/\/www.steinmetz-foundation.co.il\/fr\/les-jeunes-en-detresse\/\" \/>\n<meta property=\"og:locale\" content=\"fr_FR\" \/>\n<meta property=\"og:type\" content=\"article\" \/>\n<meta property=\"og:title\" content=\"Les jeunes en d\u00e9tresse - The Agnes &amp; Beny Steinmetz Foundation\" \/>\n<meta property=\"og:description\" content=\"Les jeunes en d\u00e9tresse Les activit\u00e9s pour les jeunes en d\u00e9tresse La fondation Agn\u00e8s et Beny Steinmetz porte une grande importance dans la promotion des adolescents et adolescentes en d\u00e9tresse afin de leur permettre de cr\u00e9er un mode de vie normatif, ordinaire et s\u00fbr, bas\u00e9 sur une exp\u00e9rience d\u2019appartenance sociale et de succ\u00e8s. C\u2019est pourquoi [&hellip;]\" \/>\n<meta property=\"og:url\" content=\"https:\/\/www.steinmetz-foundation.co.il\/fr\/les-jeunes-en-detresse\/\" \/>\n<meta property=\"og:site_name\" content=\"The Agnes &amp; Beny Steinmetz Foundation\" \/>\n<meta property=\"article:modified_time\" content=\"2020-06-16T11:49:52+00:00\" \/>\n<meta property=\"og:image\" content=\"https:\/\/www.steinmetz-foundation.co.il\/wp-content\/uploads\/youthatrisk1.png\" \/>\n<meta name=\"twitter:card\" content=\"summary_large_image\" \/>\n<meta name=\"twitter:label1\" content=\"Dur\u00e9e de lecture estim\u00e9e\" \/>\n\t<meta name=\"twitter:data1\" content=\"5 minutes\" \/>\n<script type=\"application\/ld+json\" class=\"yoast-schema-graph\">{\"@context\":\"https:\\\/\\\/schema.org\",\"@graph\":[{\"@type\":\"WebPage\",\"@id\":\"https:\\\/\\\/www.steinmetz-foundation.co.il\\\/fr\\\/les-jeunes-en-detresse\\\/\",\"url\":\"https:\\\/\\\/www.steinmetz-foundation.co.il\\\/fr\\\/les-jeunes-en-detresse\\\/\",\"name\":\"Les jeunes en d\u00e9tresse - The Agnes &amp; Beny Steinmetz Foundation\",\"isPartOf\":{\"@id\":\"https:\\\/\\\/www.steinmetz-foundation.co.il\\\/#website\"},\"primaryImageOfPage\":{\"@id\":\"https:\\\/\\\/www.steinmetz-foundation.co.il\\\/fr\\\/les-jeunes-en-detresse\\\/#primaryimage\"},\"image\":{\"@id\":\"https:\\\/\\\/www.steinmetz-foundation.co.il\\\/fr\\\/les-jeunes-en-detresse\\\/#primaryimage\"},\"thumbnailUrl\":\"https:\\\/\\\/www.steinmetz-foundation.co.il\\\/wp-content\\\/uploads\\\/youthatrisk1.png\",\"datePublished\":\"2020-06-16T09:29:36+00:00\",\"dateModified\":\"2020-06-16T11:49:52+00:00\",\"breadcrumb\":{\"@id\":\"https:\\\/\\\/www.steinmetz-foundation.co.il\\\/fr\\\/les-jeunes-en-detresse\\\/#breadcrumb\"},\"inLanguage\":\"fr-FR\",\"potentialAction\":[{\"@type\":\"ReadAction\",\"target\":[\"https:\\\/\\\/www.steinmetz-foundation.co.il\\\/fr\\\/les-jeunes-en-detresse\\\/\"]}]},{\"@type\":\"ImageObject\",\"inLanguage\":\"fr-FR\",\"@id\":\"https:\\\/\\\/www.steinmetz-foundation.co.il\\\/fr\\\/les-jeunes-en-detresse\\\/#primaryimage\",\"url\":\"https:\\\/\\\/www.steinmetz-foundation.co.il\\\/wp-content\\\/uploads\\\/youthatrisk1.png\",\"contentUrl\":\"https:\\\/\\\/www.steinmetz-foundation.co.il\\\/wp-content\\\/uploads\\\/youthatrisk1.png\"},{\"@type\":\"BreadcrumbList\",\"@id\":\"https:\\\/\\\/www.steinmetz-foundation.co.il\\\/fr\\\/les-jeunes-en-detresse\\\/#breadcrumb\",\"itemListElement\":[{\"@type\":\"ListItem\",\"position\":1,\"name\":\"Home\",\"item\":\"https:\\\/\\\/www.steinmetz-foundation.co.il\\\/fr\\\/\"},{\"@type\":\"ListItem\",\"position\":2,\"name\":\"Les jeunes en d\u00e9tresse\"}]},{\"@type\":\"WebSite\",\"@id\":\"https:\\\/\\\/www.steinmetz-foundation.co.il\\\/#website\",\"url\":\"https:\\\/\\\/www.steinmetz-foundation.co.il\\\/\",\"name\":\"The Agnes &amp; Beny Steinmetz Foundation\",\"description\":\"\",\"publisher\":{\"@id\":\"https:\\\/\\\/www.steinmetz-foundation.co.il\\\/#organization\"},\"potentialAction\":[{\"@type\":\"SearchAction\",\"target\":{\"@type\":\"EntryPoint\",\"urlTemplate\":\"https:\\\/\\\/www.steinmetz-foundation.co.il\\\/?s={search_term_string}\"},\"query-input\":{\"@type\":\"PropertyValueSpecification\",\"valueRequired\":true,\"valueName\":\"search_term_string\"}}],\"inLanguage\":\"fr-FR\"},{\"@type\":\"Organization\",\"@id\":\"https:\\\/\\\/www.steinmetz-foundation.co.il\\\/#organization\",\"name\":\"The Agnes &amp; Beny Steinmetz Foundation\",\"url\":\"https:\\\/\\\/www.steinmetz-foundation.co.il\\\/\",\"logo\":{\"@type\":\"ImageObject\",\"inLanguage\":\"fr-FR\",\"@id\":\"https:\\\/\\\/www.steinmetz-foundation.co.il\\\/#\\\/schema\\\/logo\\\/image\\\/\",\"url\":\"https:\\\/\\\/www.steinmetz-foundation.co.il\\\/wp-content\\\/uploads\\\/foundation-logo.jpg\",\"contentUrl\":\"https:\\\/\\\/www.steinmetz-foundation.co.il\\\/wp-content\\\/uploads\\\/foundation-logo.jpg\",\"width\":120,\"height\":120,\"caption\":\"The Agnes &amp; Beny Steinmetz Foundation\"},\"image\":{\"@id\":\"https:\\\/\\\/www.steinmetz-foundation.co.il\\\/#\\\/schema\\\/logo\\\/image\\\/\"}}]}<\/script>\n<!-- \/ Yoast SEO plugin. -->","yoast_head_json":{"title":"Les jeunes en d\u00e9tresse - The Agnes &amp; Beny Steinmetz Foundation","robots":{"index":"index","follow":"follow","max-snippet":"max-snippet:-1","max-image-preview":"max-image-preview:large","max-video-preview":"max-video-preview:-1"},"canonical":"https:\/\/www.steinmetz-foundation.co.il\/fr\/les-jeunes-en-detresse\/","og_locale":"fr_FR","og_type":"article","og_title":"Les jeunes en d\u00e9tresse - The Agnes &amp; Beny Steinmetz Foundation","og_description":"Les jeunes en d\u00e9tresse Les activit\u00e9s pour les jeunes en d\u00e9tresse La fondation Agn\u00e8s et Beny Steinmetz porte une grande importance dans la promotion des adolescents et adolescentes en d\u00e9tresse afin de leur permettre de cr\u00e9er un mode de vie normatif, ordinaire et s\u00fbr, bas\u00e9 sur une exp\u00e9rience d\u2019appartenance sociale et de succ\u00e8s. C\u2019est pourquoi [&hellip;]","og_url":"https:\/\/www.steinmetz-foundation.co.il\/fr\/les-jeunes-en-detresse\/","og_site_name":"The Agnes &amp; Beny Steinmetz Foundation","article_modified_time":"2020-06-16T11:49:52+00:00","og_image":[{"url":"https:\/\/www.steinmetz-foundation.co.il\/wp-content\/uploads\/youthatrisk1.png","type":"","width":"","height":""}],"twitter_card":"summary_large_image","twitter_misc":{"Dur\u00e9e de lecture estim\u00e9e":"5 minutes"},"schema":{"@context":"https:\/\/schema.org","@graph":[{"@type":"WebPage","@id":"https:\/\/www.steinmetz-foundation.co.il\/fr\/les-jeunes-en-detresse\/","url":"https:\/\/www.steinmetz-foundation.co.il\/fr\/les-jeunes-en-detresse\/","name":"Les jeunes en d\u00e9tresse - The Agnes &amp; Beny Steinmetz Foundation","isPartOf":{"@id":"https:\/\/www.steinmetz-foundation.co.il\/#website"},"primaryImageOfPage":{"@id":"https:\/\/www.steinmetz-foundation.co.il\/fr\/les-jeunes-en-detresse\/#primaryimage"},"image":{"@id":"https:\/\/www.steinmetz-foundation.co.il\/fr\/les-jeunes-en-detresse\/#primaryimage"},"thumbnailUrl":"https:\/\/www.steinmetz-foundation.co.il\/wp-content\/uploads\/youthatrisk1.png","datePublished":"2020-06-16T09:29:36+00:00","dateModified":"2020-06-16T11:49:52+00:00","breadcrumb":{"@id":"https:\/\/www.steinmetz-foundation.co.il\/fr\/les-jeunes-en-detresse\/#breadcrumb"},"inLanguage":"fr-FR","potentialAction":[{"@type":"ReadAction","target":["https:\/\/www.steinmetz-foundation.co.il\/fr\/les-jeunes-en-detresse\/"]}]},{"@type":"ImageObject","inLanguage":"fr-FR","@id":"https:\/\/www.steinmetz-foundation.co.il\/fr\/les-jeunes-en-detresse\/#primaryimage","url":"https:\/\/www.steinmetz-foundation.co.il\/wp-content\/uploads\/youthatrisk1.png","contentUrl":"https:\/\/www.steinmetz-foundation.co.il\/wp-content\/uploads\/youthatrisk1.png"},{"@type":"BreadcrumbList","@id":"https:\/\/www.steinmetz-foundation.co.il\/fr\/les-jeunes-en-detresse\/#breadcrumb","itemListElement":[{"@type":"ListItem","position":1,"name":"Home","item":"https:\/\/www.steinmetz-foundation.co.il\/fr\/"},{"@type":"ListItem","position":2,"name":"Les jeunes en d\u00e9tresse"}]},{"@type":"WebSite","@id":"https:\/\/www.steinmetz-foundation.co.il\/#website","url":"https:\/\/www.steinmetz-foundation.co.il\/","name":"The Agnes &amp; Beny Steinmetz Foundation","description":"","publisher":{"@id":"https:\/\/www.steinmetz-foundation.co.il\/#organization"},"potentialAction":[{"@type":"SearchAction","target":{"@type":"EntryPoint","urlTemplate":"https:\/\/www.steinmetz-foundation.co.il\/?s={search_term_string}"},"query-input":{"@type":"PropertyValueSpecification","valueRequired":true,"valueName":"search_term_string"}}],"inLanguage":"fr-FR"},{"@type":"Organization","@id":"https:\/\/www.steinmetz-foundation.co.il\/#organization","name":"The Agnes &amp; Beny Steinmetz Foundation","url":"https:\/\/www.steinmetz-foundation.co.il\/","logo":{"@type":"ImageObject","inLanguage":"fr-FR","@id":"https:\/\/www.steinmetz-foundation.co.il\/#\/schema\/logo\/image\/","url":"https:\/\/www.steinmetz-foundation.co.il\/wp-content\/uploads\/foundation-logo.jpg","contentUrl":"https:\/\/www.steinmetz-foundation.co.il\/wp-content\/uploads\/foundation-logo.jpg","width":120,"height":120,"caption":"The Agnes &amp; Beny Steinmetz Foundation"},"image":{"@id":"https:\/\/www.steinmetz-foundation.co.il\/#\/schema\/logo\/image\/"}}]}},"_links":{"self":[{"href":"https:\/\/www.steinmetz-foundation.co.il\/fr\/wp-json\/wp\/v2\/pages\/1815","targetHints":{"allow":["GET"]}}],"collection":[{"href":"https:\/\/www.steinmetz-foundation.co.il\/fr\/wp-json\/wp\/v2\/pages"}],"about":[{"href":"https:\/\/www.steinmetz-foundation.co.il\/fr\/wp-json\/wp\/v2\/types\/page"}],"author":[{"embeddable":true,"href":"https:\/\/www.steinmetz-foundation.co.il\/fr\/wp-json\/wp\/v2\/users\/1"}],"replies":[{"embeddable":true,"href":"https:\/\/www.steinmetz-foundation.co.il\/fr\/wp-json\/wp\/v2\/comments?post=1815"}],"version-history":[{"count":3,"href":"https:\/\/www.steinmetz-foundation.co.il\/fr\/wp-json\/wp\/v2\/pages\/1815\/revisions"}],"predecessor-version":[{"id":1966,"href":"https:\/\/www.steinmetz-foundation.co.il\/fr\/wp-json\/wp\/v2\/pages\/1815\/revisions\/1966"}],"wp:attachment":[{"href":"https:\/\/www.steinmetz-foundation.co.il\/fr\/wp-json\/wp\/v2\/media?parent=1815"}],"curies":[{"name":"wp","href":"https:\/\/api.w.org\/{rel}","templated":true}]}}