{"id":1825,"date":"2020-06-16T09:45:05","date_gmt":"2020-06-16T09:45:05","guid":{"rendered":"https:\/\/www.steinmetz-foundation.co.il\/?page_id=1825"},"modified":"2020-06-16T19:49:52","modified_gmt":"2020-06-16T19:49:52","slug":"centre-dinformations","status":"publish","type":"page","link":"https:\/\/www.steinmetz-foundation.co.il\/fr\/centre-dinformations\/","title":{"rendered":"Centre d\u2019informations"},"content":{"rendered":"\t\t<div data-elementor-type=\"wp-page\" data-elementor-id=\"1825\" class=\"elementor elementor-1825\" data-elementor-post-type=\"page\">\n\t\t\t\t\t\t<section class=\"elementor-section elementor-top-section elementor-element elementor-element-bba2a1e elementor-section-boxed elementor-section-height-default elementor-section-height-default\" data-id=\"bba2a1e\" data-element_type=\"section\" data-e-type=\"section\">\n\t\t\t\t\t\t<div class=\"elementor-container elementor-column-gap-default\">\n\t\t\t\t\t<div class=\"elementor-column elementor-col-100 elementor-top-column elementor-element elementor-element-cd6e047\" data-id=\"cd6e047\" data-element_type=\"column\" data-e-type=\"column\">\n\t\t\t<div class=\"elementor-widget-wrap elementor-element-populated\">\n\t\t\t\t\t\t<div class=\"elementor-element elementor-element-50e6e24 elementor-widget elementor-widget-heading\" data-id=\"50e6e24\" data-element_type=\"widget\" data-e-type=\"widget\" data-widget_type=\"heading.default\">\n\t\t\t\t<div class=\"elementor-widget-container\">\n\t\t\t\t\t<h1 class=\"elementor-heading-title elementor-size-default\">Centre d\u2019informations <\/h1>\t\t\t\t<\/div>\n\t\t\t\t<\/div>\n\t\t\t\t<div class=\"elementor-element elementor-element-c92600a elementor-widget-divider--view-line elementor-widget elementor-widget-divider\" data-id=\"c92600a\" data-element_type=\"widget\" data-e-type=\"widget\" data-widget_type=\"divider.default\">\n\t\t\t\t<div class=\"elementor-widget-container\">\n\t\t\t\t\t\t\t<div class=\"elementor-divider\">\n\t\t\t<span class=\"elementor-divider-separator\">\n\t\t\t\t\t\t<\/span>\n\t\t<\/div>\n\t\t\t\t\t\t<\/div>\n\t\t\t\t<\/div>\n\t\t\t\t<div class=\"elementor-element elementor-element-d214842 elementor-widget elementor-widget-heading\" data-id=\"d214842\" data-element_type=\"widget\" data-e-type=\"widget\" data-widget_type=\"heading.default\">\n\t\t\t\t<div class=\"elementor-widget-container\">\n\t\t\t\t\t<h3 class=\"elementor-heading-title elementor-size-default\">programmes radio<\/h3>\t\t\t\t<\/div>\n\t\t\t\t<\/div>\n\t\t\t\t<div class=\"elementor-element elementor-element-a924d95 uael-video-gallery__column-3 uael-video-gallery-tablet__column-2 uael-video-gallery-mobile__column-1 uael-vgallery-filter-align-center uael-video-gallery-title-hover elementor-widget elementor-widget-uael-video-gallery\" data-id=\"a924d95\" data-element_type=\"widget\" data-e-type=\"widget\" data-settings=\"{&quot;column_gap&quot;:{&quot;unit&quot;:&quot;px&quot;,&quot;size&quot;:50,&quot;sizes&quot;:[]},&quot;cat_filter_padding_mobile&quot;:{&quot;unit&quot;:&quot;px&quot;,&quot;top&quot;:&quot;10&quot;,&quot;right&quot;:&quot;10&quot;,&quot;bottom&quot;:&quot;10&quot;,&quot;left&quot;:&quot;10&quot;,&quot;isLinked&quot;:true},&quot;cat_filter_bet_spacing_mobile&quot;:{&quot;unit&quot;:&quot;px&quot;,&quot;size&quot;:0,&quot;sizes&quot;:[]},&quot;cat_filter_spacing_mobile&quot;:{&quot;unit&quot;:&quot;px&quot;,&quot;size&quot;:4,&quot;sizes&quot;:[]},&quot;play_icon_size&quot;:{&quot;unit&quot;:&quot;px&quot;,&quot;size&quot;:35,&quot;sizes&quot;:[]},&quot;row_gap&quot;:{&quot;unit&quot;:&quot;px&quot;,&quot;size&quot;:400,&quot;sizes&quot;:[]},&quot;gallery_columns&quot;:&quot;3&quot;,&quot;gallery_columns_tablet&quot;:&quot;2&quot;,&quot;gallery_columns_mobile&quot;:&quot;1&quot;,&quot;column_gap_tablet&quot;:{&quot;unit&quot;:&quot;px&quot;,&quot;size&quot;:&quot;&quot;,&quot;sizes&quot;:[]},&quot;column_gap_mobile&quot;:{&quot;unit&quot;:&quot;px&quot;,&quot;size&quot;:&quot;&quot;,&quot;sizes&quot;:[]},&quot;row_gap_tablet&quot;:{&quot;unit&quot;:&quot;px&quot;,&quot;size&quot;:&quot;&quot;,&quot;sizes&quot;:[]},&quot;row_gap_mobile&quot;:{&quot;unit&quot;:&quot;px&quot;,&quot;size&quot;:&quot;&quot;,&quot;sizes&quot;:[]},&quot;cat_filter_align&quot;:&quot;center&quot;,&quot;cat_filter_padding&quot;:{&quot;unit&quot;:&quot;px&quot;,&quot;top&quot;:&quot;&quot;,&quot;right&quot;:&quot;&quot;,&quot;bottom&quot;:&quot;&quot;,&quot;left&quot;:&quot;&quot;,&quot;isLinked&quot;:true},&quot;cat_filter_padding_tablet&quot;:{&quot;unit&quot;:&quot;px&quot;,&quot;top&quot;:&quot;&quot;,&quot;right&quot;:&quot;&quot;,&quot;bottom&quot;:&quot;&quot;,&quot;left&quot;:&quot;&quot;,&quot;isLinked&quot;:true},&quot;cat_filter_bet_spacing&quot;:{&quot;unit&quot;:&quot;px&quot;,&quot;size&quot;:&quot;&quot;,&quot;sizes&quot;:[]},&quot;cat_filter_bet_spacing_tablet&quot;:{&quot;unit&quot;:&quot;px&quot;,&quot;size&quot;:&quot;&quot;,&quot;sizes&quot;:[]},&quot;cat_filter_spacing&quot;:{&quot;unit&quot;:&quot;px&quot;,&quot;size&quot;:&quot;&quot;,&quot;sizes&quot;:[]},&quot;cat_filter_spacing_tablet&quot;:{&quot;unit&quot;:&quot;px&quot;,&quot;size&quot;:&quot;&quot;,&quot;sizes&quot;:[]},&quot;play_icon_size_tablet&quot;:{&quot;unit&quot;:&quot;px&quot;,&quot;size&quot;:45,&quot;sizes&quot;:[]},&quot;play_icon_size_mobile&quot;:{&quot;unit&quot;:&quot;px&quot;,&quot;size&quot;:35,&quot;sizes&quot;:[]}}\" data-widget_type=\"uael-video-gallery.default\">\n\t\t\t\t<div class=\"elementor-widget-container\">\n\t\t\t\t\t\t\t<div class=\"uael-video-gallery-filters-wrap uael-vgallery-tabs-dropdown\">\n\t\t\t\t\t\t\t\t<ul class=\"uael-video__gallery-filters\" data-default=\".filter-la-petite-enfance\">\n\t\t\t\t\t\t<li class=\"uael-video__gallery-filter uael-filter__current\" data-filter=\"*\"><\/li>\n\t\t\t\t\t\t\t\t\t\t\t\t\t<li class=\"uael-video__gallery-filter\" data-filter=\".filter-la-petite-enfance\">La petite enfance<\/li>\n\t\t\t\t\t\t\t\t\t\t\t\t\t<li class=\"uael-video__gallery-filter\" data-filter=\".filter-les-jeunes-en-d--tresse\">Les jeunes en d\u00e9tresse<\/li>\n\t\t\t\t\t\t\t\t\t\t\t\t\t<li class=\"uael-video__gallery-filter\" data-filter=\".filter-changement-de-politique\">Changement de Politique<\/li>\n\t\t\t\t\t\t\t\t\t\t\t<\/ul>\n\n\t\t\t\t\t\t\t\t\t\t\t<div class=\"uael-filters-dropdown\">\n\t\t\t\t\t\t\t<div class=\"uael-filters-dropdown-button\"><\/div>\n\n\t\t\t\t\t\t\t<ul class=\"uael-filters-dropdown-list uael-video__gallery-filters\" data-default=\".filter-la-petite-enfance\">\n\t\t\t\t\t\t\t\t<li class=\"uael-filters-dropdown-item uael-video__gallery-filter uael-filter__current\" data-filter=\"*\"><\/li>\n\t\t\t\t\t\t\t\t\t\t\t\t\t\t\t\t\t<li class=\"uael-filters-dropdown-item uael-video__gallery-filter \" data-filter=\".filter-la-petite-enfance\">La petite enfance<\/li>\n\t\t\t\t\t\t\t\t\t\t\t\t\t\t\t\t\t<li class=\"uael-filters-dropdown-item uael-video__gallery-filter \" data-filter=\".filter-les-jeunes-en-d--tresse\">Les jeunes en d\u00e9tresse<\/li>\n\t\t\t\t\t\t\t\t\t\t\t\t\t\t\t\t\t<li class=\"uael-filters-dropdown-item uael-video__gallery-filter \" data-filter=\".filter-changement-de-politique\">Changement de Politique<\/li>\n\t\t\t\t\t\t\t\t\t\t\t\t\t\t\t<\/ul>\n\t\t\t\t\t\t<\/div>\n\t\t\t\t\t\t\t\t\t\t<\/div>\n\t\t<div class=\"uael-video-gallery-wrap uael-vg__layout-grid uael-vg__action-lightbox uael-aspect-ratio-16_9 uael-video-gallery-filter\" data-action=\"lightbox\" data-layout=\"grid\" data-all-filters=\"filter-la-petite-enfance filter-les-jeunes-en-d--tresse filter-changement-de-politique\" data-filter-default=\"\" >\t\t\t\t<div class=\"uael-video__gallery-item filter-la-petite-enfance\" id=\"uael-video__gallery-item1\">\n\n\t\t\t\t\t\t\t\t\t\t<div class=\"uael-video__gallery-iframe\" style=\"background-image:url('https:\/\/i.ytimg.com\/vi\/Gnea6etGqNs\/hqdefault.jpg');\">\n\t\t\t\t\t\t<a class=\"elementor-clickable uael-vg__play_full\" href=\"https:\/\/www.youtube.com\/embed\/Gnea6etGqNs?autoplay=1&amp;version=3&amp;enablejsapi=1\" data-fancybox=\"uael-video-gallery-a924d95\">\n\t\t\t\t\t\t\t<div class=\"uael-video__content-wrap\">\n\t\t\t\t\t\t\t\t<div class=\"uael-video__content\">\n\t\t\t\t\t\t\t\t\t\n\t\t<h4 class=\"uael-video__caption\"><strong>Ceux que nous avons attendus \u2013 Anat Bar<\/strong><br> Iris London Zolty accueille madame Anat Bar, directrice du d\u00e9partement de la petite enfance, et du centre Paot \u00e0 Tirat HaCarmel. Elle est issue du domaine de la petite enfance, avec une vaste exp\u00e9rience dans le traitement des familles par l'art, \u00e0 Tirat HaCarmel depuis plus de trente ans. Elle s'est tout d'abord occup\u00e9 de la formation parentale, cependant, au fil des ans, elle a identifi\u00e9 d'autres \u00e9carts entre les \u00e9tudes et la pratique sur le terrain, decidant donc de d\u00e9terminer l'objectif d'inculquer le vaste savoir construit et cumul\u00e9 dans la r\u00e9alit\u00e9 de la ville par la mise en place de programmes, la cr\u00e9ation de collaborations entre organismes. En coop\u00e9ration avec des professionnels et de nombreuses personnes influentes de la ville, elle a entrepris la mise en place d'un centre compos\u00e9 de d\u00e9partements travaillant ensemble pour les enfants et les jeunes enfants, leur apportant des activit\u00e9s, des enrichissements et des traitements de tout type. <br> Lors de l'interview, elle parle du centre Paot, de la vision int\u00e9ressante de la relation importante entre les parents et leurs jeunes enfants, ainsi que la petite enfance de fa\u00e7on g\u00e9n\u00e9rale, selon son point de vue.<\/h4>\n\n\t\t\t\t\t\t\t\t\t\t\t<div class=\"uael-vg__play\">\n\t\t\t\t\t\t\t\t\t\t\t\t\t\t\t\t\t\t<span class=\"elementor-animation- uael-vg__play-icon\">\n\t\t\t\t\t\t\t\t\t\t\t<\/span>\n\t\t\t\t\t\t\t\t\t\t\t\t\t\t\t\t\t\t<\/div>\n\n\t\t\t\t\t\t\t\t\t\n\t\t\t\t\t\t\t\t<\/div>\n\t\t\t\t\t\t\t<\/div>\n\t\t\t\t\t\t<\/a>\n\t\t\t\t\t<\/div>\n\t\t\t\t\t\t\t\t\t\t<div class=\"uael-vg__overlay\"><\/div>\n\t\t\t\t\t\t\t\t\t<\/div>\n\t\t\t\t\t\t\t\t<div class=\"uael-video__gallery-item filter-la-petite-enfance\" id=\"uael-video__gallery-item2\">\n\n\t\t\t\t\t\t\t\t\t\t<div class=\"uael-video__gallery-iframe\" style=\"background-image:url('https:\/\/i.ytimg.com\/vi\/cpZTAEYAAnI\/hqdefault.jpg');\">\n\t\t\t\t\t\t<a class=\"elementor-clickable uael-vg__play_full\" href=\"https:\/\/www.youtube.com\/embed\/cpZTAEYAAnI?autoplay=1&amp;version=3&amp;enablejsapi=1\" data-fancybox=\"uael-video-gallery-a924d95\">\n\t\t\t\t\t\t\t<div class=\"uael-video__content-wrap\">\n\t\t\t\t\t\t\t\t<div class=\"uael-video__content\">\n\t\t\t\t\t\t\t\t\t\n\t\t<h4 class=\"uael-video__caption\"><strong>Ceux que nous avons attendus \u2013 Anat Daygi<\/strong><br> Dans ce chapitre, nous accueillons Anat Daygi, la m\u00e8re du d\u00e9funt David, d\u00e9c\u00e9d\u00e9 alors qu\u2019il n\u2019avait que neuf mois. C\u2019est arriv\u00e9 \u00e0 la cr\u00e8che et l\u2019enqu\u00eate du cas d\u00e9montre que la pu\u00e9ricultrice \u00e9tait seule pour s\u2019occuper de huit enfants, qu\u2019elle n\u2019avait pas suivi de cours de premiers soins, bien qu\u2019elle e\u00fbt d\u00e9clar\u00e9 le contraire. <br> Anat fut stup\u00e9faite d\u2019apprendre qu\u2019en Isra\u00ebl, il n\u2019existait presqu\u2019aucun type de surveillance des cr\u00e8ches pour la petite enfance. De ce traumatisme est n\u00e9, avec d\u2019autres m\u00e8res, une lutte pour la surveillance des cr\u00e8ches pour les enfants de la naissance et plus. <br> Dans le programme, elle raconte sa trag\u00e9die \u00e0 Iris London Zolty, sa lutte pour l\u2019augmentation de la surveillance et la prise de responsabilit\u00e9 des institutions publiques, les r\u00e9ussites et ce qu\u2019il reste \u00e0 r\u00e9aliser. <\/h4>\n\n\t\t\t\t\t\t\t\t\t\t\t<div class=\"uael-vg__play\">\n\t\t\t\t\t\t\t\t\t\t\t\t\t\t\t\t\t\t<span class=\"elementor-animation- uael-vg__play-icon\">\n\t\t\t\t\t\t\t\t\t\t\t<\/span>\n\t\t\t\t\t\t\t\t\t\t\t\t\t\t\t\t\t\t<\/div>\n\n\t\t\t\t\t\t\t\t\t\n\t\t\t\t\t\t\t\t<\/div>\n\t\t\t\t\t\t\t<\/div>\n\t\t\t\t\t\t<\/a>\n\t\t\t\t\t<\/div>\n\t\t\t\t\t\t\t\t\t\t<div class=\"uael-vg__overlay\"><\/div>\n\t\t\t\t\t\t\t\t\t<\/div>\n\t\t\t\t\t\t\t\t<div class=\"uael-video__gallery-item filter-la-petite-enfance\" id=\"uael-video__gallery-item3\">\n\n\t\t\t\t\t\t\t\t\t\t<div class=\"uael-video__gallery-iframe\" style=\"background-image:url('https:\/\/i.ytimg.com\/vi\/R95oWPGf_AU\/hqdefault.jpg');\">\n\t\t\t\t\t\t<a class=\"elementor-clickable uael-vg__play_full\" href=\"https:\/\/www.youtube.com\/embed\/R95oWPGf_AU?autoplay=1&amp;version=3&amp;enablejsapi=1\" data-fancybox=\"uael-video-gallery-a924d95\">\n\t\t\t\t\t\t\t<div class=\"uael-video__content-wrap\">\n\t\t\t\t\t\t\t\t<div class=\"uael-video__content\">\n\t\t\t\t\t\t\t\t\t\n\t\t<h4 class=\"uael-video__caption\"><strong>Ceux que nous avons attendus : Oren Leibovitch, Moshe Poltork et Avi Mazor<\/strong> <br>Cette fois-ci, Iris London Zolty acceuille Oren Leibovitch, Moshe Poltork et Avi Mazor pour une conversation sur le pouvoir du dialogue \u00e9ducatif. Oren Leibovitch a cr\u00e9\u00e9 avec son \u00e9pouse Shira le \u00ab Gan HaHaverim \u00bb, au d\u00e9but une petite cr\u00e8che pour enfants, devenue par la suite une approche \u00e9ducative compl\u00e8te : approche de dialogue. L\u2019id\u00e9e de cette approche est simple \u2013 donner la possibilit\u00e9 \u00e0 chacun de parler, les professionnels, l\u2019\u00e9quipe et les jeunes enfants de la cr\u00e8che. Le dialogue permet un meilleur apprentissage non seulement au niveau informatif mais \u00e9galement au niveau sentimental et social. <br> Moshe Poltork, membre du projet \u00ab Gan HaHaverim \u00bb et Avi Mazor, p\u00e8re d\u2019une fille dans cette cr\u00e8che, ont \u00e9galement particip\u00e9 \u00e0 la discussion. Dans un domaine dans lequel il est rare d\u2019entendre la voix d\u2019un p\u00e8re et de trouver des professionnels hommes, il est ici l\u2019occasion d\u2019entendre trois hommes discuter sur l\u2019approche \u00e9ducative unique et l\u2019\u00e9ducation des enfants de jeune \u00e2ge en g\u00e9n\u00e9ral. <\/h4>\n\n\t\t\t\t\t\t\t\t\t\t\t<div class=\"uael-vg__play\">\n\t\t\t\t\t\t\t\t\t\t\t\t\t\t\t\t\t\t<span class=\"elementor-animation- uael-vg__play-icon\">\n\t\t\t\t\t\t\t\t\t\t\t<\/span>\n\t\t\t\t\t\t\t\t\t\t\t\t\t\t\t\t\t\t<\/div>\n\n\t\t\t\t\t\t\t\t\t\n\t\t\t\t\t\t\t\t<\/div>\n\t\t\t\t\t\t\t<\/div>\n\t\t\t\t\t\t<\/a>\n\t\t\t\t\t<\/div>\n\t\t\t\t\t\t\t\t\t\t<div class=\"uael-vg__overlay\"><\/div>\n\t\t\t\t\t\t\t\t\t<\/div>\n\t\t\t\t\t\t\t\t<div class=\"uael-video__gallery-item filter-la-petite-enfance\" id=\"uael-video__gallery-item4\">\n\n\t\t\t\t\t\t\t\t\t\t<div class=\"uael-video__gallery-iframe\" style=\"background-image:url('https:\/\/i.ytimg.com\/vi\/logsMQj4KnA\/hqdefault.jpg');\">\n\t\t\t\t\t\t<a class=\"elementor-clickable uael-vg__play_full\" href=\"https:\/\/www.youtube.com\/embed\/logsMQj4KnA?autoplay=1&amp;version=3&amp;enablejsapi=1\" data-fancybox=\"uael-video-gallery-a924d95\">\n\t\t\t\t\t\t\t<div class=\"uael-video__content-wrap\">\n\t\t\t\t\t\t\t\t<div class=\"uael-video__content\">\n\t\t\t\t\t\t\t\t\t\n\t\t<h4 class=\"uael-video__caption\"><strong>Ceux que nous avons attendus \u2013 Michal Peper<\/strong><br> Michal Peper est une femme et m\u00e8re, remari\u00e9e, avocate sp\u00e9cialis\u00e9e dans les comportements de consommation, ayant r\u00e9alis\u00e9 une reconversion professionnelle il y a quelques ann\u00e9es, devenue conf\u00e9renci\u00e8re pour des groupes de soutien de parents et enfants pr\u00e9sentant des besoins particuliers, pour des parents ayant perdu leurs enfants, des parents faisant face \u00e0 des changements importants survenus dans leur vie. Son exp\u00e9rience de vie en tant que femme divorc\u00e9e, ainsi que sa volont\u00e9 d'en apprendre plus sur le sujet et son exp\u00e9rience dans son travail, l'ont men\u00e9 \u00e0 r\u00e9aliser que le processus de divorce blesse souvent les enfants de par ce que les parents vivent. <br> Avec plusieurs partenaires, Michal a mis en place d'initiative \"Les enfants avant tout\" sous l'association \"Topaz\", tentant d'aider les enfants de familles normatives, non signal\u00e9 aupr\u00e8s des autorit\u00e9s sociales, dont les parents ont d\u00e9cid\u00e9 de divorcer. Lors de l'interview avec Iris London Zolty, elle raconte son initiative, ses activit\u00e9s et ses objectifs. <\/h4>\n\n\t\t\t\t\t\t\t\t\t\t\t<div class=\"uael-vg__play\">\n\t\t\t\t\t\t\t\t\t\t\t\t\t\t\t\t\t\t<span class=\"elementor-animation- uael-vg__play-icon\">\n\t\t\t\t\t\t\t\t\t\t\t<\/span>\n\t\t\t\t\t\t\t\t\t\t\t\t\t\t\t\t\t\t<\/div>\n\n\t\t\t\t\t\t\t\t\t\n\t\t\t\t\t\t\t\t<\/div>\n\t\t\t\t\t\t\t<\/div>\n\t\t\t\t\t\t<\/a>\n\t\t\t\t\t<\/div>\n\t\t\t\t\t\t\t\t\t\t<div class=\"uael-vg__overlay\"><\/div>\n\t\t\t\t\t\t\t\t\t<\/div>\n\t\t\t\t\t\t\t\t<div class=\"uael-video__gallery-item filter-la-petite-enfance\" id=\"uael-video__gallery-item5\">\n\n\t\t\t\t\t\t\t\t\t\t<div class=\"uael-video__gallery-iframe\" style=\"background-image:url('https:\/\/i.ytimg.com\/vi\/8B_JA_-bYfY\/hqdefault.jpg');\">\n\t\t\t\t\t\t<a class=\"elementor-clickable uael-vg__play_full\" href=\"https:\/\/www.youtube.com\/embed\/8B_JA_-bYfY?autoplay=1&amp;version=3&amp;enablejsapi=1\" data-fancybox=\"uael-video-gallery-a924d95\">\n\t\t\t\t\t\t\t<div class=\"uael-video__content-wrap\">\n\t\t\t\t\t\t\t\t<div class=\"uael-video__content\">\n\t\t\t\t\t\t\t\t\t\n\t\t<h4 class=\"uael-video__caption\"><strong>Ceux que nous avons attendus \u2013 Roy Melamed<\/strong><br> Nous accueillons cette fois-ci Roy Melamed, directeur de L'UNICEF en Isra\u00ebl, agence locale de l'organisation UNICEF mondiale. L'UNICEF est un organisme cr\u00e9\u00e9 par l'ONU apr\u00e8s la deuxi\u00e8me guerre mondiale afin d'aider les enfants \u00e0 travers le monde. Entre autres, aider l'organisation au d\u00e9but, \u00e0 int\u00e9grer les enfants survivants de la Shoah dans les camps \u00e0 Chypre, la cr\u00e9ation de Tipot Halav (dispensaires pour nouveau-n\u00e9s) et stabiliser le syst\u00e8me de sant\u00e9 pour les enfants dans le jeune \u00e9tat d'Isra\u00ebl. <br> C'est avec la m\u00eame vision qu'agit de nos jours l'organisme. Roy raconte lors de l'interview tenue avec Iris London Zolty, les diverses activit\u00e9s que l'UNICEF Isra\u00ebl r\u00e9alise pour les enfants de jeune \u00e2ge.  Ainsi, par exemple, des sujets tels que l'int\u00e9gration de la charte internationale des droits de l'enfants en Isra\u00ebl, l'utilisation du savoir accumul\u00e9 dans les diff\u00e9rentes agences de l'UNICEF dans d'autres pays, et plus g\u00e9n\u00e9ralement, l'am\u00e9lioration des services octroy\u00e9s en Isra\u00ebl aux enfants en g\u00e9n\u00e9ral et pour la petite enfance en particulier. <\/h4>\n\n\t\t\t\t\t\t\t\t\t\t\t<div class=\"uael-vg__play\">\n\t\t\t\t\t\t\t\t\t\t\t\t\t\t\t\t\t\t<span class=\"elementor-animation- uael-vg__play-icon\">\n\t\t\t\t\t\t\t\t\t\t\t<\/span>\n\t\t\t\t\t\t\t\t\t\t\t\t\t\t\t\t\t\t<\/div>\n\n\t\t\t\t\t\t\t\t\t\n\t\t\t\t\t\t\t\t<\/div>\n\t\t\t\t\t\t\t<\/div>\n\t\t\t\t\t\t<\/a>\n\t\t\t\t\t<\/div>\n\t\t\t\t\t\t\t\t\t\t<div class=\"uael-vg__overlay\"><\/div>\n\t\t\t\t\t\t\t\t\t<\/div>\n\t\t\t\t\t\t\t\t<div class=\"uael-video__gallery-item filter-la-petite-enfance\" id=\"uael-video__gallery-item6\">\n\n\t\t\t\t\t\t\t\t\t\t<div class=\"uael-video__gallery-iframe\" style=\"background-image:url('https:\/\/i.ytimg.com\/vi\/U-8PXo0y3K8\/hqdefault.jpg');\">\n\t\t\t\t\t\t<a class=\"elementor-clickable uael-vg__play_full\" href=\"https:\/\/www.youtube.com\/embed\/U-8PXo0y3K8?autoplay=1&amp;version=3&amp;enablejsapi=1\" data-fancybox=\"uael-video-gallery-a924d95\">\n\t\t\t\t\t\t\t<div class=\"uael-video__content-wrap\">\n\t\t\t\t\t\t\t\t<div class=\"uael-video__content\">\n\t\t\t\t\t\t\t\t\t\n\t\t<h4 class=\"uael-video__caption\"><strong>Ceux que nous avons attendus \u2013 Ronit (Filo) Filosof<\/strong><br> Ronit (Filo) Filosof est pu\u00e9ricultrice dans la cr\u00e8che \"Gan Shalom\", ouvert il y a plus de trente ans, et repr\u00e9sente depuis une v\u00e9ritable aspiration pour les autres cr\u00e8ches. Ces cr\u00e8ches agissent selon une approche p\u00e9dagogique unique inspir\u00e9e de l'approche \u00e9ducative de Janusz Korczak, et de la ville de Reggio Emilia en Italie. Selon ces approches, les relations \u00e0 la cr\u00e8che sont mutuelles et communautaires, et non comme une relation service et client. <br> Lors de la conversation avec Iris London Zolty, Filosof explique l'approche \u00e9ducative de la cr\u00e8che, la communaut\u00e9 particuli\u00e8re qui s'est cr\u00e9\u00e9e et qui augmente avec le temps, ainsi que la vision de son monde sur l'\u00e9ducation de la petite enfance en g\u00e9n\u00e9ral. <\/h4>\n\n\t\t\t\t\t\t\t\t\t\t\t<div class=\"uael-vg__play\">\n\t\t\t\t\t\t\t\t\t\t\t\t\t\t\t\t\t\t<span class=\"elementor-animation- uael-vg__play-icon\">\n\t\t\t\t\t\t\t\t\t\t\t<\/span>\n\t\t\t\t\t\t\t\t\t\t\t\t\t\t\t\t\t\t<\/div>\n\n\t\t\t\t\t\t\t\t\t\n\t\t\t\t\t\t\t\t<\/div>\n\t\t\t\t\t\t\t<\/div>\n\t\t\t\t\t\t<\/a>\n\t\t\t\t\t<\/div>\n\t\t\t\t\t\t\t\t\t\t<div class=\"uael-vg__overlay\"><\/div>\n\t\t\t\t\t\t\t\t\t<\/div>\n\t\t\t\t\t\t\t\t<div class=\"uael-video__gallery-item filter-la-petite-enfance\" id=\"uael-video__gallery-item7\">\n\n\t\t\t\t\t\t\t\t\t\t<div class=\"uael-video__gallery-iframe\" style=\"background-image:url('https:\/\/i.ytimg.com\/vi\/AGjllydYq0I\/hqdefault.jpg');\">\n\t\t\t\t\t\t<a class=\"elementor-clickable uael-vg__play_full\" href=\"https:\/\/www.youtube.com\/embed\/AGjllydYq0I?autoplay=1&amp;version=3&amp;enablejsapi=1\" data-fancybox=\"uael-video-gallery-a924d95\">\n\t\t\t\t\t\t\t<div class=\"uael-video__content-wrap\">\n\t\t\t\t\t\t\t\t<div class=\"uael-video__content\">\n\t\t\t\t\t\t\t\t\t\n\t\t<h4 class=\"uael-video__caption\"><strong>Ceux que nous avons attendus \u2013 Liat Galili-Perl<\/strong><br> C'est tout \u00e0 fait par hasard que l'avocate Liat Galili-Perl a pris l'initiative du projet \"Batouah baGan Sheli\" (\"En s\u00e9curit\u00e9 dans ma cr\u00e8che\"), sans exp\u00e9rience dans le domaine de la petite enfance. Elle est avocate sp\u00e9cialis\u00e9e dans le High-Tech et en particulier dans le domaine des brevets, une nuit, elle a vu une loi de supervision des cr\u00e8ches pour la petite enfance, et s'est rendu compte qu'aucune r\u00e9ponse n'\u00e9tait apport\u00e9e au probl\u00e8me de violence dans les cr\u00e8ches. Elle a publi\u00e9 une publication sur Facebook avec une id\u00e9e simple : permettre aux parents des enfants de la cr\u00e8che de visiter de temps \u00e0 autres les autres cr\u00e8ches afin d'observer les enfants. Cette publication a engendr\u00e9 des centaines de \"j'aime\" et de partages et l'initiative \"En s\u00e9curit\u00e9 dans ma cr\u00e8che\" est n\u00e9e.<br> Dans l'interview avec Iris London Zolty, l'avocate Galili-Perl raconte l'initiative mise en place suite \u00e0 cette id\u00e9e, qui apr\u00e8s seulement trois mois, avait d\u00e9j\u00e0 enr\u00f4l\u00e9 des centaines de b\u00e9n\u00e9voles \u00e0 travers le pays. <\/h4>\n\n\t\t\t\t\t\t\t\t\t\t\t<div class=\"uael-vg__play\">\n\t\t\t\t\t\t\t\t\t\t\t\t\t\t\t\t\t\t<span class=\"elementor-animation- uael-vg__play-icon\">\n\t\t\t\t\t\t\t\t\t\t\t<\/span>\n\t\t\t\t\t\t\t\t\t\t\t\t\t\t\t\t\t\t<\/div>\n\n\t\t\t\t\t\t\t\t\t\n\t\t\t\t\t\t\t\t<\/div>\n\t\t\t\t\t\t\t<\/div>\n\t\t\t\t\t\t<\/a>\n\t\t\t\t\t<\/div>\n\t\t\t\t\t\t\t\t\t\t<div class=\"uael-vg__overlay\"><\/div>\n\t\t\t\t\t\t\t\t\t<\/div>\n\t\t\t\t\t\t\t\t<div class=\"uael-video__gallery-item filter-la-petite-enfance\" id=\"uael-video__gallery-item8\">\n\n\t\t\t\t\t\t\t\t\t\t<div class=\"uael-video__gallery-iframe\" style=\"background-image:url('https:\/\/i.ytimg.com\/vi\/CS0opzpzARE\/hqdefault.jpg');\">\n\t\t\t\t\t\t<a class=\"elementor-clickable uael-vg__play_full\" href=\"https:\/\/www.youtube.com\/embed\/CS0opzpzARE?autoplay=1&amp;version=3&amp;enablejsapi=1\" data-fancybox=\"uael-video-gallery-a924d95\">\n\t\t\t\t\t\t\t<div class=\"uael-video__content-wrap\">\n\t\t\t\t\t\t\t\t<div class=\"uael-video__content\">\n\t\t\t\t\t\t\t\t\t\n\t\t<h4 class=\"uael-video__caption\"><strong>Ceux que nous avons attendus \u2013 Yulia Ben Moshe<\/strong> <br> Yulia Ben Moshe, directrice de l'association \"Kol Hazhouyot\", aide les parents d'enfants pr\u00e9sentant des besoins particuliers \u00e0 connaitre, se retrouver et utiliser les droits qui leur reviennent en vertu de la loi. Dans l'interview \"Ceux que nous avons attendus\", elle raconte \u00e0 Iris London Zolty les raisons qui l'ont pouss\u00e9e \u00e0 entrer dans ce domaine, \u00e9tant m\u00e8re d'un enfant n\u00e9 avec une maladie g\u00e9n\u00e9tique rare, la lutte pour le sauver, l'aide qu'elle a re\u00e7ue. <br> En outre Yulia parle de l'association qu'elle dirige \"Kol Hazhouyot\", ses efforts pour atteindre chaque parent et leur apporter les informations n\u00e9cessaires pour r\u00e9aliser leurs droits, la lutte quotidienne pour l'accessibilit\u00e9 et l'importance de l'int\u00e9gration au sein de la soci\u00e9t\u00e9 des enfants pr\u00e9sentant des besoins particuliers.<\/h4>\n\n\t\t\t\t\t\t\t\t\t\t\t<div class=\"uael-vg__play\">\n\t\t\t\t\t\t\t\t\t\t\t\t\t\t\t\t\t\t<span class=\"elementor-animation- uael-vg__play-icon\">\n\t\t\t\t\t\t\t\t\t\t\t<\/span>\n\t\t\t\t\t\t\t\t\t\t\t\t\t\t\t\t\t\t<\/div>\n\n\t\t\t\t\t\t\t\t\t\n\t\t\t\t\t\t\t\t<\/div>\n\t\t\t\t\t\t\t<\/div>\n\t\t\t\t\t\t<\/a>\n\t\t\t\t\t<\/div>\n\t\t\t\t\t\t\t\t\t\t<div class=\"uael-vg__overlay\"><\/div>\n\t\t\t\t\t\t\t\t\t<\/div>\n\t\t\t\t\t\t\t\t<div class=\"uael-video__gallery-item filter-les-jeunes-en-d--tresse\" id=\"uael-video__gallery-item9\">\n\n\t\t\t\t\t\t\t\t\t\t<div class=\"uael-video__gallery-iframe\" style=\"background-image:url('https:\/\/i.ytimg.com\/vi\/fgbuTCMeNL0\/hqdefault.jpg');\">\n\t\t\t\t\t\t<a class=\"elementor-clickable uael-vg__play_full\" href=\"https:\/\/www.youtube.com\/embed\/fgbuTCMeNL0?autoplay=1&amp;version=3&amp;enablejsapi=1\" data-fancybox=\"uael-video-gallery-a924d95\">\n\t\t\t\t\t\t\t<div class=\"uael-video__content-wrap\">\n\t\t\t\t\t\t\t\t<div class=\"uael-video__content\">\n\t\t\t\t\t\t\t\t\t\n\t\t<h4 class=\"uael-video__caption\"><strong>Ceux que nous avons attendus \u2013 Moshe Simblista<\/strong><br> L\u2019association Nirim agit pour les adolescents en d\u00e9tresse selon un mod\u00e8le unique bas\u00e9 sur deux projets principaux : un village pour adolescents Nirim, situ\u00e9 en Galil\u00e9e et agissant comme mouvement de jeunesse, et le deuxi\u00e8me, \u00ab Nirim BashHouna \u00bb (\u00ab Nirim dans le quartier \u00bb), agissant au sein des municipalit\u00e9s \u00e0 travers le pays. Les deux projets s\u00e9par\u00e9s et conjoints sont destin\u00e9s aux adolescents en d\u00e9tresse, dont l\u2019\u00e9cart entre le potentiel et la r\u00e9alisation de ce potentiel est important, y compris les adolescents avec probl\u00e8mes comportementaux, difficult\u00e9s d\u2019int\u00e9gration dans la soci\u00e9t\u00e9, difficult\u00e9s d\u2019int\u00e9gration etc.<br> Lors de l\u2019interview, le directeur du village d\u2019adolescents Nirim, Moshe Simblista parle des activit\u00e9s de l\u2019association. Il d\u00e9crit le mod\u00e8le unique dans lequel il agit, tire son aspiration des approches \u00e9ducatives et des traitements existants, et les allient afin de composer un mod\u00e8le sans pareil en Isra\u00ebl voire m\u00eame dans le monde. <\/h4>\n\n\t\t\t\t\t\t\t\t\t\t\t<div class=\"uael-vg__play\">\n\t\t\t\t\t\t\t\t\t\t\t\t\t\t\t\t\t\t<span class=\"elementor-animation- uael-vg__play-icon\">\n\t\t\t\t\t\t\t\t\t\t\t<\/span>\n\t\t\t\t\t\t\t\t\t\t\t\t\t\t\t\t\t\t<\/div>\n\n\t\t\t\t\t\t\t\t\t\n\t\t\t\t\t\t\t\t<\/div>\n\t\t\t\t\t\t\t<\/div>\n\t\t\t\t\t\t<\/a>\n\t\t\t\t\t<\/div>\n\t\t\t\t\t\t\t\t\t\t<div class=\"uael-vg__overlay\"><\/div>\n\t\t\t\t\t\t\t\t\t<\/div>\n\t\t\t\t\t\t\t\t<div class=\"uael-video__gallery-item filter-les-jeunes-en-d--tresse\" id=\"uael-video__gallery-item10\">\n\n\t\t\t\t\t\t\t\t\t\t<div class=\"uael-video__gallery-iframe\" style=\"background-image:url('https:\/\/i.ytimg.com\/vi\/3lujzDwcBGs\/hqdefault.jpg');\">\n\t\t\t\t\t\t<a class=\"elementor-clickable uael-vg__play_full\" href=\"https:\/\/www.youtube.com\/embed\/3lujzDwcBGs?autoplay=1&amp;version=3&amp;enablejsapi=1\" data-fancybox=\"uael-video-gallery-a924d95\">\n\t\t\t\t\t\t\t<div class=\"uael-video__content-wrap\">\n\t\t\t\t\t\t\t\t<div class=\"uael-video__content\">\n\t\t\t\t\t\t\t\t\t\n\t\t<h4 class=\"uael-video__caption\"><strong>Ceux que nous avons attendus \u2013 Dorit Nitay Neeman<\/strong><br> Dans la premi\u00e8re interview de \u00ab Ceux que nous avons attendus \u00bb, Iris London Zolty accueille Dorit Nitay Neeman, productrice et directrice du th\u00e9\u00e2tre \u00ab Karov \u00bb fond\u00e9 par son p\u00e8re, l\u2019acteur Niko Nitay. En tant que directrice du th\u00e9\u00e2tre, elle continue le chemin trac\u00e9 par son p\u00e8re, son but n\u2019est pas uniquement de produire des pi\u00e8ces de th\u00e9\u00e2tre, mais \u00e9galement de cr\u00e9er un art de qualit\u00e9 accessible \u00e0 toute la population, et permettre l\u2019acc\u00e8s \u00e0 la culture pour cr\u00e9er un changement. <br> Lors de l\u2019interview, elles parlent du th\u00e9\u00e2tre situ\u00e9 \u00e0 la Nouvelle Gare Centrale de Tel-Aviv dans lequel des pi\u00e8ces destin\u00e9es aux amateurs sont jou\u00e9es, le public est expos\u00e9 \u00e0 l\u2019art pour la premi\u00e8re fois. Nitay Neeman parle \u00e9galement des activit\u00e9s suppl\u00e9mentaires du th\u00e9\u00e2tre, comme le projet \u00ab Karov la lev \u00bb (\u00ab proche du c\u0153ur \u00bb) int\u00e9grant des adolescentes en d\u00e9tresse, leur donnant acc\u00e8s \u00e0 l\u2019art de la sc\u00e8ne et les renfor\u00e7ant par le biais de l\u2019interpr\u00e9tation. <\/h4>\n\n\t\t\t\t\t\t\t\t\t\t\t<div class=\"uael-vg__play\">\n\t\t\t\t\t\t\t\t\t\t\t\t\t\t\t\t\t\t<span class=\"elementor-animation- uael-vg__play-icon\">\n\t\t\t\t\t\t\t\t\t\t\t<\/span>\n\t\t\t\t\t\t\t\t\t\t\t\t\t\t\t\t\t\t<\/div>\n\n\t\t\t\t\t\t\t\t\t\n\t\t\t\t\t\t\t\t<\/div>\n\t\t\t\t\t\t\t<\/div>\n\t\t\t\t\t\t<\/a>\n\t\t\t\t\t<\/div>\n\t\t\t\t\t\t\t\t\t\t<div class=\"uael-vg__overlay\"><\/div>\n\t\t\t\t\t\t\t\t\t<\/div>\n\t\t\t\t\t\t\t\t<div class=\"uael-video__gallery-item filter-les-jeunes-en-d--tresse\" id=\"uael-video__gallery-item11\">\n\n\t\t\t\t\t\t\t\t\t\t<div class=\"uael-video__gallery-iframe\" style=\"background-image:url('https:\/\/i.ytimg.com\/vi\/dAH2HrTznY4\/hqdefault.jpg');\">\n\t\t\t\t\t\t<a class=\"elementor-clickable uael-vg__play_full\" href=\"https:\/\/www.youtube.com\/embed\/dAH2HrTznY4?autoplay=1&amp;version=3&amp;enablejsapi=1\" data-fancybox=\"uael-video-gallery-a924d95\">\n\t\t\t\t\t\t\t<div class=\"uael-video__content-wrap\">\n\t\t\t\t\t\t\t\t<div class=\"uael-video__content\">\n\t\t\t\t\t\t\t\t\t\n\t\t<h4 class=\"uael-video__caption\"><strong>Ceux que nous avons attendus \u2013 Udi Gilbert association Darane (Maison Roy) <\/strong><br> Udi Gilbert est entr\u00e9 dans le monde de l\u2019\u00e9ducation apr\u00e8s une longue carri\u00e8re dans le march\u00e9 des finances. Apr\u00e8s avoir atteint le sommet dans son domaine, il a commenc\u00e9 \u00e0 prendre sous sa coupe un jeune d\u2019une pension, apprenant ainsi le syst\u00e8me par le biais du point de vue de l\u2019adolescent, et comprendre les frustrations et les probl\u00e8mes que les jeunes pensionnaires vivent, en particulier les adolescents et les adolescentes en d\u00e9tresse. Par la suite, il s\u2019est reconverti comme enseignant en math\u00e9matiques, enseignant dans des pensions pour jeunes en d\u00e9tresse. <br> Avec Tomer Bouhadana, Gilbert a fond\u00e9 l\u2019association Darane dans le but d\u2019augmenter les chances de r\u00e9habilitation et d\u2019int\u00e9gration des adolescents en d\u00e9tresse. En 2015, la pension \u00ab Beit Roy \u00bb a \u00e9t\u00e9 cr\u00e9\u00e9 sous l\u2019association, les adolescents vivent et re\u00e7oivent un soutien individuel et une attention particuli\u00e8re. Lors de l\u2019interview avec Iris London Zolty, il parle de l\u2019association, la pension et sa vision du monde \u00e9ducatif.  <\/h4>\n\n\t\t\t\t\t\t\t\t\t\t\t<div class=\"uael-vg__play\">\n\t\t\t\t\t\t\t\t\t\t\t\t\t\t\t\t\t\t<span class=\"elementor-animation- uael-vg__play-icon\">\n\t\t\t\t\t\t\t\t\t\t\t<\/span>\n\t\t\t\t\t\t\t\t\t\t\t\t\t\t\t\t\t\t<\/div>\n\n\t\t\t\t\t\t\t\t\t\n\t\t\t\t\t\t\t\t<\/div>\n\t\t\t\t\t\t\t<\/div>\n\t\t\t\t\t\t<\/a>\n\t\t\t\t\t<\/div>\n\t\t\t\t\t\t\t\t\t\t<div class=\"uael-vg__overlay\"><\/div>\n\t\t\t\t\t\t\t\t\t<\/div>\n\t\t\t\t\t\t\t\t<div class=\"uael-video__gallery-item filter-les-jeunes-en-d--tresse\" id=\"uael-video__gallery-item12\">\n\n\t\t\t\t\t\t\t\t\t\t<div class=\"uael-video__gallery-iframe\" style=\"background-image:url('https:\/\/i.ytimg.com\/vi\/vDKkEhaa37Q\/hqdefault.jpg');\">\n\t\t\t\t\t\t<a class=\"elementor-clickable uael-vg__play_full\" href=\"https:\/\/www.youtube.com\/embed\/vDKkEhaa37Q?autoplay=1&amp;version=3&amp;enablejsapi=1\" data-fancybox=\"uael-video-gallery-a924d95\">\n\t\t\t\t\t\t\t<div class=\"uael-video__content-wrap\">\n\t\t\t\t\t\t\t\t<div class=\"uael-video__content\">\n\t\t\t\t\t\t\t\t\t\n\t\t<h4 class=\"uael-video__caption\"><strong>Ceux que nous avons attendus \u2013 Moshik Wolf, la pr\u00e9paration avant l\u2019arm\u00e9e pour les jeunes en d\u00e9tresse \u00ab Asher Ruah Bo \u00bb <\/strong><br> Moshk Wolf est l\u2019invit\u00e9 du jour, il a mis en place et il g\u00e8re une pr\u00e9paration \u00e0 l\u2019arm\u00e9e nomm\u00e9e \u00ab Asher Ruah Bo \u00bb, dont l\u2019objectif est de changer les vies des jeunes des p\u00e9riph\u00e9ries du point de vue social et \u00e9conomique en Isra\u00ebl. La pr\u00e9paration accorde aux jeunes une r\u00e9ponse sociale, de contenu, et agit pour int\u00e9grer des valeurs, un engagement, une signification et une compr\u00e9hension de leurs capacit\u00e9s \u00e0 r\u00e9ussir. Parmi les participants \u00e0 la pr\u00e9paration, il est possible de compter un jeune ayant abandonn\u00e9 les \u00e9tudes, un jeune se trouvant en proc\u00e8s et des jeunes avec casiers judiciaires. <br>  Lors de l\u2019interview avec Iris London Zolty, Moshik parle de sa vision du monde, d\u2019o\u00f9 il vient, Moshik est fils d\u2019un p\u00e8re survivant de la Shoah, officier lors de la guerre du Liban, et sa vision est de donner aux jeunes en d\u00e9tresse l\u2019opportunit\u00e9 dont ils ont besoin.<\/h4>\n\n\t\t\t\t\t\t\t\t\t\t\t<div class=\"uael-vg__play\">\n\t\t\t\t\t\t\t\t\t\t\t\t\t\t\t\t\t\t<span class=\"elementor-animation- uael-vg__play-icon\">\n\t\t\t\t\t\t\t\t\t\t\t<\/span>\n\t\t\t\t\t\t\t\t\t\t\t\t\t\t\t\t\t\t<\/div>\n\n\t\t\t\t\t\t\t\t\t\n\t\t\t\t\t\t\t\t<\/div>\n\t\t\t\t\t\t\t<\/div>\n\t\t\t\t\t\t<\/a>\n\t\t\t\t\t<\/div>\n\t\t\t\t\t\t\t\t\t\t<div class=\"uael-vg__overlay\"><\/div>\n\t\t\t\t\t\t\t\t\t<\/div>\n\t\t\t\t\t\t\t\t<div class=\"uael-video__gallery-item filter-les-jeunes-en-d--tresse\" id=\"uael-video__gallery-item13\">\n\n\t\t\t\t\t\t\t\t\t\t<div class=\"uael-video__gallery-iframe\" style=\"background-image:url('https:\/\/i.ytimg.com\/vi\/kIi2XaXiM9w\/hqdefault.jpg');\">\n\t\t\t\t\t\t<a class=\"elementor-clickable uael-vg__play_full\" href=\"https:\/\/www.youtube.com\/embed\/kIi2XaXiM9w?autoplay=1&amp;version=3&amp;enablejsapi=1\" data-fancybox=\"uael-video-gallery-a924d95\">\n\t\t\t\t\t\t\t<div class=\"uael-video__content-wrap\">\n\t\t\t\t\t\t\t\t<div class=\"uael-video__content\">\n\t\t\t\t\t\t\t\t\t\n\t\t<h4 class=\"uael-video__caption\"><strong>Ceux que nous avons attendus \u2013 Yossileh Dror, projet Mifrassim (voiles) <\/strong><br> Yossileh Dror est un homme de la mer. Il navigue depuis qu\u2019il est enfant, instructeur de voile et de sport maritime extr\u00eame, au fil des ann\u00e9es d\u2019exp\u00e9rience entre les vagues, il a compris \u00e0 quel point la l\u2019influence de la mer peut \u00eatre positive. Avec plusieurs partenaires, il a \u00e9t\u00e9 \u00e0 l\u2019initiative du projet \u00ab Mifrassim \u00bb (\u00ab voiles \u00bb) agissant sous le chapeau de l\u2019association \u00ab Topaz \u00bb. <br> Lors de l\u2019interview avec Iris London Zolty, Yossileh raconte son amour de la mer et ses aspirations, faire venir en Isra\u00ebl des bateaux avec lesquels il est possible de r\u00e9aliser des voyages par le biais de processus de groupe sur la mer pour les jeunes en d\u00e9tresse, des groupes de personnes ayant subit des traumatismes physiques et mentaux. <\/h4>\n\n\t\t\t\t\t\t\t\t\t\t\t<div class=\"uael-vg__play\">\n\t\t\t\t\t\t\t\t\t\t\t\t\t\t\t\t\t\t<span class=\"elementor-animation- uael-vg__play-icon\">\n\t\t\t\t\t\t\t\t\t\t\t<\/span>\n\t\t\t\t\t\t\t\t\t\t\t\t\t\t\t\t\t\t<\/div>\n\n\t\t\t\t\t\t\t\t\t\n\t\t\t\t\t\t\t\t<\/div>\n\t\t\t\t\t\t\t<\/div>\n\t\t\t\t\t\t<\/a>\n\t\t\t\t\t<\/div>\n\t\t\t\t\t\t\t\t\t\t<div class=\"uael-vg__overlay\"><\/div>\n\t\t\t\t\t\t\t\t\t<\/div>\n\t\t\t\t\t\t\t\t<div class=\"uael-video__gallery-item filter-les-jeunes-en-d--tresse\" id=\"uael-video__gallery-item14\">\n\n\t\t\t\t\t\t\t\t\t\t<div class=\"uael-video__gallery-iframe\" style=\"background-image:url('https:\/\/i.ytimg.com\/vi\/-KkVfx25M4Y\/hqdefault.jpg');\">\n\t\t\t\t\t\t<a class=\"elementor-clickable uael-vg__play_full\" href=\"https:\/\/www.youtube.com\/embed\/-KkVfx25M4Y?autoplay=1&amp;version=3&amp;enablejsapi=1\" data-fancybox=\"uael-video-gallery-a924d95\">\n\t\t\t\t\t\t\t<div class=\"uael-video__content-wrap\">\n\t\t\t\t\t\t\t\t<div class=\"uael-video__content\">\n\t\t\t\t\t\t\t\t\t\n\t\t<h4 class=\"uael-video__caption\"><strong>Ceux que nous avons attendus \u2013 Miki Dahav, association Ruah Israelit (\u00ab L\u2019esprit isra\u00e9lien) <\/strong><br> Miki Dahav \u00e9tait architecte, travaillant dans le monde entier, apportant \u00e0 chaque projet un angle diff\u00e9rent du judaisme, des activit\u00e9s sociales et d\u2019int\u00e9gration de familles isra\u00e9liennes dans les communaut\u00e9s \u00e0 l\u2019\u00e9tranger. Apr\u00e8s s\u2019\u00eatre install\u00e9 en Isra\u00ebl avec sa famille, Dahav a d\u00e9cid\u00e9 de commencer une nouvelle carri\u00e8re professionnelle s\u2019adressant au secteur tertiaire. <br> Lors de l\u2019interview avec Iris London Zolty, Dahav raconte sa vie, sa vision du monde et l\u2019organisme \u00e0 la t\u00eate duquel elle si\u00e8ge \u00ab Ruah Israelit \u00bb, organisme sous le chapeau de l\u2019agence juive. Grace \u00e0 cet organisme, selon ses dires, elle a rencontr\u00e9 le bel Isra\u00ebl : de nombreux b\u00e9n\u00e9voles agissant pour impliquer le public isra\u00e9lien dans l\u2019action sociale dans une vari\u00e9t\u00e9 de domaines, par b\u00e9n\u00e9volat actif, partage de savoir ou dons.<\/h4>\n\n\t\t\t\t\t\t\t\t\t\t\t<div class=\"uael-vg__play\">\n\t\t\t\t\t\t\t\t\t\t\t\t\t\t\t\t\t\t<span class=\"elementor-animation- uael-vg__play-icon\">\n\t\t\t\t\t\t\t\t\t\t\t<\/span>\n\t\t\t\t\t\t\t\t\t\t\t\t\t\t\t\t\t\t<\/div>\n\n\t\t\t\t\t\t\t\t\t\n\t\t\t\t\t\t\t\t<\/div>\n\t\t\t\t\t\t\t<\/div>\n\t\t\t\t\t\t<\/a>\n\t\t\t\t\t<\/div>\n\t\t\t\t\t\t\t\t\t\t<div class=\"uael-vg__overlay\"><\/div>\n\t\t\t\t\t\t\t\t\t<\/div>\n\t\t\t\t\t\t\t\t<div class=\"uael-video__gallery-item filter-les-jeunes-en-d--tresse\" id=\"uael-video__gallery-item15\">\n\n\t\t\t\t\t\t\t\t\t\t<div class=\"uael-video__gallery-iframe\" style=\"background-image:url('https:\/\/i.ytimg.com\/vi\/ZEXmW64j7Y0\/hqdefault.jpg');\">\n\t\t\t\t\t\t<a class=\"elementor-clickable uael-vg__play_full\" href=\"https:\/\/www.youtube.com\/embed\/ZEXmW64j7Y0?autoplay=1&amp;version=3&amp;enablejsapi=1\" data-fancybox=\"uael-video-gallery-a924d95\">\n\t\t\t\t\t\t\t<div class=\"uael-video__content-wrap\">\n\t\t\t\t\t\t\t\t<div class=\"uael-video__content\">\n\t\t\t\t\t\t\t\t\t\n\t\t<h4 class=\"uael-video__caption\"><strong>Ceux que nous avons attendus \u2013 Yaron Brown, Yeladim Besikouy (enfants et la chance) <\/strong><br> Yaron Brown, directeur de l\u2019association \u00ab Yeladim Besikouy \u00bb est le type d\u2019invit\u00e9 \u00ab que tout le monde attend \u00bb. Il vient du secteur tertiaire, apr\u00e8s une carri\u00e8re vari\u00e9e dans divers domaines. Il a entam\u00e9 des \u00e9tudes de relations internationales, une carri\u00e8re comme gardien de but de Maccabi Ha\u00effa et depuis plus de vingt ans, travaille dans le monde des affaires et de la publicit\u00e9. Directeur adjoint du marketing et des ventes du Globes, il m\u00e8ne le journal avec responsabilit\u00e9, il est l\u2019un des leaders de son domaine en Isra\u00ebl, et entre autres, a travaill\u00e9 avec de nombreux \u00e9tudiants et adolescents pr\u00e9sentant des handicaps. <br> Lors de l\u2019interview, Brown parle du programme, du chemin qu\u2019il a travers\u00e9 pour arriver \u00e0 Yeladim Besikouy, des diverses activit\u00e9s de l\u2019association agissant pour les enfants en pension et les enfants sans soutien familial, ainsi que d\u2019un jeune enfant particulier qu\u2019il a rencontr\u00e9 lors de son travail, et qui est entr\u00e9 dans son c\u0153ur, devenu par la suite sa famille. <\/h4>\n\n\t\t\t\t\t\t\t\t\t\t\t<div class=\"uael-vg__play\">\n\t\t\t\t\t\t\t\t\t\t\t\t\t\t\t\t\t\t<span class=\"elementor-animation- uael-vg__play-icon\">\n\t\t\t\t\t\t\t\t\t\t\t<\/span>\n\t\t\t\t\t\t\t\t\t\t\t\t\t\t\t\t\t\t<\/div>\n\n\t\t\t\t\t\t\t\t\t\n\t\t\t\t\t\t\t\t<\/div>\n\t\t\t\t\t\t\t<\/div>\n\t\t\t\t\t\t<\/a>\n\t\t\t\t\t<\/div>\n\t\t\t\t\t\t\t\t\t\t<div class=\"uael-vg__overlay\"><\/div>\n\t\t\t\t\t\t\t\t\t<\/div>\n\t\t\t\t\t\t\t\t<div class=\"uael-video__gallery-item filter-les-jeunes-en-d--tresse\" id=\"uael-video__gallery-item16\">\n\n\t\t\t\t\t\t\t\t\t\t<div class=\"uael-video__gallery-iframe\" style=\"background-image:url('https:\/\/i.ytimg.com\/vi\/tY_ZpwaETE4\/hqdefault.jpg');\">\n\t\t\t\t\t\t<a class=\"elementor-clickable uael-vg__play_full\" href=\"https:\/\/www.youtube.com\/embed\/tY_ZpwaETE4?autoplay=1&amp;version=3&amp;enablejsapi=1\" data-fancybox=\"uael-video-gallery-a924d95\">\n\t\t\t\t\t\t\t<div class=\"uael-video__content-wrap\">\n\t\t\t\t\t\t\t\t<div class=\"uael-video__content\">\n\t\t\t\t\t\t\t\t\t\n\t\t<h4 class=\"uael-video__caption\"><strong>Ceux que nous avons attendus \u2013 Avner Dafni, Association Rakefet<\/strong><br> Avner Dafni vient du High Tech, pour arriver \u00e0 l\u2019organisation des jeunes gays Igi, au d\u00e9part comme formateur puis comme directeur. En parall\u00e8le, il a rencontr\u00e9 une personne pr\u00e9sentant une anxi\u00e9t\u00e9 sociale, c\u2019est alors qu\u2019il a d\u00e9cid\u00e9 qu\u2019il n\u2019y avait aucune raison que les adolescents subissent ce type d\u2019anxi\u00e9t\u00e9, sans avoir de r\u00e9ponse adapt\u00e9e. De son exp\u00e9rience, les jeunes souffrent d\u2019anxi\u00e9t\u00e9 sociale, \u00e9vite le contact avec les autres, et la situation ne va qu\u2019en empirant, jusqu\u2019\u00e0 l\u2019\u00e2ge de 15-16 ans, ce qui rend difficile des actions simples comme monter dans un autobus, ou aller acheter une glace. <br> Dafni si\u00e8ge actuellement \u00e0 la t\u00eate de l\u2019association Rakefet, une organisation aidant les jeunes introvertis et timides \u00e0 faire face \u00e0 leur anxi\u00e9t\u00e9 sociale. Lors de l\u2019interview avec Iris London Zolty, il parle de lui, de la cr\u00e9ation de l\u2019association et des diverses activit\u00e9s propos\u00e9es par les agences \u00e0 travers le pays pour des centaines d\u2019adolescents.  <\/h4>\n\n\t\t\t\t\t\t\t\t\t\t\t<div class=\"uael-vg__play\">\n\t\t\t\t\t\t\t\t\t\t\t\t\t\t\t\t\t\t<span class=\"elementor-animation- uael-vg__play-icon\">\n\t\t\t\t\t\t\t\t\t\t\t<\/span>\n\t\t\t\t\t\t\t\t\t\t\t\t\t\t\t\t\t\t<\/div>\n\n\t\t\t\t\t\t\t\t\t\n\t\t\t\t\t\t\t\t<\/div>\n\t\t\t\t\t\t\t<\/div>\n\t\t\t\t\t\t<\/a>\n\t\t\t\t\t<\/div>\n\t\t\t\t\t\t\t\t\t\t<div class=\"uael-vg__overlay\"><\/div>\n\t\t\t\t\t\t\t\t\t<\/div>\n\t\t\t\t\t\t\t\t<div class=\"uael-video__gallery-item filter-les-jeunes-en-d--tresse\" id=\"uael-video__gallery-item17\">\n\n\t\t\t\t\t\t\t\t\t\t<div class=\"uael-video__gallery-iframe\" style=\"background-image:url('https:\/\/i.ytimg.com\/vi\/x9P6wE7mN7U\/hqdefault.jpg');\">\n\t\t\t\t\t\t<a class=\"elementor-clickable uael-vg__play_full\" href=\"https:\/\/www.youtube.com\/embed\/x9P6wE7mN7U?autoplay=1&amp;version=3&amp;enablejsapi=1\" data-fancybox=\"uael-video-gallery-a924d95\">\n\t\t\t\t\t\t\t<div class=\"uael-video__content-wrap\">\n\t\t\t\t\t\t\t\t<div class=\"uael-video__content\">\n\t\t\t\t\t\t\t\t\t\n\t\t<h4 class=\"uael-video__caption\"><strong>Ceux que nous avons attendus \u2013 Shirit Kasher, Ratsei Hasimtaot \u00ab coureurs dans les impasses \u00bb <\/strong><br> Shirit Kasher aime la course et court souvent seule. Ayant un jour assist\u00e9 \u00e0 une comp\u00e9tition, elle s\u2019est demand\u00e9 pourquoi la plupart des participants \u00e9taient des hommes et pourquoi si peu de femmes couraient de fa\u00e7on professionnelle. Elle a donc d\u00e9cid\u00e9 de tenter d\u2019organiser un groupe de femmes permanent. Lors de l\u2019interview avec Iris London Zolty, elle raconte le processus, la r\u00e9ussite impressionnante et le fondement de l\u2019association d\u2019athl\u00e9tisme \u00ab Ratsei Hasimtaot \u00bb. <br> Actuellement, l\u2019association \u00e0 la t\u00eate de laquelle se trouve Shirit, agit pour changer la r\u00e9alit\u00e9 de la vie des adolescents et adolescentes issus de couches sociaux \u00e9conomiques faibles en leur accordant un encadrement sportif social les encourageant \u00e0 devenir de meilleurs \u00e9tudiants, des leader sociaux et des athl\u00e8tes professionnels. <\/h4>\n\n\t\t\t\t\t\t\t\t\t\t\t<div class=\"uael-vg__play\">\n\t\t\t\t\t\t\t\t\t\t\t\t\t\t\t\t\t\t<span class=\"elementor-animation- uael-vg__play-icon\">\n\t\t\t\t\t\t\t\t\t\t\t<\/span>\n\t\t\t\t\t\t\t\t\t\t\t\t\t\t\t\t\t\t<\/div>\n\n\t\t\t\t\t\t\t\t\t\n\t\t\t\t\t\t\t\t<\/div>\n\t\t\t\t\t\t\t<\/div>\n\t\t\t\t\t\t<\/a>\n\t\t\t\t\t<\/div>\n\t\t\t\t\t\t\t\t\t\t<div class=\"uael-vg__overlay\"><\/div>\n\t\t\t\t\t\t\t\t\t<\/div>\n\t\t\t\t\t\t\t\t<div class=\"uael-video__gallery-item filter-les-jeunes-en-d--tresse\" id=\"uael-video__gallery-item18\">\n\n\t\t\t\t\t\t\t\t\t\t<div class=\"uael-video__gallery-iframe\" style=\"background-image:url('https:\/\/i.ytimg.com\/vi\/vxke_5-XDyY\/hqdefault.jpg');\">\n\t\t\t\t\t\t<a class=\"elementor-clickable uael-vg__play_full\" href=\"https:\/\/www.youtube.com\/embed\/vxke_5-XDyY?autoplay=1&amp;version=3&amp;enablejsapi=1\" data-fancybox=\"uael-video-gallery-a924d95\">\n\t\t\t\t\t\t\t<div class=\"uael-video__content-wrap\">\n\t\t\t\t\t\t\t\t<div class=\"uael-video__content\">\n\t\t\t\t\t\t\t\t\t\n\t\t<h4 class=\"uael-video__caption\"><strong>Ceux que nous avons attendus \u2013 Assaf Weiss, association Ma\u2019agalim<\/strong><br> Assaf Weiss est fondateur et directeur de l\u2019association \u00ab Ma\u2019agalim \u00bb, un mouvement traitant de la promotion individuelle et de l\u2019apport de valeur dans la soci\u00e9t\u00e9 isra\u00e9lienne, principalement dans la p\u00e9riph\u00e9rie g\u00e9ographique et sociale. Au fil des ans, l\u2019association a aid\u00e9 des milliers de jeunes \u00e0 prendre une responsabilit\u00e9 individuelle et sociale, et approfondit leur identit\u00e9 juive, conna\u00eetre l\u2019importance d\u2019un service important et renforcer les moyens de confrontation avec les d\u00e9fis de la vie. <br> Lors de l\u2019interview avec Iris London Zolty, Weiss parle de sa vision du monde, de l\u2019association Ma\u2019agalim, les moyens fascinants par lesquels elle pr\u00e9pare les jeunes \u00e0 faire face aux d\u00e9fis de la vie, les challenges que l\u2019association a travers\u00e9s et ceux qui lui reste encore \u00e0 vaincre. <\/h4>\n\n\t\t\t\t\t\t\t\t\t\t\t<div class=\"uael-vg__play\">\n\t\t\t\t\t\t\t\t\t\t\t\t\t\t\t\t\t\t<span class=\"elementor-animation- uael-vg__play-icon\">\n\t\t\t\t\t\t\t\t\t\t\t<\/span>\n\t\t\t\t\t\t\t\t\t\t\t\t\t\t\t\t\t\t<\/div>\n\n\t\t\t\t\t\t\t\t\t\n\t\t\t\t\t\t\t\t<\/div>\n\t\t\t\t\t\t\t<\/div>\n\t\t\t\t\t\t<\/a>\n\t\t\t\t\t<\/div>\n\t\t\t\t\t\t\t\t\t\t<div class=\"uael-vg__overlay\"><\/div>\n\t\t\t\t\t\t\t\t\t<\/div>\n\t\t\t\t\t\t\t\t<div class=\"uael-video__gallery-item filter-les-jeunes-en-d--tresse\" id=\"uael-video__gallery-item19\">\n\n\t\t\t\t\t\t\t\t\t\t<div class=\"uael-video__gallery-iframe\" style=\"background-image:url('https:\/\/i.ytimg.com\/vi\/-OF_0QvtG2I\/hqdefault.jpg');\">\n\t\t\t\t\t\t<a class=\"elementor-clickable uael-vg__play_full\" href=\"https:\/\/www.youtube.com\/embed\/-OF_0QvtG2I?autoplay=1&amp;version=3&amp;enablejsapi=1\" data-fancybox=\"uael-video-gallery-a924d95\">\n\t\t\t\t\t\t\t<div class=\"uael-video__content-wrap\">\n\t\t\t\t\t\t\t\t<div class=\"uael-video__content\">\n\t\t\t\t\t\t\t\t\t\n\t\t<h4 class=\"uael-video__caption\"><strong>Ceux que nous avons attendus \u2013 Mali Danino, directrice de l\u2019association Nitsan<\/strong><br> L\u2019association Nitsan a \u00e9t\u00e9 cr\u00e9\u00e9 en 1964, elle est activ\u00e9e par des parents et des b\u00e9n\u00e9voles dans le but de localiser, diagnostiquer et traiter des enfants, jeunes et plus adultes pr\u00e9sentant des difficult\u00e9s d\u2019apprentissage, des troubles de l\u2019attention, des difficult\u00e9s d\u2019int\u00e9gration et des difficult\u00e9s d\u2019agissement. En parall\u00e8le, l\u2019association apporte un soutien et une formation aux parents faisant face aux difficult\u00e9s d\u2019\u00e9duquer des enfants particuliers. <br> Lors de l\u2019interview avec Iris London Zolty, Mali Danino, si\u00e9geant \u00e0 la t\u00eate de l\u2019association, parle de son histoire, le chemin qu\u2019elle a travers\u00e9 jusqu\u2019\u00e0 aujourd\u2019hui et les parents qu\u2019elle a rencontr\u00e9s. En outre, elle raconte son parcours professionnel, depuis la licence en science comportementale et psychologie, son travail comme conseill\u00e8re en \u00e9ducation jusqu\u2019\u00e0 poste qu\u2019elle occupe depuis plus de 15 ans, directrice de l\u2019association Nitsan.  <\/h4>\n\n\t\t\t\t\t\t\t\t\t\t\t<div class=\"uael-vg__play\">\n\t\t\t\t\t\t\t\t\t\t\t\t\t\t\t\t\t\t<span class=\"elementor-animation- uael-vg__play-icon\">\n\t\t\t\t\t\t\t\t\t\t\t<\/span>\n\t\t\t\t\t\t\t\t\t\t\t\t\t\t\t\t\t\t<\/div>\n\n\t\t\t\t\t\t\t\t\t\n\t\t\t\t\t\t\t\t<\/div>\n\t\t\t\t\t\t\t<\/div>\n\t\t\t\t\t\t<\/a>\n\t\t\t\t\t<\/div>\n\t\t\t\t\t\t\t\t\t\t<div class=\"uael-vg__overlay\"><\/div>\n\t\t\t\t\t\t\t\t\t<\/div>\n\t\t\t\t\t\t\t\t<div class=\"uael-video__gallery-item filter-les-jeunes-en-d--tresse\" id=\"uael-video__gallery-item20\">\n\n\t\t\t\t\t\t\t\t\t\t<div class=\"uael-video__gallery-iframe\" style=\"background-image:url('https:\/\/i.ytimg.com\/vi\/eyXoAJ0qCC4\/hqdefault.jpg');\">\n\t\t\t\t\t\t<a class=\"elementor-clickable uael-vg__play_full\" href=\"https:\/\/www.youtube.com\/embed\/eyXoAJ0qCC4?autoplay=1&amp;version=3&amp;enablejsapi=1\" data-fancybox=\"uael-video-gallery-a924d95\">\n\t\t\t\t\t\t\t<div class=\"uael-video__content-wrap\">\n\t\t\t\t\t\t\t\t<div class=\"uael-video__content\">\n\t\t\t\t\t\t\t\t\t\n\t\t<h4 class=\"uael-video__caption\"><strong>Ceux que nous avons attendus \u2013 Lilo Tsarfati, et Alem Ibrahim, du centre isra\u00e9lien de tennis<\/strong><br> Le centre isra\u00e9lien de tennis a \u00e9t\u00e9 cr\u00e9\u00e9 pour les amateurs de tennis, consid\u00e9rant le sport comme une plateforme de r\u00e9ussite pour les jeunes. Actuellement, il compte 14 centres de tennis en Isra\u00ebl, particuli\u00e8rement en p\u00e9riph\u00e9rie et dans les quartiers en d\u00e9tresse. Outre l\u2019apprentissage du tennis, les centres g\u00e8rent des activit\u00e9s vari\u00e9es pour les enfants, de la petite enfance aux adolescents et leur accordent des outils importants qui seront utilis\u00e9s par la suite. <br> Lors de l\u2019interview avec Iris London Zolty, sont arriv\u00e9s Alem Ibrahim, directeur du centre de tennis du village Sagior et Lilo Tsarfati, g\u00e9rant les r\u00e9gions du centre et du nord du centre de tennis. Les deux ont raconter leur vie et leur approche selon laquelle il est possible d\u2019apporter \u00e0 tout enfant l\u2019opportunit\u00e9 d\u2019apprendre le jeu de la vie par le tennis. <\/h4>\n\n\t\t\t\t\t\t\t\t\t\t\t<div class=\"uael-vg__play\">\n\t\t\t\t\t\t\t\t\t\t\t\t\t\t\t\t\t\t<span class=\"elementor-animation- uael-vg__play-icon\">\n\t\t\t\t\t\t\t\t\t\t\t<\/span>\n\t\t\t\t\t\t\t\t\t\t\t\t\t\t\t\t\t\t<\/div>\n\n\t\t\t\t\t\t\t\t\t\n\t\t\t\t\t\t\t\t<\/div>\n\t\t\t\t\t\t\t<\/div>\n\t\t\t\t\t\t<\/a>\n\t\t\t\t\t<\/div>\n\t\t\t\t\t\t\t\t\t\t<div class=\"uael-vg__overlay\"><\/div>\n\t\t\t\t\t\t\t\t\t<\/div>\n\t\t\t\t\t\t\t\t<div class=\"uael-video__gallery-item filter-les-jeunes-en-d--tresse\" id=\"uael-video__gallery-item21\">\n\n\t\t\t\t\t\t\t\t\t\t<div class=\"uael-video__gallery-iframe\" style=\"background-image:url('https:\/\/i.ytimg.com\/vi\/4k9UQFvYyFo\/hqdefault.jpg');\">\n\t\t\t\t\t\t<a class=\"elementor-clickable uael-vg__play_full\" href=\"https:\/\/www.youtube.com\/embed\/4k9UQFvYyFo?autoplay=1&amp;version=3&amp;enablejsapi=1\" data-fancybox=\"uael-video-gallery-a924d95\">\n\t\t\t\t\t\t\t<div class=\"uael-video__content-wrap\">\n\t\t\t\t\t\t\t\t<div class=\"uael-video__content\">\n\t\t\t\t\t\t\t\t\t\n\t\t<h4 class=\"uael-video__caption\"><strong>Ceux que nous avons attendus \u2013 Gina Elbaz, association \u00ab Hahelek Sheli Ba Puzzle \u00bb <\/strong><br> Gina Elbaz \u00e9tait une adolescente timide, qui s\u2019est retrouv\u00e9e, lors de son service militaire, dans un camp de vacance de l\u2019Agence Juive \u00e0 l\u2019\u00e9tranger, c\u2019est l\u00e0 qu\u2019elle a d\u00e9couvert ce qu\u2019\u00e9taient des besoins particuliers, elle a imm\u00e9diatement senti qu\u2019il s\u2019agissait l\u00e0 de son destin. Rentr\u00e9e en Isra\u00ebl, elle a compris son d\u00e9sir de lier les jeunes en d\u00e9tresse aux jeunes pr\u00e9sentant des besoins particuliers. L\u2019ann\u00e9e suivante, elle est partie \u00e0 nouveau dans un camp de vacance, amenant avec elle cette fois-ci six jeunes en d\u00e9tresse de Ramle. Comme elle le raconte \u00e0 Iris London Zolty, c\u2019\u00e9tait tout simplement magique. <br> Cette r\u00e9ussite a men\u00e9 Elbaz, avec son amie Shaked Carp, \u00e0 fonder l\u2019association \u00ab Hahelek Sheki Ba Puzzle \u00bb, alliant des enfants et jeunes en d\u00e9tresse avec des enfants et des jeunes issus de l\u2019\u00e9ducation sp\u00e9ciale et leur donnant la possibilit\u00e9 de conna\u00eetre, faire face aux limites et handicaps, s\u2019examiner et s\u2019\u00e9panouir. <\/h4>\n\n\t\t\t\t\t\t\t\t\t\t\t<div class=\"uael-vg__play\">\n\t\t\t\t\t\t\t\t\t\t\t\t\t\t\t\t\t\t<span class=\"elementor-animation- uael-vg__play-icon\">\n\t\t\t\t\t\t\t\t\t\t\t<\/span>\n\t\t\t\t\t\t\t\t\t\t\t\t\t\t\t\t\t\t<\/div>\n\n\t\t\t\t\t\t\t\t\t\n\t\t\t\t\t\t\t\t<\/div>\n\t\t\t\t\t\t\t<\/div>\n\t\t\t\t\t\t<\/a>\n\t\t\t\t\t<\/div>\n\t\t\t\t\t\t\t\t\t\t<div class=\"uael-vg__overlay\"><\/div>\n\t\t\t\t\t\t\t\t\t<\/div>\n\t\t\t\t\t\t\t\t<div class=\"uael-video__gallery-item filter-les-jeunes-en-d--tresse\" id=\"uael-video__gallery-item22\">\n\n\t\t\t\t\t\t\t\t\t\t<div class=\"uael-video__gallery-iframe\" style=\"background-image:url('https:\/\/i.ytimg.com\/vi\/hQPX7I1QzA0\/hqdefault.jpg');\">\n\t\t\t\t\t\t<a class=\"elementor-clickable uael-vg__play_full\" href=\"https:\/\/www.youtube.com\/embed\/hQPX7I1QzA0?autoplay=1&amp;version=3&amp;enablejsapi=1\" data-fancybox=\"uael-video-gallery-a924d95\">\n\t\t\t\t\t\t\t<div class=\"uael-video__content-wrap\">\n\t\t\t\t\t\t\t\t<div class=\"uael-video__content\">\n\t\t\t\t\t\t\t\t\t\n\t\t<h4 class=\"uael-video__caption\"><strong>Ceux que nous avons attendus \u2013 Tal Valentin, mouvement Dror Isra\u00ebl<\/strong><br> Tal Valentin a grandi et \u00e9volu\u00e9 dans le mouvement de jeunesse Haoved Ve Halomed. Une fois lib\u00e9r\u00e9 de l\u2019arm\u00e9e, il a rejoint Dror Isra\u00ebl, un mouvement pour les adultes, avec un besoin, une opportunit\u00e9 et une volont\u00e9 individuelle, il agit dans les maisons des jeunes du quartier Hadar de Ha\u00effa. La maison des jeunes est en r\u00e9alit\u00e9 un centre destin\u00e9 aux enfants de CM1 \u00e0 la 6\u00e8me, dans lequel se rendent les enfants pour assister \u00e0 diverses activit\u00e9s transmises par des \u00e9tudiants b\u00e9n\u00e9voles. <br> Lors de l\u2019interview avec Iris London Zolty, Tal parle du chemin parcouru dans le mouvement de jeunesse Haoved Ve Halomed, son d\u00e9sir de travailler avec des enfants et son aspiration \u00e0 annuler la hi\u00e9rarchie existante dans la soci\u00e9t\u00e9 envers les enfants ; hi\u00e9rarchie rendant difficile de les \u00e9couter et prendre leurs opinions en consid\u00e9ration. Il raconte entre outre les activit\u00e9s de la maison des jeunes et la collaboration avec la mairie de Ha\u00effa. <\/h4>\n\n\t\t\t\t\t\t\t\t\t\t\t<div class=\"uael-vg__play\">\n\t\t\t\t\t\t\t\t\t\t\t\t\t\t\t\t\t\t<span class=\"elementor-animation- uael-vg__play-icon\">\n\t\t\t\t\t\t\t\t\t\t\t<\/span>\n\t\t\t\t\t\t\t\t\t\t\t\t\t\t\t\t\t\t<\/div>\n\n\t\t\t\t\t\t\t\t\t\n\t\t\t\t\t\t\t\t<\/div>\n\t\t\t\t\t\t\t<\/div>\n\t\t\t\t\t\t<\/a>\n\t\t\t\t\t<\/div>\n\t\t\t\t\t\t\t\t\t\t<div class=\"uael-vg__overlay\"><\/div>\n\t\t\t\t\t\t\t\t\t<\/div>\n\t\t\t\t\t\t\t\t<div class=\"uael-video__gallery-item filter-les-jeunes-en-d--tresse\" id=\"uael-video__gallery-item23\">\n\n\t\t\t\t\t\t\t\t\t\t<div class=\"uael-video__gallery-iframe\" style=\"background-image:url('https:\/\/i.ytimg.com\/vi\/o7lRGo2T6Eg\/hqdefault.jpg');\">\n\t\t\t\t\t\t<a class=\"elementor-clickable uael-vg__play_full\" href=\"https:\/\/www.youtube.com\/embed\/o7lRGo2T6Eg?autoplay=1&amp;version=3&amp;enablejsapi=1\" data-fancybox=\"uael-video-gallery-a924d95\">\n\t\t\t\t\t\t\t<div class=\"uael-video__content-wrap\">\n\t\t\t\t\t\t\t\t<div class=\"uael-video__content\">\n\t\t\t\t\t\t\t\t\t\n\t\t<h4 class=\"uael-video__caption\"><strong>Ceux que nous avons attendus \u2013 Miki Hayat et Ravital Shaltiel, association Haridim leketsev<\/strong><br> Miki Hayat est dans la Capoeira depuis plus de 20 ans, et instructeur de Capoeira depuis une dizaine d\u2019ann\u00e9es. Ravital Shaltiel est professeur de fitness depuis environ 2 ans. Les deux sont issus du monde orthodoxe dans lequel le sport n\u2019est pas particuli\u00e8rement reconnu, mais l\u2019association qu\u2019ils repr\u00e9sentent \u00ab Haridim Leketsev \u00bb a \u00e9t\u00e9 cr\u00e9\u00e9e afin de changer cette situation. L\u2019association agit pour la promotion du sport \u00e0 travers toutes les couches des orthodoxes, des jeunes gar\u00e7ons et des filles jusqu\u2019aux hommes et femmes. <br> Lors de l\u2019interview avec Iris London Zolty, Miki et Ravital parlent de leur vie, leur lien avec le sport et les activit\u00e9s de l\u2019association pour le d\u00e9veloppement du sport chez les orthodoxes. Ils d\u00e9crivent la fa\u00e7on dont ils ont rendu le sport accessible \u00e0 cette communaut\u00e9, racontant les projets sociaux particuliers pour le renforcement des jeunes en d\u00e9tresse et l\u2019insertion de valeurs de mode de vie sain tout en respectant les r\u00e8gles de la Halacha. <\/h4>\n\n\t\t\t\t\t\t\t\t\t\t\t<div class=\"uael-vg__play\">\n\t\t\t\t\t\t\t\t\t\t\t\t\t\t\t\t\t\t<span class=\"elementor-animation- uael-vg__play-icon\">\n\t\t\t\t\t\t\t\t\t\t\t<\/span>\n\t\t\t\t\t\t\t\t\t\t\t\t\t\t\t\t\t\t<\/div>\n\n\t\t\t\t\t\t\t\t\t\n\t\t\t\t\t\t\t\t<\/div>\n\t\t\t\t\t\t\t<\/div>\n\t\t\t\t\t\t<\/a>\n\t\t\t\t\t<\/div>\n\t\t\t\t\t\t\t\t\t\t<div class=\"uael-vg__overlay\"><\/div>\n\t\t\t\t\t\t\t\t\t<\/div>\n\t\t\t\t\t\t\t\t<div class=\"uael-video__gallery-item filter-les-jeunes-en-d--tresse\" id=\"uael-video__gallery-item24\">\n\n\t\t\t\t\t\t\t\t\t\t<div class=\"uael-video__gallery-iframe\" style=\"background-image:url('https:\/\/i.ytimg.com\/vi\/-OoPlDWTWwQ\/hqdefault.jpg');\">\n\t\t\t\t\t\t<a class=\"elementor-clickable uael-vg__play_full\" href=\"https:\/\/www.youtube.com\/embed\/-OoPlDWTWwQ?autoplay=1&amp;version=3&amp;enablejsapi=1\" data-fancybox=\"uael-video-gallery-a924d95\">\n\t\t\t\t\t\t\t<div class=\"uael-video__content-wrap\">\n\t\t\t\t\t\t\t\t<div class=\"uael-video__content\">\n\t\t\t\t\t\t\t\t\t\n\t\t<h4 class=\"uael-video__caption\"><strong>Ceux que nous avons attendus \u2013 Yuvi Tsuma-Katz, association Haverim Bateva<\/strong><br> Iris London Zolty invite Yuvi Tsuma-Katz, une des fondatrices de l\u2019association \u00ab Haverim Bateva \u2013 promotion communautaire \u00bb, cr\u00e9\u00e9e en 2005 par des isra\u00e9liens issus d\u2019Ethiopie. Entre autres, l\u2019association aide les jeunes en d\u00e9tresse pour une \u00e9ducation informelle, \u00e0 d\u00e9velopper une identit\u00e9 ind\u00e9pendante, et r\u00e9aliser leur potentiel, reliant les couches sociales en cr\u00e9ant une atmosph\u00e8re de tol\u00e9rance et renfor\u00e7ant le lien entre les r\u00e9sidents d\u2019Isra\u00ebl avec leur pays. <br> L\u2019association travaille principalement aupr\u00e8s de la communaut\u00e9 des personnes venues d\u2019Ethiopie en Isra\u00ebl, mais \u00e9galement aupr\u00e8s d\u2019autres communaut\u00e9s. Lors de l\u2019interview, Yuvi raconte les raisons qui l\u2019ont pouss\u00e9e \u00e0 cr\u00e9er l\u2019association, ses activit\u00e9s et les challenges auxquels elle fait face. Trois de ses enfants sont \u00e9galement invit\u00e9s pour raconter les r\u00e9alisations de leur m\u00e8re. <\/h4>\n\n\t\t\t\t\t\t\t\t\t\t\t<div class=\"uael-vg__play\">\n\t\t\t\t\t\t\t\t\t\t\t\t\t\t\t\t\t\t<span class=\"elementor-animation- uael-vg__play-icon\">\n\t\t\t\t\t\t\t\t\t\t\t<\/span>\n\t\t\t\t\t\t\t\t\t\t\t\t\t\t\t\t\t\t<\/div>\n\n\t\t\t\t\t\t\t\t\t\n\t\t\t\t\t\t\t\t<\/div>\n\t\t\t\t\t\t\t<\/div>\n\t\t\t\t\t\t<\/a>\n\t\t\t\t\t<\/div>\n\t\t\t\t\t\t\t\t\t\t<div class=\"uael-vg__overlay\"><\/div>\n\t\t\t\t\t\t\t\t\t<\/div>\n\t\t\t\t\t\t\t\t<div class=\"uael-video__gallery-item filter-les-jeunes-en-d--tresse\" id=\"uael-video__gallery-item25\">\n\n\t\t\t\t\t\t\t\t\t\t<div class=\"uael-video__gallery-iframe\" style=\"background-image:url('https:\/\/i.ytimg.com\/vi\/nG01y7BmbeY\/hqdefault.jpg');\">\n\t\t\t\t\t\t<a class=\"elementor-clickable uael-vg__play_full\" href=\"https:\/\/www.youtube.com\/embed\/nG01y7BmbeY?autoplay=1&amp;version=3&amp;enablejsapi=1\" data-fancybox=\"uael-video-gallery-a924d95\">\n\t\t\t\t\t\t\t<div class=\"uael-video__content-wrap\">\n\t\t\t\t\t\t\t\t<div class=\"uael-video__content\">\n\t\t\t\t\t\t\t\t\t\n\t\t<h4 class=\"uael-video__caption\"><strong>Ceux que nous avons attendus \u2013 Ran Shimoni, projet Yaldey Hamusika - enfants de la musique<\/strong><br> Ran Shimoni est musicien, ayant r\u00e9ussi \u00e0 trouver son chemin alliant la musique et l\u2019action sociale. Il parle \u00e0 Iris London Zolty du projet \u00ab Yaldey Hamusika \u00bb. L\u2019objectif du projet est de localiser les enfants et adolescents ayant un talent musical et une passion pour la musique, issus de familles qui ne sont pas en mesure de financier des cours de musique, des instruments de musique. <br> Lors de l\u2019interview avec Iris London Zolty, il parle de son amour pour la musique, les \u00e9v\u00e9nements cl\u00e9s qui l\u2019ont men\u00e9 \u00e0 cr\u00e9er le projet et le soutien qu\u2019il re\u00e7oit dans l\u2019industrie de la musique en Isra\u00ebl. Le projet a jusqu\u2019\u00e0 pr\u00e9sent aid\u00e9 des dizaines d\u2019enfants issus de diverses couches, des Juifs, des Arabes, des nouveaux immigrants et des enfants de travailleurs \u00e9trangers. <\/h4>\n\n\t\t\t\t\t\t\t\t\t\t\t<div class=\"uael-vg__play\">\n\t\t\t\t\t\t\t\t\t\t\t\t\t\t\t\t\t\t<span class=\"elementor-animation- uael-vg__play-icon\">\n\t\t\t\t\t\t\t\t\t\t\t<\/span>\n\t\t\t\t\t\t\t\t\t\t\t\t\t\t\t\t\t\t<\/div>\n\n\t\t\t\t\t\t\t\t\t\n\t\t\t\t\t\t\t\t<\/div>\n\t\t\t\t\t\t\t<\/div>\n\t\t\t\t\t\t<\/a>\n\t\t\t\t\t<\/div>\n\t\t\t\t\t\t\t\t\t\t<div class=\"uael-vg__overlay\"><\/div>\n\t\t\t\t\t\t\t\t\t<\/div>\n\t\t\t\t\t\t\t\t<div class=\"uael-video__gallery-item filter-les-jeunes-en-d--tresse\" id=\"uael-video__gallery-item26\">\n\n\t\t\t\t\t\t\t\t\t\t<div class=\"uael-video__gallery-iframe\" style=\"background-image:url('https:\/\/i.ytimg.com\/vi\/hI0Bo2XyFVE\/hqdefault.jpg');\">\n\t\t\t\t\t\t<a class=\"elementor-clickable uael-vg__play_full\" href=\"https:\/\/www.youtube.com\/embed\/hI0Bo2XyFVE?autoplay=1&amp;version=3&amp;enablejsapi=1\" data-fancybox=\"uael-video-gallery-a924d95\">\n\t\t\t\t\t\t\t<div class=\"uael-video__content-wrap\">\n\t\t\t\t\t\t\t\t<div class=\"uael-video__content\">\n\t\t\t\t\t\t\t\t\t\n\t\t<h4 class=\"uael-video__caption\"><strong>Ceux que nous avons attendus \u2013 Oded Soroka, fondation Ahi<\/strong><br> La fondation Ahi a \u00e9t\u00e9 cr\u00e9\u00e9 pour apporter un foyer aux adolescents et adolescentes en d\u00e9tresse ainsi qu\u2019aux soldats isol\u00e9s. La fondation apporte un soutien, particuli\u00e8rement dans la formation et l\u2019emploi. La fondation propose une vari\u00e9t\u00e9 d\u2019activit\u00e9s, de formations et de s\u00e9minaires, aide \u00e0 cr\u00e9er un lien entre les jeunes en d\u00e9tresse et les soldats isol\u00e9s et les familles, mentor et des organismes professionnels de haut niveau en Isra\u00ebl et \u00e0 l\u2019\u00e9tranger, int\u00e9ress\u00e9s \u00e0 engager des personnes de qualit\u00e9 \u00e0 long terme. <br> Oded Soroka raconte \u00e0 Iris London Zolty la vision d\u2019Ahi, le parcours fascinant jusqu\u2019\u00e0 la cr\u00e9ation de la fondation et la cr\u00e9ation du village Ahi d\u2019implication mutuelle. Le village accorde des outils aux adolescents avant le service militaire, un soutien aux soldats isol\u00e9s durant le service et la formation \u00e0 l\u2019emploi pour les soldats isol\u00e9s lib\u00e9r\u00e9s.<\/h4>\n\n\t\t\t\t\t\t\t\t\t\t\t<div class=\"uael-vg__play\">\n\t\t\t\t\t\t\t\t\t\t\t\t\t\t\t\t\t\t<span class=\"elementor-animation- uael-vg__play-icon\">\n\t\t\t\t\t\t\t\t\t\t\t<\/span>\n\t\t\t\t\t\t\t\t\t\t\t\t\t\t\t\t\t\t<\/div>\n\n\t\t\t\t\t\t\t\t\t\n\t\t\t\t\t\t\t\t<\/div>\n\t\t\t\t\t\t\t<\/div>\n\t\t\t\t\t\t<\/a>\n\t\t\t\t\t<\/div>\n\t\t\t\t\t\t\t\t\t\t<div class=\"uael-vg__overlay\"><\/div>\n\t\t\t\t\t\t\t\t\t<\/div>\n\t\t\t\t\t\t\t\t<div class=\"uael-video__gallery-item filter-les-jeunes-en-d--tresse\" id=\"uael-video__gallery-item27\">\n\n\t\t\t\t\t\t\t\t\t\t<div class=\"uael-video__gallery-iframe\" style=\"background-image:url('https:\/\/i.ytimg.com\/vi\/L3QdtovBCYg\/hqdefault.jpg');\">\n\t\t\t\t\t\t<a class=\"elementor-clickable uael-vg__play_full\" href=\"https:\/\/www.youtube.com\/embed\/L3QdtovBCYg?autoplay=1&amp;version=3&amp;enablejsapi=1\" data-fancybox=\"uael-video-gallery-a924d95\">\n\t\t\t\t\t\t\t<div class=\"uael-video__content-wrap\">\n\t\t\t\t\t\t\t\t<div class=\"uael-video__content\">\n\t\t\t\t\t\t\t\t\t\n\t\t<h4 class=\"uael-video__caption\"><strong>Ceux que nous avons attendus \u2013 Vered Nitsani Coziokro et Lital Vasserman, lyc\u00e9e \u00ab Musot \u00bb <\/strong><br> Vered Nitsani Coziokro et LItal Vasserman se sont connues en travaillant ensemble dans l\u2019association Elem. Connaissant la situation des jeunes en d\u00e9tresse, elles ont compris qu\u2019il y avait un besoin r\u00e9el de r\u00e9ponse \u00e0 long terme, et l\u2019apport d\u2019une opportunit\u00e9 \u00e9gale \u00e0 ceux qui ont perdu leur chemin dans divers encadrements. Apr\u00e8s deux ans de d\u00e9veloppement de l\u2019id\u00e9e, elles ont cr\u00e9\u00e9 le lyc\u00e9e d\u2019arts \u00ab Musot \u00bb \u00e0 Jaffa. <br> Le lyc\u00e9e a ouvert ses portes en 2005, accueillant des jeunes ayant abandonn\u00e9 les \u00e9tudes pour diverses raisons. Actuellement \u00ab musot \u00bb est un lieu dans lequel les adolescents et adolescentes de la seconde \u00e0 la terminale re\u00e7oivent la possibilit\u00e9 de cr\u00e9er, d\u2019\u00e9tudier et d\u2019allier les \u00e9tudes d\u2019art aux \u00e9tudes du baccalaur\u00e9at pour exprimer leurs capacit\u00e9s individuelles et cr\u00e9atives. Lors de l\u2019interview avec Iris London Zolty, elles parlent d\u2019elles et de l\u2019\u00e9cole unique qu\u2019elles ont cr\u00e9\u00e9e.<\/h4>\n\n\t\t\t\t\t\t\t\t\t\t\t<div class=\"uael-vg__play\">\n\t\t\t\t\t\t\t\t\t\t\t\t\t\t\t\t\t\t<span class=\"elementor-animation- uael-vg__play-icon\">\n\t\t\t\t\t\t\t\t\t\t\t<\/span>\n\t\t\t\t\t\t\t\t\t\t\t\t\t\t\t\t\t\t<\/div>\n\n\t\t\t\t\t\t\t\t\t\n\t\t\t\t\t\t\t\t<\/div>\n\t\t\t\t\t\t\t<\/div>\n\t\t\t\t\t\t<\/a>\n\t\t\t\t\t<\/div>\n\t\t\t\t\t\t\t\t\t\t<div class=\"uael-vg__overlay\"><\/div>\n\t\t\t\t\t\t\t\t\t<\/div>\n\t\t\t\t\t\t\t\t<div class=\"uael-video__gallery-item filter-les-jeunes-en-d--tresse\" id=\"uael-video__gallery-item28\">\n\n\t\t\t\t\t\t\t\t\t\t<div class=\"uael-video__gallery-iframe\" style=\"background-image:url('https:\/\/i.ytimg.com\/vi\/5XvTmk-5ZKo\/hqdefault.jpg');\">\n\t\t\t\t\t\t<a class=\"elementor-clickable uael-vg__play_full\" href=\"https:\/\/www.youtube.com\/embed\/5XvTmk-5ZKo?autoplay=1&amp;version=3&amp;enablejsapi=1\" data-fancybox=\"uael-video-gallery-a924d95\">\n\t\t\t\t\t\t\t<div class=\"uael-video__content-wrap\">\n\t\t\t\t\t\t\t\t<div class=\"uael-video__content\">\n\t\t\t\t\t\t\t\t\t\n\t\t<h4 class=\"uael-video__caption\"><strong>Ceux que nous avons attendus \u2013 Dr. Michal Komem et Roni Eyal Lubling, centre Rotem et Ecole acad\u00e9mique Sapir<\/strong><br> Le centre Rotem agit depuis plus de dix ans au sein de l\u2019\u00e9cole acad\u00e9mique Sapir, destin\u00e9 aux adolescentes et jeunes filles ayant fait face \u00e0 un moment donn\u00e9 \u00e0 des situations de d\u00e9tresse et de danger, ou ayant abandonn\u00e9 l\u2019environnement social pour diverses raisons. L\u2019objectif du centre est d\u2019aider ces m\u00eames femmes en leur donnant l\u2019opportunit\u00e9 d\u2019avancer au niveau individuel, social, des \u00e9tudes et de l\u2019emploi. Le centre aspire ainsi \u00e0 lancer l\u2019exp\u00e9rience de vie des jeunes filles et d\u2019en faire une ressource tout en encourageant et menant leur communaut\u00e9, pour pouvoir devenir une inspiration pour les autres jeunes filles ayant v\u00e9cu des \u00e9v\u00e9nements semblables. <br> Lors de l\u2019interview avec Iris London Zolty, le Dr. Michal Komem et Roni Eyal Lubling sont deux femmes travaillant \u00e0 la cr\u00e9ation du centre Rotem, et racontant leur parcours. <\/h4>\n\n\t\t\t\t\t\t\t\t\t\t\t<div class=\"uael-vg__play\">\n\t\t\t\t\t\t\t\t\t\t\t\t\t\t\t\t\t\t<span class=\"elementor-animation- uael-vg__play-icon\">\n\t\t\t\t\t\t\t\t\t\t\t<\/span>\n\t\t\t\t\t\t\t\t\t\t\t\t\t\t\t\t\t\t<\/div>\n\n\t\t\t\t\t\t\t\t\t\n\t\t\t\t\t\t\t\t<\/div>\n\t\t\t\t\t\t\t<\/div>\n\t\t\t\t\t\t<\/a>\n\t\t\t\t\t<\/div>\n\t\t\t\t\t\t\t\t\t\t<div class=\"uael-vg__overlay\"><\/div>\n\t\t\t\t\t\t\t\t\t<\/div>\n\t\t\t\t\t\t\t\t<div class=\"uael-video__gallery-item filter-les-jeunes-en-d--tresse\" id=\"uael-video__gallery-item29\">\n\n\t\t\t\t\t\t\t\t\t\t<div class=\"uael-video__gallery-iframe\" style=\"background-image:url('https:\/\/i.ytimg.com\/vi\/XaaziSJ8Hyg\/hqdefault.jpg');\">\n\t\t\t\t\t\t<a class=\"elementor-clickable uael-vg__play_full\" href=\"https:\/\/www.youtube.com\/embed\/XaaziSJ8Hyg?autoplay=1&amp;version=3&amp;enablejsapi=1\" data-fancybox=\"uael-video-gallery-a924d95\">\n\t\t\t\t\t\t\t<div class=\"uael-video__content-wrap\">\n\t\t\t\t\t\t\t\t<div class=\"uael-video__content\">\n\t\t\t\t\t\t\t\t\t\n\t\t<h4 class=\"uael-video__caption\"><strong>Ceux que nous avons attendus \u2013 Naomi Faran, chorale Moran<\/strong><br> Naomi Faran, professeur de musique de longue date avait un r\u00eave : cr\u00e9er une chorale pour enfants professionnelle, qui chanterait dans le monde entier comme les chorales europ\u00e9ennes et non uniquement lors des c\u00e9r\u00e9monies du jour de la comm\u00e9moration. Elle y a ajout\u00e9 une vision suppl\u00e9mentaire : allier des enfants s\u00e9par\u00e9s de la soci\u00e9t\u00e9, y compris des enfants avec handicaps et des jeunes en d\u00e9tresse, \u00e0 l\u2019aide de la musique, d\u00e9veloppant ainsi une excellence musicale comme levier pour rapprocher les populations. <br> Actuellement, depuis plus de trente ans, la chorale Moran compte 7 ensembles, divis\u00e9s selon l\u2019\u00e2ge et l\u2019exp\u00e9rience professionnelle. Lors de l\u2019interview avec Iris London Zolty, Moran raconte l\u2019histoire de la chorale, d\u00e9crit les avantages du chant en chorale pour les enfants et pr\u00e9cise : celui qui chante est heureux. <\/h4>\n\n\t\t\t\t\t\t\t\t\t\t\t<div class=\"uael-vg__play\">\n\t\t\t\t\t\t\t\t\t\t\t\t\t\t\t\t\t\t<span class=\"elementor-animation- uael-vg__play-icon\">\n\t\t\t\t\t\t\t\t\t\t\t<\/span>\n\t\t\t\t\t\t\t\t\t\t\t\t\t\t\t\t\t\t<\/div>\n\n\t\t\t\t\t\t\t\t\t\n\t\t\t\t\t\t\t\t<\/div>\n\t\t\t\t\t\t\t<\/div>\n\t\t\t\t\t\t<\/a>\n\t\t\t\t\t<\/div>\n\t\t\t\t\t\t\t\t\t\t<div class=\"uael-vg__overlay\"><\/div>\n\t\t\t\t\t\t\t\t\t<\/div>\n\t\t\t\t\t\t\t\t<div class=\"uael-video__gallery-item filter-changement-de-politique\" id=\"uael-video__gallery-item30\">\n\n\t\t\t\t\t\t\t\t\t\t<div class=\"uael-video__gallery-iframe\" style=\"background-image:url('https:\/\/i.ytimg.com\/vi\/lHrTisXatBs\/hqdefault.jpg');\">\n\t\t\t\t\t\t<a class=\"elementor-clickable uael-vg__play_full\" href=\"https:\/\/www.youtube.com\/embed\/lHrTisXatBs?autoplay=1&amp;version=3&amp;enablejsapi=1\" data-fancybox=\"uael-video-gallery-a924d95\">\n\t\t\t\t\t\t\t<div class=\"uael-video__content-wrap\">\n\t\t\t\t\t\t\t\t<div class=\"uael-video__content\">\n\t\t\t\t\t\t\t\t\t\n\t\t<h4 class=\"uael-video__caption\"><strong>Ceux que nous avons attendus \u2013 Shir Gur<\/strong><br> Shir Gur est active dans le domaine social depuis plus de 25 ans. Apr\u00e8s avoir travaill\u00e9 dans les minist\u00e8res et dans plusieurs associations dans le secteur tertiaire, elle agit actuellement pour apporter un changement social en collaboration active et des professionnels. Selon elle, son exp\u00e9rience professionnelle lui permet de comprendre que toute personne capable d\u2019exploiter le syst\u00e8me public est capable d\u2019avoir des ressources pour ses besoins et pour ses proches, cependant, il existe en Isra\u00ebl une population qui n\u2019a pas les connaissances n\u00e9cessaires pour atteindre ces sources qui lui sont essentielles. <br>  Comme elle l\u2019explique lors de l\u2019interview avec Iris London Zolty, Shir aspire \u00e0 transf\u00e9rer aux populations n\u00e9cessiteuses le savoir manquant concernant la lutte pour leurs droits et l\u2019acquisition de droits suppl\u00e9mentaires. En outre, elle parle de ses activit\u00e9s, ses r\u00e9ussites, les challenges auxquels elle doit encore faire face.<\/h4>\n\n\t\t\t\t\t\t\t\t\t\t\t<div class=\"uael-vg__play\">\n\t\t\t\t\t\t\t\t\t\t\t\t\t\t\t\t\t\t<span class=\"elementor-animation- uael-vg__play-icon\">\n\t\t\t\t\t\t\t\t\t\t\t<\/span>\n\t\t\t\t\t\t\t\t\t\t\t\t\t\t\t\t\t\t<\/div>\n\n\t\t\t\t\t\t\t\t\t\n\t\t\t\t\t\t\t\t<\/div>\n\t\t\t\t\t\t\t<\/div>\n\t\t\t\t\t\t<\/a>\n\t\t\t\t\t<\/div>\n\t\t\t\t\t\t\t\t\t\t<div class=\"uael-vg__overlay\"><\/div>\n\t\t\t\t\t\t\t\t\t<\/div>\n\t\t\t\t\t\t\t\t<div class=\"uael-video__gallery-item filter-changement-de-politique\" id=\"uael-video__gallery-item31\">\n\n\t\t\t\t\t\t\t\t\t\t<div class=\"uael-video__gallery-iframe\" style=\"background-image:url('https:\/\/i.ytimg.com\/vi\/CQI834eNIKI\/hqdefault.jpg');\">\n\t\t\t\t\t\t<a class=\"elementor-clickable uael-vg__play_full\" href=\"https:\/\/www.youtube.com\/embed\/CQI834eNIKI?autoplay=1&amp;version=3&amp;enablejsapi=1\" data-fancybox=\"uael-video-gallery-a924d95\">\n\t\t\t\t\t\t\t<div class=\"uael-video__content-wrap\">\n\t\t\t\t\t\t\t\t<div class=\"uael-video__content\">\n\t\t\t\t\t\t\t\t\t\n\t\t<h4 class=\"uael-video__caption\"><strong>Ceux que nous avons attendus \u2013 Varda Druker, projet Amets Lohem<\/strong><br> Le projet \u00ab Amets Lohem \u00bb est un projet d\u2019engagement social de l\u2019unit\u00e9 pour les soldats (organisme li\u00e9 avec l\u2019association pour les soldats et le fonds Libi). Son objectif est de renforcer les combattants des unit\u00e9s combattantes de Tsahal en les liant \u00e0 un secteur professionnel. En d\u2019autres termes, une soci\u00e9t\u00e9 d\u2019affaires capable d\u2019adopter une unit\u00e9 de combattants et lui donner des sommes d\u2019argent. Selon Varda Druker, g\u00e9rant le projet depuis environ 12 ans, le plus beau de ce projet ne sont pas les dons en argent mais les liens exceptionnels cr\u00e9\u00e9s entre les employ\u00e9s et les directeurs des soci\u00e9t\u00e9s, et les soldats et les officiers des unit\u00e9s militaires. <br> Lors de l\u2019interview avec Iris London Zolty, Varda parle du projet \u00ab Amets Lohem \u00bb, les circonstances qui l\u2019ont men\u00e9e \u00e0 cette \u00e9tape et de belles histoires racontant le lien chaleureux entre les soci\u00e9t\u00e9s et les combattants. <\/h4>\n\n\t\t\t\t\t\t\t\t\t\t\t<div class=\"uael-vg__play\">\n\t\t\t\t\t\t\t\t\t\t\t\t\t\t\t\t\t\t<span class=\"elementor-animation- uael-vg__play-icon\">\n\t\t\t\t\t\t\t\t\t\t\t<\/span>\n\t\t\t\t\t\t\t\t\t\t\t\t\t\t\t\t\t\t<\/div>\n\n\t\t\t\t\t\t\t\t\t\n\t\t\t\t\t\t\t\t<\/div>\n\t\t\t\t\t\t\t<\/div>\n\t\t\t\t\t\t<\/a>\n\t\t\t\t\t<\/div>\n\t\t\t\t\t\t\t\t\t\t<div class=\"uael-vg__overlay\"><\/div>\n\t\t\t\t\t\t\t\t\t<\/div>\n\t\t\t\t<\/div>\t\t<script type=\"text\/javascript\">\n\t\t\tjQuery( document ).ready( function( $ ) {\n\n\t\t\t\t$( '.uael-video-gallery-wrap' ).each( function() {\n\n\t\t\t\t\tvar $node_id \t= 'a924d95';\n\t\t\t\t\tvar\tscope \t\t= $( '[data-id=\"' + $node_id + '\"]' );\n\t\t\t\t\tvar selector \t= $(this);\n\n\t\t\t\t\tif ( selector.closest( scope ).length < 1 ) {\n\t\t\t\t\t\treturn;\n\t\t\t\t\t}\n\n\t\t\t\t\tif ( ! selector.hasClass( 'uael-video-gallery-filter' ) ) {\n\t\t\t\t\t\treturn;\n\t\t\t\t\t}\n\n\t\t\t\t\tvar filters = scope.find( '.uael-video__gallery-filters' );\n\t\t\t\t\tvar def_cat = '*';\n\n\t\t\t\t\tif ( filters.length > 0 ) {\n\n\t\t\t\t\t\tvar def_filter = filters.data( 'default' );\n\n\t\t\t\t\t\tif ( '' !== def_filter ) {\n\n\t\t\t\t\t\t\tdef_cat \t= def_filter;\n\t\t\t\t\t\t\tdef_cat_sel = filters.find( '[data-filter=\"' + def_filter + '\"]' );\n\n\t\t\t\t\t\t\tif ( def_cat_sel.length > 0 ) {\n\t\t\t\t\t\t\t\tdef_cat_sel.siblings().removeClass( 'uael-filter__current' );\n\t\t\t\t\t\t\t\tdef_cat_sel.addClass( 'uael-filter__current' );\n\t\t\t\t\t\t\t}\n\t\t\t\t\t\t}\n\t\t\t\t\t}\n\n\t\t\t\t\tvar $obj = {};\n\n\t\t\t\t\tselector.imagesLoaded( function( e ) {\n\n\t\t\t\t\t\t$obj = selector.isotope({\n\t\t\t\t\t\t\tfilter: def_cat,\n\t\t\t\t\t\t\tlayoutMode: 'masonry',\n\t\t\t\t\t\t\titemSelector: '.uael-video__gallery-item',\n\t\t\t\t\t\t});\n\n\t\t\t\t\t\tselector.find( '.uael-video__gallery-item' ).resize( function() {\n\t\t\t\t\t\t\t$obj.isotope( 'layout' );\n\t\t\t\t\t\t});\n\t\t\t\t\t});\n\n\t\t\t\t});\n\t\t\t});\n\t\t<\/script>\n\t\t\t\t\t\t<\/div>\n\t\t\t\t<\/div>\n\t\t\t\t\t<\/div>\n\t\t<\/div>\n\t\t\t\t\t<\/div>\n\t\t<\/section>\n\t\t\t\t<\/div>\n\t\t","protected":false},"excerpt":{"rendered":"<p>Centre d\u2019informations programmes radio La petite enfance Les jeunes en d\u00e9tresse Changement de Politique La petite enfance Les jeunes en d\u00e9tresse Changement de Politique Ceux que nous avons attendus \u2013 Anat Bar Iris London Zolty accueille madame Anat Bar, directrice du d\u00e9partement de la petite enfance, et du centre Paot \u00e0 Tirat HaCarmel. Elle est [&hellip;]<\/p>\n","protected":false},"author":1,"featured_media":0,"parent":0,"menu_order":0,"comment_status":"closed","ping_status":"closed","template":"","meta":{"footnotes":""},"class_list":["post-1825","page","type-page","status-publish","hentry"],"yoast_head":"<!-- This site is optimized with the Yoast SEO plugin v27.4 - https:\/\/yoast.com\/product\/yoast-seo-wordpress\/ -->\n<title>Centre d\u2019informations - The Agnes &amp; Beny Steinmetz Foundation<\/title>\n<meta name=\"robots\" content=\"index, follow, max-snippet:-1, max-image-preview:large, max-video-preview:-1\" \/>\n<link rel=\"canonical\" href=\"https:\/\/www.steinmetz-foundation.co.il\/fr\/centre-dinformations\/\" \/>\n<meta property=\"og:locale\" content=\"fr_FR\" \/>\n<meta property=\"og:type\" content=\"article\" \/>\n<meta property=\"og:title\" content=\"Centre d\u2019informations - The Agnes &amp; Beny Steinmetz Foundation\" \/>\n<meta property=\"og:description\" content=\"Centre d\u2019informations programmes radio La petite enfance Les jeunes en d\u00e9tresse Changement de Politique La petite enfance Les jeunes en d\u00e9tresse Changement de Politique Ceux que nous avons attendus \u2013 Anat Bar Iris London Zolty accueille madame Anat Bar, directrice du d\u00e9partement de la petite enfance, et du centre Paot \u00e0 Tirat HaCarmel. Elle est [&hellip;]\" \/>\n<meta property=\"og:url\" content=\"https:\/\/www.steinmetz-foundation.co.il\/fr\/centre-dinformations\/\" \/>\n<meta property=\"og:site_name\" content=\"The Agnes &amp; Beny Steinmetz Foundation\" \/>\n<meta property=\"article:modified_time\" content=\"2020-06-16T19:49:52+00:00\" \/>\n<meta name=\"twitter:card\" content=\"summary_large_image\" \/>\n<meta name=\"twitter:label1\" content=\"Dur\u00e9e de lecture estim\u00e9e\" \/>\n\t<meta name=\"twitter:data1\" content=\"27 minutes\" \/>\n<script type=\"application\/ld+json\" class=\"yoast-schema-graph\">{\"@context\":\"https:\\\/\\\/schema.org\",\"@graph\":[{\"@type\":\"WebPage\",\"@id\":\"https:\\\/\\\/www.steinmetz-foundation.co.il\\\/fr\\\/centre-dinformations\\\/\",\"url\":\"https:\\\/\\\/www.steinmetz-foundation.co.il\\\/fr\\\/centre-dinformations\\\/\",\"name\":\"Centre d\u2019informations - The Agnes &amp; Beny Steinmetz Foundation\",\"isPartOf\":{\"@id\":\"https:\\\/\\\/www.steinmetz-foundation.co.il\\\/#website\"},\"datePublished\":\"2020-06-16T09:45:05+00:00\",\"dateModified\":\"2020-06-16T19:49:52+00:00\",\"breadcrumb\":{\"@id\":\"https:\\\/\\\/www.steinmetz-foundation.co.il\\\/fr\\\/centre-dinformations\\\/#breadcrumb\"},\"inLanguage\":\"fr-FR\",\"potentialAction\":[{\"@type\":\"ReadAction\",\"target\":[\"https:\\\/\\\/www.steinmetz-foundation.co.il\\\/fr\\\/centre-dinformations\\\/\"]}]},{\"@type\":\"BreadcrumbList\",\"@id\":\"https:\\\/\\\/www.steinmetz-foundation.co.il\\\/fr\\\/centre-dinformations\\\/#breadcrumb\",\"itemListElement\":[{\"@type\":\"ListItem\",\"position\":1,\"name\":\"Home\",\"item\":\"https:\\\/\\\/www.steinmetz-foundation.co.il\\\/fr\\\/\"},{\"@type\":\"ListItem\",\"position\":2,\"name\":\"Centre d\u2019informations\"}]},{\"@type\":\"WebSite\",\"@id\":\"https:\\\/\\\/www.steinmetz-foundation.co.il\\\/#website\",\"url\":\"https:\\\/\\\/www.steinmetz-foundation.co.il\\\/\",\"name\":\"The Agnes &amp; Beny Steinmetz Foundation\",\"description\":\"\",\"publisher\":{\"@id\":\"https:\\\/\\\/www.steinmetz-foundation.co.il\\\/#organization\"},\"potentialAction\":[{\"@type\":\"SearchAction\",\"target\":{\"@type\":\"EntryPoint\",\"urlTemplate\":\"https:\\\/\\\/www.steinmetz-foundation.co.il\\\/?s={search_term_string}\"},\"query-input\":{\"@type\":\"PropertyValueSpecification\",\"valueRequired\":true,\"valueName\":\"search_term_string\"}}],\"inLanguage\":\"fr-FR\"},{\"@type\":\"Organization\",\"@id\":\"https:\\\/\\\/www.steinmetz-foundation.co.il\\\/#organization\",\"name\":\"The Agnes &amp; Beny Steinmetz Foundation\",\"url\":\"https:\\\/\\\/www.steinmetz-foundation.co.il\\\/\",\"logo\":{\"@type\":\"ImageObject\",\"inLanguage\":\"fr-FR\",\"@id\":\"https:\\\/\\\/www.steinmetz-foundation.co.il\\\/#\\\/schema\\\/logo\\\/image\\\/\",\"url\":\"https:\\\/\\\/www.steinmetz-foundation.co.il\\\/wp-content\\\/uploads\\\/foundation-logo.jpg\",\"contentUrl\":\"https:\\\/\\\/www.steinmetz-foundation.co.il\\\/wp-content\\\/uploads\\\/foundation-logo.jpg\",\"width\":120,\"height\":120,\"caption\":\"The Agnes &amp; Beny Steinmetz Foundation\"},\"image\":{\"@id\":\"https:\\\/\\\/www.steinmetz-foundation.co.il\\\/#\\\/schema\\\/logo\\\/image\\\/\"}}]}<\/script>\n<!-- \/ Yoast SEO plugin. -->","yoast_head_json":{"title":"Centre d\u2019informations - The Agnes &amp; Beny Steinmetz Foundation","robots":{"index":"index","follow":"follow","max-snippet":"max-snippet:-1","max-image-preview":"max-image-preview:large","max-video-preview":"max-video-preview:-1"},"canonical":"https:\/\/www.steinmetz-foundation.co.il\/fr\/centre-dinformations\/","og_locale":"fr_FR","og_type":"article","og_title":"Centre d\u2019informations - The Agnes &amp; Beny Steinmetz Foundation","og_description":"Centre d\u2019informations programmes radio La petite enfance Les jeunes en d\u00e9tresse Changement de Politique La petite enfance Les jeunes en d\u00e9tresse Changement de Politique Ceux que nous avons attendus \u2013 Anat Bar Iris London Zolty accueille madame Anat Bar, directrice du d\u00e9partement de la petite enfance, et du centre Paot \u00e0 Tirat HaCarmel. Elle est [&hellip;]","og_url":"https:\/\/www.steinmetz-foundation.co.il\/fr\/centre-dinformations\/","og_site_name":"The Agnes &amp; Beny Steinmetz Foundation","article_modified_time":"2020-06-16T19:49:52+00:00","twitter_card":"summary_large_image","twitter_misc":{"Dur\u00e9e de lecture estim\u00e9e":"27 minutes"},"schema":{"@context":"https:\/\/schema.org","@graph":[{"@type":"WebPage","@id":"https:\/\/www.steinmetz-foundation.co.il\/fr\/centre-dinformations\/","url":"https:\/\/www.steinmetz-foundation.co.il\/fr\/centre-dinformations\/","name":"Centre d\u2019informations - The Agnes &amp; Beny Steinmetz Foundation","isPartOf":{"@id":"https:\/\/www.steinmetz-foundation.co.il\/#website"},"datePublished":"2020-06-16T09:45:05+00:00","dateModified":"2020-06-16T19:49:52+00:00","breadcrumb":{"@id":"https:\/\/www.steinmetz-foundation.co.il\/fr\/centre-dinformations\/#breadcrumb"},"inLanguage":"fr-FR","potentialAction":[{"@type":"ReadAction","target":["https:\/\/www.steinmetz-foundation.co.il\/fr\/centre-dinformations\/"]}]},{"@type":"BreadcrumbList","@id":"https:\/\/www.steinmetz-foundation.co.il\/fr\/centre-dinformations\/#breadcrumb","itemListElement":[{"@type":"ListItem","position":1,"name":"Home","item":"https:\/\/www.steinmetz-foundation.co.il\/fr\/"},{"@type":"ListItem","position":2,"name":"Centre d\u2019informations"}]},{"@type":"WebSite","@id":"https:\/\/www.steinmetz-foundation.co.il\/#website","url":"https:\/\/www.steinmetz-foundation.co.il\/","name":"The Agnes &amp; Beny Steinmetz Foundation","description":"","publisher":{"@id":"https:\/\/www.steinmetz-foundation.co.il\/#organization"},"potentialAction":[{"@type":"SearchAction","target":{"@type":"EntryPoint","urlTemplate":"https:\/\/www.steinmetz-foundation.co.il\/?s={search_term_string}"},"query-input":{"@type":"PropertyValueSpecification","valueRequired":true,"valueName":"search_term_string"}}],"inLanguage":"fr-FR"},{"@type":"Organization","@id":"https:\/\/www.steinmetz-foundation.co.il\/#organization","name":"The Agnes &amp; Beny Steinmetz Foundation","url":"https:\/\/www.steinmetz-foundation.co.il\/","logo":{"@type":"ImageObject","inLanguage":"fr-FR","@id":"https:\/\/www.steinmetz-foundation.co.il\/#\/schema\/logo\/image\/","url":"https:\/\/www.steinmetz-foundation.co.il\/wp-content\/uploads\/foundation-logo.jpg","contentUrl":"https:\/\/www.steinmetz-foundation.co.il\/wp-content\/uploads\/foundation-logo.jpg","width":120,"height":120,"caption":"The Agnes &amp; Beny Steinmetz Foundation"},"image":{"@id":"https:\/\/www.steinmetz-foundation.co.il\/#\/schema\/logo\/image\/"}}]}},"_links":{"self":[{"href":"https:\/\/www.steinmetz-foundation.co.il\/fr\/wp-json\/wp\/v2\/pages\/1825","targetHints":{"allow":["GET"]}}],"collection":[{"href":"https:\/\/www.steinmetz-foundation.co.il\/fr\/wp-json\/wp\/v2\/pages"}],"about":[{"href":"https:\/\/www.steinmetz-foundation.co.il\/fr\/wp-json\/wp\/v2\/types\/page"}],"author":[{"embeddable":true,"href":"https:\/\/www.steinmetz-foundation.co.il\/fr\/wp-json\/wp\/v2\/users\/1"}],"replies":[{"embeddable":true,"href":"https:\/\/www.steinmetz-foundation.co.il\/fr\/wp-json\/wp\/v2\/comments?post=1825"}],"version-history":[{"count":12,"href":"https:\/\/www.steinmetz-foundation.co.il\/fr\/wp-json\/wp\/v2\/pages\/1825\/revisions"}],"predecessor-version":[{"id":2072,"href":"https:\/\/www.steinmetz-foundation.co.il\/fr\/wp-json\/wp\/v2\/pages\/1825\/revisions\/2072"}],"wp:attachment":[{"href":"https:\/\/www.steinmetz-foundation.co.il\/fr\/wp-json\/wp\/v2\/media?parent=1825"}],"curies":[{"name":"wp","href":"https:\/\/api.w.org\/{rel}","templated":true}]}}