{"id":4582,"date":"2022-08-01T15:39:09","date_gmt":"2022-08-01T15:39:09","guid":{"rendered":"https:\/\/www.steinmetz-foundation.co.il\/?page_id=4582"},"modified":"2022-08-02T16:36:16","modified_gmt":"2022-08-02T16:36:16","slug":"supporting-children","status":"publish","type":"page","link":"https:\/\/www.steinmetz-foundation.co.il\/fr\/supporting-children\/","title":{"rendered":"Soutenir les enfants"},"content":{"rendered":"\t\t<div data-elementor-type=\"wp-page\" data-elementor-id=\"4582\" class=\"elementor elementor-4582\" data-elementor-post-type=\"page\">\n\t\t\t\t\t\t<section class=\"elementor-section elementor-top-section elementor-element elementor-element-b7c95a0 elementor-section-boxed elementor-section-height-default elementor-section-height-default\" data-id=\"b7c95a0\" data-element_type=\"section\" data-e-type=\"section\">\n\t\t\t\t\t\t<div class=\"elementor-container elementor-column-gap-default\">\n\t\t\t\t\t<div class=\"elementor-column elementor-col-100 elementor-top-column elementor-element elementor-element-a8a806a\" data-id=\"a8a806a\" data-element_type=\"column\" data-e-type=\"column\">\n\t\t\t<div class=\"elementor-widget-wrap elementor-element-populated\">\n\t\t\t\t\t\t<div class=\"elementor-element elementor-element-b156538 elementor-widget elementor-widget-heading\" data-id=\"b156538\" data-element_type=\"widget\" data-e-type=\"widget\" data-widget_type=\"heading.default\">\n\t\t\t\t<div class=\"elementor-widget-container\">\n\t\t\t\t\t<h1 class=\"elementor-heading-title elementor-size-default\">Soutenir les enfants pour leur permettre de grandir et de s'\u00e9panouir<\/h1>\t\t\t\t<\/div>\n\t\t\t\t<\/div>\n\t\t\t\t<div class=\"elementor-element elementor-element-f9a1047 elementor-widget-divider--view-line elementor-widget elementor-widget-divider\" data-id=\"f9a1047\" data-element_type=\"widget\" data-e-type=\"widget\" data-widget_type=\"divider.default\">\n\t\t\t\t<div class=\"elementor-widget-container\">\n\t\t\t\t\t\t\t<div class=\"elementor-divider\">\n\t\t\t<span class=\"elementor-divider-separator\">\n\t\t\t\t\t\t<\/span>\n\t\t<\/div>\n\t\t\t\t\t\t<\/div>\n\t\t\t\t<\/div>\n\t\t\t\t\t<\/div>\n\t\t<\/div>\n\t\t\t\t\t<\/div>\n\t\t<\/section>\n\t\t\t\t<section class=\"elementor-section elementor-top-section elementor-element elementor-element-25604b6 elementor-section-boxed elementor-section-height-default elementor-section-height-default elementor-invisible\" data-id=\"25604b6\" data-element_type=\"section\" data-e-type=\"section\" data-settings=\"{&quot;animation&quot;:&quot;fadeIn&quot;}\">\n\t\t\t\t\t\t<div class=\"elementor-container elementor-column-gap-default\">\n\t\t\t\t\t<div class=\"elementor-column elementor-col-50 elementor-top-column elementor-element elementor-element-067369d elementor-invisible\" data-id=\"067369d\" data-element_type=\"column\" data-e-type=\"column\" data-settings=\"{&quot;animation&quot;:&quot;fadeInUp&quot;}\">\n\t\t\t<div class=\"elementor-widget-wrap elementor-element-populated\">\n\t\t\t\t\t\t<div class=\"elementor-element elementor-element-a5f4a2c elementor-widget elementor-widget-text-editor\" data-id=\"a5f4a2c\" data-element_type=\"widget\" data-e-type=\"widget\" data-widget_type=\"text-editor.default\">\n\t\t\t\t<div class=\"elementor-widget-container\">\n\t\t\t\t\t\t\t\t\tBeny Steinmetz fait partie de ceux qui ont toujours voulu et vis\u00e9 \u00e0 laisser une empreinte positive profonde sur les soci\u00e9t\u00e9s et les \u00e9conomies dans le besoin. Pour cette raison, il soutient des organisations qui peuvent contribuer de mani\u00e8re significative et am\u00e9liorer les conditions de vie des enfants.\n<ul>\n \t<li><strong><a href=\"https:\/\/www.steinmetz-foundation.co.il\/fr\/supporting-children\/programme-dintegration-des-enfants-refugies-deplaces-au-centre-meshi-de-readaptation-pour-enfants\/\">Programme d&rsquo;int\u00e9gration des enfants r\u00e9fugi\u00e9s d\u00e9plac\u00e9s au Meshi-Lema&rsquo;anchem<\/a><\/strong><\/li>\n \t<li><strong><a href=\"https:\/\/www.steinmetz-foundation.co.il\/fr\/supporting-children\/lemaanchem-maflee-laasot-consultation-medicale-et-orientation\/\">Lema&rsquo;anchem \u2013 Maflee La&rsquo;asot | Consultation m\u00e9dicale et orientation<\/a><\/strong><\/li>\n \t<li><strong><a href=\"https:\/\/www.steinmetz-foundation.co.il\/fr\/supporting-children\/meshi-lemaanchem-ecole-deducation-et-readaptation\/\">Meshi- Lema&rsquo;anchem | \u00c9cole d\u2019\u00e9ducation et r\u00e9adaptation<\/a><\/strong><\/li>\n<\/ul>\t\t\t\t\t\t\t\t<\/div>\n\t\t\t\t<\/div>\n\t\t\t\t\t<\/div>\n\t\t<\/div>\n\t\t\t\t<div class=\"elementor-column elementor-col-50 elementor-top-column elementor-element elementor-element-2ecd191\" data-id=\"2ecd191\" data-element_type=\"column\" data-e-type=\"column\">\n\t\t\t<div class=\"elementor-widget-wrap elementor-element-populated\">\n\t\t\t\t\t\t<div class=\"elementor-element elementor-element-c229cf9 elementor-widget elementor-widget-image\" data-id=\"c229cf9\" data-element_type=\"widget\" data-e-type=\"widget\" data-widget_type=\"image.default\">\n\t\t\t\t<div class=\"elementor-widget-container\">\n\t\t\t\t\t\t\t\t\t\t\t\t\t\t\t<img fetchpriority=\"high\" decoding=\"async\" width=\"333\" height=\"382\" src=\"https:\/\/www.steinmetz-foundation.co.il\/wp-content\/uploads\/benny1.png\" class=\"attachment-large size-large wp-image-1037\" alt=\"\" srcset=\"https:\/\/www.steinmetz-foundation.co.il\/wp-content\/uploads\/benny1.png 333w, https:\/\/www.steinmetz-foundation.co.il\/wp-content\/uploads\/benny1-262x300.png 262w\" sizes=\"(max-width: 333px) 100vw, 333px\" \/>\t\t\t\t\t\t\t\t\t\t\t\t\t\t\t<\/div>\n\t\t\t\t<\/div>\n\t\t\t\t\t<\/div>\n\t\t<\/div>\n\t\t\t\t\t<\/div>\n\t\t<\/section>\n\t\t\t\t<\/div>\n\t\t","protected":false},"excerpt":{"rendered":"<p>Soutenir les enfants pour leur permettre de grandir et de s&rsquo;\u00e9panouir Beny Steinmetz fait partie de ceux qui ont toujours voulu et vis\u00e9 \u00e0 laisser une empreinte positive profonde sur les soci\u00e9t\u00e9s et les \u00e9conomies dans le besoin. Pour cette raison, il soutient des organisations qui peuvent contribuer de mani\u00e8re significative et am\u00e9liorer les conditions [&hellip;]<\/p>\n","protected":false},"author":8,"featured_media":0,"parent":0,"menu_order":0,"comment_status":"closed","ping_status":"closed","template":"","meta":{"footnotes":""},"class_list":["post-4582","page","type-page","status-publish","hentry"],"yoast_head":"<!-- This site is optimized with the Yoast SEO plugin v27.4 - https:\/\/yoast.com\/product\/yoast-seo-wordpress\/ -->\n<title>Soutenir les enfants - The Agnes &amp; Beny Steinmetz Foundation<\/title>\n<meta name=\"robots\" content=\"index, follow, max-snippet:-1, max-image-preview:large, max-video-preview:-1\" \/>\n<link rel=\"canonical\" href=\"https:\/\/www.steinmetz-foundation.co.il\/en\/supporting-children\/\" \/>\n<meta property=\"og:locale\" content=\"fr_FR\" \/>\n<meta property=\"og:type\" content=\"article\" \/>\n<meta property=\"og:title\" content=\"Soutenir les enfants - The Agnes &amp; Beny Steinmetz Foundation\" \/>\n<meta property=\"og:description\" content=\"Soutenir les enfants pour leur permettre de grandir et de s&rsquo;\u00e9panouir Beny Steinmetz fait partie de ceux qui ont toujours voulu et vis\u00e9 \u00e0 laisser une empreinte positive profonde sur les soci\u00e9t\u00e9s et les \u00e9conomies dans le besoin. Pour cette raison, il soutient des organisations qui peuvent contribuer de mani\u00e8re significative et am\u00e9liorer les conditions [&hellip;]\" \/>\n<meta property=\"og:url\" content=\"https:\/\/www.steinmetz-foundation.co.il\/en\/supporting-children\/\" \/>\n<meta property=\"og:site_name\" content=\"The Agnes &amp; Beny Steinmetz Foundation\" \/>\n<meta property=\"article:modified_time\" content=\"2022-08-02T16:36:16+00:00\" \/>\n<meta property=\"og:image\" content=\"https:\/\/www.steinmetz-foundation.co.il\/wp-content\/uploads\/benny1.png\" \/>\n<meta name=\"twitter:card\" content=\"summary_large_image\" \/>\n<meta name=\"twitter:label1\" content=\"Dur\u00e9e de lecture estim\u00e9e\" \/>\n\t<meta name=\"twitter:data1\" content=\"1 minute\" \/>\n<script type=\"application\/ld+json\" class=\"yoast-schema-graph\">{\"@context\":\"https:\\\/\\\/schema.org\",\"@graph\":[{\"@type\":\"WebPage\",\"@id\":\"https:\\\/\\\/www.steinmetz-foundation.co.il\\\/en\\\/supporting-children\\\/\",\"url\":\"https:\\\/\\\/www.steinmetz-foundation.co.il\\\/en\\\/supporting-children\\\/\",\"name\":\"Soutenir les enfants - The Agnes &amp; Beny Steinmetz Foundation\",\"isPartOf\":{\"@id\":\"https:\\\/\\\/www.steinmetz-foundation.co.il\\\/#website\"},\"primaryImageOfPage\":{\"@id\":\"https:\\\/\\\/www.steinmetz-foundation.co.il\\\/en\\\/supporting-children\\\/#primaryimage\"},\"image\":{\"@id\":\"https:\\\/\\\/www.steinmetz-foundation.co.il\\\/en\\\/supporting-children\\\/#primaryimage\"},\"thumbnailUrl\":\"https:\\\/\\\/www.steinmetz-foundation.co.il\\\/wp-content\\\/uploads\\\/benny1.png\",\"datePublished\":\"2022-08-01T15:39:09+00:00\",\"dateModified\":\"2022-08-02T16:36:16+00:00\",\"breadcrumb\":{\"@id\":\"https:\\\/\\\/www.steinmetz-foundation.co.il\\\/en\\\/supporting-children\\\/#breadcrumb\"},\"inLanguage\":\"fr-FR\",\"potentialAction\":[{\"@type\":\"ReadAction\",\"target\":[\"https:\\\/\\\/www.steinmetz-foundation.co.il\\\/en\\\/supporting-children\\\/\"]}]},{\"@type\":\"ImageObject\",\"inLanguage\":\"fr-FR\",\"@id\":\"https:\\\/\\\/www.steinmetz-foundation.co.il\\\/en\\\/supporting-children\\\/#primaryimage\",\"url\":\"https:\\\/\\\/www.steinmetz-foundation.co.il\\\/wp-content\\\/uploads\\\/benny1.png\",\"contentUrl\":\"https:\\\/\\\/www.steinmetz-foundation.co.il\\\/wp-content\\\/uploads\\\/benny1.png\"},{\"@type\":\"BreadcrumbList\",\"@id\":\"https:\\\/\\\/www.steinmetz-foundation.co.il\\\/en\\\/supporting-children\\\/#breadcrumb\",\"itemListElement\":[{\"@type\":\"ListItem\",\"position\":1,\"name\":\"Home\",\"item\":\"https:\\\/\\\/www.steinmetz-foundation.co.il\\\/fr\\\/\"},{\"@type\":\"ListItem\",\"position\":2,\"name\":\"Soutenir les enfants\"}]},{\"@type\":\"WebSite\",\"@id\":\"https:\\\/\\\/www.steinmetz-foundation.co.il\\\/#website\",\"url\":\"https:\\\/\\\/www.steinmetz-foundation.co.il\\\/\",\"name\":\"The Agnes &amp; Beny Steinmetz Foundation\",\"description\":\"\",\"publisher\":{\"@id\":\"https:\\\/\\\/www.steinmetz-foundation.co.il\\\/#organization\"},\"potentialAction\":[{\"@type\":\"SearchAction\",\"target\":{\"@type\":\"EntryPoint\",\"urlTemplate\":\"https:\\\/\\\/www.steinmetz-foundation.co.il\\\/?s={search_term_string}\"},\"query-input\":{\"@type\":\"PropertyValueSpecification\",\"valueRequired\":true,\"valueName\":\"search_term_string\"}}],\"inLanguage\":\"fr-FR\"},{\"@type\":\"Organization\",\"@id\":\"https:\\\/\\\/www.steinmetz-foundation.co.il\\\/#organization\",\"name\":\"The Agnes &amp; Beny Steinmetz Foundation\",\"url\":\"https:\\\/\\\/www.steinmetz-foundation.co.il\\\/\",\"logo\":{\"@type\":\"ImageObject\",\"inLanguage\":\"fr-FR\",\"@id\":\"https:\\\/\\\/www.steinmetz-foundation.co.il\\\/#\\\/schema\\\/logo\\\/image\\\/\",\"url\":\"https:\\\/\\\/www.steinmetz-foundation.co.il\\\/wp-content\\\/uploads\\\/foundation-logo.jpg\",\"contentUrl\":\"https:\\\/\\\/www.steinmetz-foundation.co.il\\\/wp-content\\\/uploads\\\/foundation-logo.jpg\",\"width\":120,\"height\":120,\"caption\":\"The Agnes &amp; Beny Steinmetz Foundation\"},\"image\":{\"@id\":\"https:\\\/\\\/www.steinmetz-foundation.co.il\\\/#\\\/schema\\\/logo\\\/image\\\/\"}}]}<\/script>\n<!-- \/ Yoast SEO plugin. -->","yoast_head_json":{"title":"Soutenir les enfants - The Agnes &amp; Beny Steinmetz Foundation","robots":{"index":"index","follow":"follow","max-snippet":"max-snippet:-1","max-image-preview":"max-image-preview:large","max-video-preview":"max-video-preview:-1"},"canonical":"https:\/\/www.steinmetz-foundation.co.il\/en\/supporting-children\/","og_locale":"fr_FR","og_type":"article","og_title":"Soutenir les enfants - The Agnes &amp; Beny Steinmetz Foundation","og_description":"Soutenir les enfants pour leur permettre de grandir et de s&rsquo;\u00e9panouir Beny Steinmetz fait partie de ceux qui ont toujours voulu et vis\u00e9 \u00e0 laisser une empreinte positive profonde sur les soci\u00e9t\u00e9s et les \u00e9conomies dans le besoin. Pour cette raison, il soutient des organisations qui peuvent contribuer de mani\u00e8re significative et am\u00e9liorer les conditions [&hellip;]","og_url":"https:\/\/www.steinmetz-foundation.co.il\/en\/supporting-children\/","og_site_name":"The Agnes &amp; Beny Steinmetz Foundation","article_modified_time":"2022-08-02T16:36:16+00:00","og_image":[{"url":"https:\/\/www.steinmetz-foundation.co.il\/wp-content\/uploads\/benny1.png","type":"","width":"","height":""}],"twitter_card":"summary_large_image","twitter_misc":{"Dur\u00e9e de lecture estim\u00e9e":"1 minute"},"schema":{"@context":"https:\/\/schema.org","@graph":[{"@type":"WebPage","@id":"https:\/\/www.steinmetz-foundation.co.il\/en\/supporting-children\/","url":"https:\/\/www.steinmetz-foundation.co.il\/en\/supporting-children\/","name":"Soutenir les enfants - The Agnes &amp; Beny Steinmetz Foundation","isPartOf":{"@id":"https:\/\/www.steinmetz-foundation.co.il\/#website"},"primaryImageOfPage":{"@id":"https:\/\/www.steinmetz-foundation.co.il\/en\/supporting-children\/#primaryimage"},"image":{"@id":"https:\/\/www.steinmetz-foundation.co.il\/en\/supporting-children\/#primaryimage"},"thumbnailUrl":"https:\/\/www.steinmetz-foundation.co.il\/wp-content\/uploads\/benny1.png","datePublished":"2022-08-01T15:39:09+00:00","dateModified":"2022-08-02T16:36:16+00:00","breadcrumb":{"@id":"https:\/\/www.steinmetz-foundation.co.il\/en\/supporting-children\/#breadcrumb"},"inLanguage":"fr-FR","potentialAction":[{"@type":"ReadAction","target":["https:\/\/www.steinmetz-foundation.co.il\/en\/supporting-children\/"]}]},{"@type":"ImageObject","inLanguage":"fr-FR","@id":"https:\/\/www.steinmetz-foundation.co.il\/en\/supporting-children\/#primaryimage","url":"https:\/\/www.steinmetz-foundation.co.il\/wp-content\/uploads\/benny1.png","contentUrl":"https:\/\/www.steinmetz-foundation.co.il\/wp-content\/uploads\/benny1.png"},{"@type":"BreadcrumbList","@id":"https:\/\/www.steinmetz-foundation.co.il\/en\/supporting-children\/#breadcrumb","itemListElement":[{"@type":"ListItem","position":1,"name":"Home","item":"https:\/\/www.steinmetz-foundation.co.il\/fr\/"},{"@type":"ListItem","position":2,"name":"Soutenir les enfants"}]},{"@type":"WebSite","@id":"https:\/\/www.steinmetz-foundation.co.il\/#website","url":"https:\/\/www.steinmetz-foundation.co.il\/","name":"The Agnes &amp; Beny Steinmetz Foundation","description":"","publisher":{"@id":"https:\/\/www.steinmetz-foundation.co.il\/#organization"},"potentialAction":[{"@type":"SearchAction","target":{"@type":"EntryPoint","urlTemplate":"https:\/\/www.steinmetz-foundation.co.il\/?s={search_term_string}"},"query-input":{"@type":"PropertyValueSpecification","valueRequired":true,"valueName":"search_term_string"}}],"inLanguage":"fr-FR"},{"@type":"Organization","@id":"https:\/\/www.steinmetz-foundation.co.il\/#organization","name":"The Agnes &amp; Beny Steinmetz Foundation","url":"https:\/\/www.steinmetz-foundation.co.il\/","logo":{"@type":"ImageObject","inLanguage":"fr-FR","@id":"https:\/\/www.steinmetz-foundation.co.il\/#\/schema\/logo\/image\/","url":"https:\/\/www.steinmetz-foundation.co.il\/wp-content\/uploads\/foundation-logo.jpg","contentUrl":"https:\/\/www.steinmetz-foundation.co.il\/wp-content\/uploads\/foundation-logo.jpg","width":120,"height":120,"caption":"The Agnes &amp; Beny Steinmetz Foundation"},"image":{"@id":"https:\/\/www.steinmetz-foundation.co.il\/#\/schema\/logo\/image\/"}}]}},"_links":{"self":[{"href":"https:\/\/www.steinmetz-foundation.co.il\/fr\/wp-json\/wp\/v2\/pages\/4582","targetHints":{"allow":["GET"]}}],"collection":[{"href":"https:\/\/www.steinmetz-foundation.co.il\/fr\/wp-json\/wp\/v2\/pages"}],"about":[{"href":"https:\/\/www.steinmetz-foundation.co.il\/fr\/wp-json\/wp\/v2\/types\/page"}],"author":[{"embeddable":true,"href":"https:\/\/www.steinmetz-foundation.co.il\/fr\/wp-json\/wp\/v2\/users\/8"}],"replies":[{"embeddable":true,"href":"https:\/\/www.steinmetz-foundation.co.il\/fr\/wp-json\/wp\/v2\/comments?post=4582"}],"version-history":[{"count":14,"href":"https:\/\/www.steinmetz-foundation.co.il\/fr\/wp-json\/wp\/v2\/pages\/4582\/revisions"}],"predecessor-version":[{"id":4657,"href":"https:\/\/www.steinmetz-foundation.co.il\/fr\/wp-json\/wp\/v2\/pages\/4582\/revisions\/4657"}],"wp:attachment":[{"href":"https:\/\/www.steinmetz-foundation.co.il\/fr\/wp-json\/wp\/v2\/media?parent=4582"}],"curies":[{"name":"wp","href":"https:\/\/api.w.org\/{rel}","templated":true}]}}