{"id":5217,"date":"2023-02-03T10:16:32","date_gmt":"2023-02-03T10:16:32","guid":{"rendered":"https:\/\/www.steinmetz-foundation.co.il\/?page_id=5217"},"modified":"2023-02-03T13:10:30","modified_gmt":"2023-02-03T13:10:30","slug":"il-forum-degli-assessorati-per-lo-sviluppo-del-bambino","status":"publish","type":"page","link":"https:\/\/www.steinmetz-foundation.co.il\/it\/il-forum-degli-assessorati-per-lo-sviluppo-del-bambino\/","title":{"rendered":"Il forum degli Assessorati per lo sviluppo del bambino"},"content":{"rendered":"\t\t<div data-elementor-type=\"wp-page\" data-elementor-id=\"5217\" class=\"elementor elementor-5217\" data-elementor-post-type=\"page\">\n\t\t\t\t\t\t<section class=\"elementor-section elementor-top-section elementor-element elementor-element-62ff9ac elementor-section-boxed elementor-section-height-default elementor-section-height-default\" data-id=\"62ff9ac\" data-element_type=\"section\" data-e-type=\"section\">\n\t\t\t\t\t\t<div class=\"elementor-container elementor-column-gap-default\">\n\t\t\t\t\t<div class=\"elementor-column elementor-col-100 elementor-top-column elementor-element elementor-element-5b0459b\" data-id=\"5b0459b\" data-element_type=\"column\" data-e-type=\"column\">\n\t\t\t<div class=\"elementor-widget-wrap elementor-element-populated\">\n\t\t\t\t\t\t<div class=\"elementor-element elementor-element-7ea0d28 elementor-widget elementor-widget-heading\" data-id=\"7ea0d28\" data-element_type=\"widget\" data-e-type=\"widget\" data-widget_type=\"heading.default\">\n\t\t\t\t<div class=\"elementor-widget-container\">\n\t\t\t\t\t<h1 class=\"elementor-heading-title elementor-size-default\">Il forum degli Assessorati per lo sviluppo del bambino<\/h1>\t\t\t\t<\/div>\n\t\t\t\t<\/div>\n\t\t\t\t<div class=\"elementor-element elementor-element-079a644 elementor-widget-divider--view-line elementor-widget elementor-widget-divider\" data-id=\"079a644\" data-element_type=\"widget\" data-e-type=\"widget\" data-widget_type=\"divider.default\">\n\t\t\t\t<div class=\"elementor-widget-container\">\n\t\t\t\t\t\t\t<div class=\"elementor-divider\">\n\t\t\t<span class=\"elementor-divider-separator\">\n\t\t\t\t\t\t<\/span>\n\t\t<\/div>\n\t\t\t\t\t\t<\/div>\n\t\t\t\t<\/div>\n\t\t\t\t<section class=\"elementor-section elementor-inner-section elementor-element elementor-element-8c7763e animated-slow elementor-section-boxed elementor-section-height-default elementor-section-height-default elementor-invisible\" data-id=\"8c7763e\" data-element_type=\"section\" data-e-type=\"section\" data-settings=\"{&quot;animation&quot;:&quot;fadeIn&quot;}\">\n\t\t\t\t\t\t<div class=\"elementor-container elementor-column-gap-default\">\n\t\t\t\t\t<div class=\"elementor-column elementor-col-50 elementor-inner-column elementor-element elementor-element-e6de24d\" data-id=\"e6de24d\" data-element_type=\"column\" data-e-type=\"column\">\n\t\t\t<div class=\"elementor-widget-wrap elementor-element-populated\">\n\t\t\t\t\t\t<div class=\"elementor-element elementor-element-39662ea elementor-widget elementor-widget-text-editor\" data-id=\"39662ea\" data-element_type=\"widget\" data-e-type=\"widget\" data-widget_type=\"text-editor.default\">\n\t\t\t\t<div class=\"elementor-widget-container\">\n\t\t\t\t\t\t\t\t\t<p>La ricerca ha mostrato che il periodo in cui i bambini sono allattati (dalla nascita ai tre anni) e iniziano la scuola materna (dai tre ai sei anni) \u00e8 cos\u00ec critico che ha un effetto di vasta portata sul resto della vita di una persona. Di conseguenza, gli enti locali e le organizzazioni filantropiche hanno iniziato a riconoscere l&#8217;importanza dell&#8217;assistenza alla prima infanzia e lavorano insieme per istituire dipartimenti a tal fine. Questi dipartimenti sono costituiti da personale il cui compito \u00e8 rilevare eventuali problemi che richiedono un&#8217;attenzione speciale tra i bambini piccoli.<\/p><p>Ogni dipartimento funziona in modo indipendente e gestisce le proprie questioni professionali e di bilancio. Tuttavia, i dipartimenti dipendono lo stesso dalle organizzazioni filantropiche in quanto non sarebbero in grado di sopravvivere a lungo dal punto di vista finanziario, senza il sostegno privato. Lo Stato di Israele si \u00e8 assunto solo una minima responsabilit\u00e0 per la gestione di questi dipartimenti attraverso gli enti di assistenza sanitaria (HMO), supervisionandoli tramite il Ministero della Salute.<\/p>\t\t\t\t\t\t\t\t<\/div>\n\t\t\t\t<\/div>\n\t\t\t\t\t<\/div>\n\t\t<\/div>\n\t\t\t\t<div class=\"elementor-column elementor-col-50 elementor-inner-column elementor-element elementor-element-3dc5b1c\" data-id=\"3dc5b1c\" data-element_type=\"column\" data-e-type=\"column\">\n\t\t\t<div class=\"elementor-widget-wrap elementor-element-populated\">\n\t\t\t\t\t\t<div class=\"elementor-element elementor-element-75dfece elementor-invisible elementor-widget elementor-widget-image\" data-id=\"75dfece\" data-element_type=\"widget\" data-e-type=\"widget\" data-settings=\"{&quot;_animation&quot;:&quot;fadeIn&quot;}\" data-widget_type=\"image.default\">\n\t\t\t\t<div class=\"elementor-widget-container\">\n\t\t\t\t\t\t\t\t\t\t\t\t\t\t\t<img fetchpriority=\"high\" decoding=\"async\" width=\"319\" height=\"323\" src=\"https:\/\/www.steinmetz-foundation.co.il\/wp-content\/uploads\/youthatrisk1.png\" class=\"attachment-medium_large size-medium_large wp-image-282\" alt=\"Youth at Risk icon\" srcset=\"https:\/\/www.steinmetz-foundation.co.il\/wp-content\/uploads\/youthatrisk1.png 319w, https:\/\/www.steinmetz-foundation.co.il\/wp-content\/uploads\/youthatrisk1-296x300.png 296w\" sizes=\"(max-width: 319px) 100vw, 319px\" \/>\t\t\t\t\t\t\t\t\t\t\t\t\t\t\t<\/div>\n\t\t\t\t<\/div>\n\t\t\t\t<div class=\"elementor-element elementor-element-0e31ec8 elementor-button-warning elementor-align-center elementor-widget elementor-widget-button\" data-id=\"0e31ec8\" data-element_type=\"widget\" data-e-type=\"widget\" data-widget_type=\"button.default\">\n\t\t\t\t<div class=\"elementor-widget-container\">\n\t\t\t\t\t\t\t\t\t<div class=\"elementor-button-wrapper\">\n\t\t\t\t\t<a class=\"elementor-button elementor-button-link elementor-size-lg\" href=\"#\">\n\t\t\t\t\t\t<span class=\"elementor-button-content-wrapper\">\n\t\t\t\t\t\t<span class=\"elementor-button-icon\">\n\t\t\t\t<i aria-hidden=\"true\" class=\"fab fa-facebook-square\"><\/i>\t\t\t<\/span>\n\t\t\t\t\t\t\t\t\t<span class=\"elementor-button-text\">Il forum degli Assessorati per lo sviluppo del bambino<\/span>\n\t\t\t\t\t<\/span>\n\t\t\t\t\t<\/a>\n\t\t\t\t<\/div>\n\t\t\t\t\t\t\t\t<\/div>\n\t\t\t\t<\/div>\n\t\t\t\t\t<\/div>\n\t\t<\/div>\n\t\t\t\t\t<\/div>\n\t\t<\/section>\n\t\t\t\t<section class=\"elementor-section elementor-inner-section elementor-element elementor-element-0b0482e animated-slow elementor-section-boxed elementor-section-height-default elementor-section-height-default elementor-invisible\" data-id=\"0b0482e\" data-element_type=\"section\" data-e-type=\"section\" data-settings=\"{&quot;animation&quot;:&quot;fadeIn&quot;}\">\n\t\t\t\t\t\t<div class=\"elementor-container elementor-column-gap-default\">\n\t\t\t\t\t<div class=\"elementor-column elementor-col-50 elementor-inner-column elementor-element elementor-element-6bfa04f\" data-id=\"6bfa04f\" data-element_type=\"column\" data-e-type=\"column\">\n\t\t\t<div class=\"elementor-widget-wrap elementor-element-populated\">\n\t\t\t\t\t\t<div class=\"elementor-element elementor-element-653f2f2 elementor-invisible elementor-widget elementor-widget-image\" data-id=\"653f2f2\" data-element_type=\"widget\" data-e-type=\"widget\" data-settings=\"{&quot;_animation&quot;:&quot;fadeIn&quot;}\" data-widget_type=\"image.default\">\n\t\t\t\t<div class=\"elementor-widget-container\">\n\t\t\t\t\t\t\t\t\t\t\t\t\t\t\t<img decoding=\"async\" width=\"800\" height=\"530\" src=\"https:\/\/www.steinmetz-foundation.co.il\/wp-content\/uploads\/053.jpg\" class=\"attachment-large size-large wp-image-160\" alt=\"Children playing with sand\" srcset=\"https:\/\/www.steinmetz-foundation.co.il\/wp-content\/uploads\/053.jpg 800w, https:\/\/www.steinmetz-foundation.co.il\/wp-content\/uploads\/053-300x199.jpg 300w, https:\/\/www.steinmetz-foundation.co.il\/wp-content\/uploads\/053-768x509.jpg 768w\" sizes=\"(max-width: 800px) 100vw, 800px\" \/>\t\t\t\t\t\t\t\t\t\t\t\t\t\t\t<\/div>\n\t\t\t\t<\/div>\n\t\t\t\t\t<\/div>\n\t\t<\/div>\n\t\t\t\t<div class=\"elementor-column elementor-col-50 elementor-inner-column elementor-element elementor-element-8f88eb1\" data-id=\"8f88eb1\" data-element_type=\"column\" data-e-type=\"column\">\n\t\t\t<div class=\"elementor-widget-wrap elementor-element-populated\">\n\t\t\t\t\t\t<div class=\"elementor-element elementor-element-9bf42a3 elementor-widget elementor-widget-text-editor\" data-id=\"9bf42a3\" data-element_type=\"widget\" data-e-type=\"widget\" data-widget_type=\"text-editor.default\">\n\t\t\t\t<div class=\"elementor-widget-container\">\n\t\t\t\t\t\t\t\t\t<p>Insieme alla Fondazione Steinmetz e alla Fondazione Rashi, i rappresentanti degli Assessorati per lo sviluppo del bambino hanno istituito un forum nazionale per raggiungere i seguenti obiettivi:<\/p><ul><li>Migliorare l&#8217;assistenza alla prima infanzia<\/li><li>Fornire ai bambini in et\u00e0 prescolare l&#8217;accesso a un&#8217;assistenza adeguata e di qualit\u00e0 in base alle loro esigenze<\/li><li>Chiedere ai decisori politici di riconoscere l&#8217;importanza dell&#8217;assistenza alla prima infanzia, in modo che essi assegnino fondi statali agli Assessorati<\/li><li>Offrire programmi di arricchimento professionale al personale degli Assessorati<\/li><li>Migliorare la solidit\u00e0 e la stabilit\u00e0 finanziaria degli Assessorati, in modo che possano continuare a fornire servizi di qualit\u00e0<\/li><\/ul>\t\t\t\t\t\t\t\t<\/div>\n\t\t\t\t<\/div>\n\t\t\t\t\t<\/div>\n\t\t<\/div>\n\t\t\t\t\t<\/div>\n\t\t<\/section>\n\t\t\t\t\t<\/div>\n\t\t<\/div>\n\t\t\t\t\t<\/div>\n\t\t<\/section>\n\t\t\t\t<\/div>\n\t\t","protected":false},"excerpt":{"rendered":"<p>Il forum degli Assessorati per lo sviluppo del bambino La ricerca ha mostrato che il periodo in cui i bambini sono allattati (dalla nascita ai tre anni) e iniziano la scuola materna (dai tre ai sei anni) \u00e8 cos\u00ec critico che ha un effetto di vasta portata sul resto della vita di una persona. Di [&hellip;]<\/p>\n","protected":false},"author":8,"featured_media":0,"parent":0,"menu_order":0,"comment_status":"closed","ping_status":"closed","template":"","meta":{"footnotes":""},"class_list":["post-5217","page","type-page","status-publish","hentry"],"yoast_head":"<!-- This site is optimized with the Yoast SEO plugin v27.4 - https:\/\/yoast.com\/product\/yoast-seo-wordpress\/ -->\n<title>Il forum degli Assessorati per lo sviluppo del bambino - The Agnes &amp; Beny Steinmetz Foundation<\/title>\n<meta name=\"robots\" content=\"index, follow, max-snippet:-1, max-image-preview:large, max-video-preview:-1\" \/>\n<link rel=\"canonical\" href=\"https:\/\/www.steinmetz-foundation.co.il\/it\/il-forum-degli-assessorati-per-lo-sviluppo-del-bambino\/\" \/>\n<meta property=\"og:locale\" content=\"it_IT\" \/>\n<meta property=\"og:type\" content=\"article\" \/>\n<meta property=\"og:title\" content=\"Il forum degli Assessorati per lo sviluppo del bambino - The Agnes &amp; Beny Steinmetz Foundation\" \/>\n<meta property=\"og:description\" content=\"Il forum degli Assessorati per lo sviluppo del bambino La ricerca ha mostrato che il periodo in cui i bambini sono allattati (dalla nascita ai tre anni) e iniziano la scuola materna (dai tre ai sei anni) \u00e8 cos\u00ec critico che ha un effetto di vasta portata sul resto della vita di una persona. Di [&hellip;]\" \/>\n<meta property=\"og:url\" content=\"https:\/\/www.steinmetz-foundation.co.il\/it\/il-forum-degli-assessorati-per-lo-sviluppo-del-bambino\/\" \/>\n<meta property=\"og:site_name\" content=\"The Agnes &amp; Beny Steinmetz Foundation\" \/>\n<meta property=\"article:modified_time\" content=\"2023-02-03T13:10:30+00:00\" \/>\n<meta property=\"og:image\" content=\"https:\/\/www.steinmetz-foundation.co.il\/wp-content\/uploads\/youthatrisk1.png\" \/>\n<meta name=\"twitter:card\" content=\"summary_large_image\" \/>\n<meta name=\"twitter:label1\" content=\"Tempo di lettura stimato\" \/>\n\t<meta name=\"twitter:data1\" content=\"2 minuti\" \/>\n<script type=\"application\/ld+json\" class=\"yoast-schema-graph\">{\"@context\":\"https:\\\/\\\/schema.org\",\"@graph\":[{\"@type\":\"WebPage\",\"@id\":\"https:\\\/\\\/www.steinmetz-foundation.co.il\\\/it\\\/il-forum-degli-assessorati-per-lo-sviluppo-del-bambino\\\/\",\"url\":\"https:\\\/\\\/www.steinmetz-foundation.co.il\\\/it\\\/il-forum-degli-assessorati-per-lo-sviluppo-del-bambino\\\/\",\"name\":\"Il forum degli Assessorati per lo sviluppo del bambino - The Agnes &amp; Beny Steinmetz Foundation\",\"isPartOf\":{\"@id\":\"https:\\\/\\\/www.steinmetz-foundation.co.il\\\/#website\"},\"primaryImageOfPage\":{\"@id\":\"https:\\\/\\\/www.steinmetz-foundation.co.il\\\/it\\\/il-forum-degli-assessorati-per-lo-sviluppo-del-bambino\\\/#primaryimage\"},\"image\":{\"@id\":\"https:\\\/\\\/www.steinmetz-foundation.co.il\\\/it\\\/il-forum-degli-assessorati-per-lo-sviluppo-del-bambino\\\/#primaryimage\"},\"thumbnailUrl\":\"https:\\\/\\\/www.steinmetz-foundation.co.il\\\/wp-content\\\/uploads\\\/youthatrisk1.png\",\"datePublished\":\"2023-02-03T10:16:32+00:00\",\"dateModified\":\"2023-02-03T13:10:30+00:00\",\"breadcrumb\":{\"@id\":\"https:\\\/\\\/www.steinmetz-foundation.co.il\\\/it\\\/il-forum-degli-assessorati-per-lo-sviluppo-del-bambino\\\/#breadcrumb\"},\"inLanguage\":\"it-IT\",\"potentialAction\":[{\"@type\":\"ReadAction\",\"target\":[\"https:\\\/\\\/www.steinmetz-foundation.co.il\\\/it\\\/il-forum-degli-assessorati-per-lo-sviluppo-del-bambino\\\/\"]}]},{\"@type\":\"ImageObject\",\"inLanguage\":\"it-IT\",\"@id\":\"https:\\\/\\\/www.steinmetz-foundation.co.il\\\/it\\\/il-forum-degli-assessorati-per-lo-sviluppo-del-bambino\\\/#primaryimage\",\"url\":\"https:\\\/\\\/www.steinmetz-foundation.co.il\\\/wp-content\\\/uploads\\\/youthatrisk1.png\",\"contentUrl\":\"https:\\\/\\\/www.steinmetz-foundation.co.il\\\/wp-content\\\/uploads\\\/youthatrisk1.png\"},{\"@type\":\"BreadcrumbList\",\"@id\":\"https:\\\/\\\/www.steinmetz-foundation.co.il\\\/it\\\/il-forum-degli-assessorati-per-lo-sviluppo-del-bambino\\\/#breadcrumb\",\"itemListElement\":[{\"@type\":\"ListItem\",\"position\":1,\"name\":\"Home\",\"item\":\"https:\\\/\\\/www.steinmetz-foundation.co.il\\\/en\\\/\"},{\"@type\":\"ListItem\",\"position\":2,\"name\":\"Il forum degli Assessorati per lo sviluppo del bambino\"}]},{\"@type\":\"WebSite\",\"@id\":\"https:\\\/\\\/www.steinmetz-foundation.co.il\\\/#website\",\"url\":\"https:\\\/\\\/www.steinmetz-foundation.co.il\\\/\",\"name\":\"The Agnes &amp; Beny Steinmetz Foundation\",\"description\":\"\",\"publisher\":{\"@id\":\"https:\\\/\\\/www.steinmetz-foundation.co.il\\\/#organization\"},\"potentialAction\":[{\"@type\":\"SearchAction\",\"target\":{\"@type\":\"EntryPoint\",\"urlTemplate\":\"https:\\\/\\\/www.steinmetz-foundation.co.il\\\/?s={search_term_string}\"},\"query-input\":{\"@type\":\"PropertyValueSpecification\",\"valueRequired\":true,\"valueName\":\"search_term_string\"}}],\"inLanguage\":\"it-IT\"},{\"@type\":\"Organization\",\"@id\":\"https:\\\/\\\/www.steinmetz-foundation.co.il\\\/#organization\",\"name\":\"The Agnes &amp; Beny Steinmetz Foundation\",\"url\":\"https:\\\/\\\/www.steinmetz-foundation.co.il\\\/\",\"logo\":{\"@type\":\"ImageObject\",\"inLanguage\":\"it-IT\",\"@id\":\"https:\\\/\\\/www.steinmetz-foundation.co.il\\\/#\\\/schema\\\/logo\\\/image\\\/\",\"url\":\"https:\\\/\\\/www.steinmetz-foundation.co.il\\\/wp-content\\\/uploads\\\/foundation-logo.jpg\",\"contentUrl\":\"https:\\\/\\\/www.steinmetz-foundation.co.il\\\/wp-content\\\/uploads\\\/foundation-logo.jpg\",\"width\":120,\"height\":120,\"caption\":\"The Agnes &amp; Beny Steinmetz Foundation\"},\"image\":{\"@id\":\"https:\\\/\\\/www.steinmetz-foundation.co.il\\\/#\\\/schema\\\/logo\\\/image\\\/\"}}]}<\/script>\n<!-- \/ Yoast SEO plugin. -->","yoast_head_json":{"title":"Il forum degli Assessorati per lo sviluppo del bambino - The Agnes &amp; Beny Steinmetz Foundation","robots":{"index":"index","follow":"follow","max-snippet":"max-snippet:-1","max-image-preview":"max-image-preview:large","max-video-preview":"max-video-preview:-1"},"canonical":"https:\/\/www.steinmetz-foundation.co.il\/it\/il-forum-degli-assessorati-per-lo-sviluppo-del-bambino\/","og_locale":"it_IT","og_type":"article","og_title":"Il forum degli Assessorati per lo sviluppo del bambino - The Agnes &amp; Beny Steinmetz Foundation","og_description":"Il forum degli Assessorati per lo sviluppo del bambino La ricerca ha mostrato che il periodo in cui i bambini sono allattati (dalla nascita ai tre anni) e iniziano la scuola materna (dai tre ai sei anni) \u00e8 cos\u00ec critico che ha un effetto di vasta portata sul resto della vita di una persona. Di [&hellip;]","og_url":"https:\/\/www.steinmetz-foundation.co.il\/it\/il-forum-degli-assessorati-per-lo-sviluppo-del-bambino\/","og_site_name":"The Agnes &amp; Beny Steinmetz Foundation","article_modified_time":"2023-02-03T13:10:30+00:00","og_image":[{"url":"https:\/\/www.steinmetz-foundation.co.il\/wp-content\/uploads\/youthatrisk1.png","type":"","width":"","height":""}],"twitter_card":"summary_large_image","twitter_misc":{"Tempo di lettura stimato":"2 minuti"},"schema":{"@context":"https:\/\/schema.org","@graph":[{"@type":"WebPage","@id":"https:\/\/www.steinmetz-foundation.co.il\/it\/il-forum-degli-assessorati-per-lo-sviluppo-del-bambino\/","url":"https:\/\/www.steinmetz-foundation.co.il\/it\/il-forum-degli-assessorati-per-lo-sviluppo-del-bambino\/","name":"Il forum degli Assessorati per lo sviluppo del bambino - The Agnes &amp; Beny Steinmetz Foundation","isPartOf":{"@id":"https:\/\/www.steinmetz-foundation.co.il\/#website"},"primaryImageOfPage":{"@id":"https:\/\/www.steinmetz-foundation.co.il\/it\/il-forum-degli-assessorati-per-lo-sviluppo-del-bambino\/#primaryimage"},"image":{"@id":"https:\/\/www.steinmetz-foundation.co.il\/it\/il-forum-degli-assessorati-per-lo-sviluppo-del-bambino\/#primaryimage"},"thumbnailUrl":"https:\/\/www.steinmetz-foundation.co.il\/wp-content\/uploads\/youthatrisk1.png","datePublished":"2023-02-03T10:16:32+00:00","dateModified":"2023-02-03T13:10:30+00:00","breadcrumb":{"@id":"https:\/\/www.steinmetz-foundation.co.il\/it\/il-forum-degli-assessorati-per-lo-sviluppo-del-bambino\/#breadcrumb"},"inLanguage":"it-IT","potentialAction":[{"@type":"ReadAction","target":["https:\/\/www.steinmetz-foundation.co.il\/it\/il-forum-degli-assessorati-per-lo-sviluppo-del-bambino\/"]}]},{"@type":"ImageObject","inLanguage":"it-IT","@id":"https:\/\/www.steinmetz-foundation.co.il\/it\/il-forum-degli-assessorati-per-lo-sviluppo-del-bambino\/#primaryimage","url":"https:\/\/www.steinmetz-foundation.co.il\/wp-content\/uploads\/youthatrisk1.png","contentUrl":"https:\/\/www.steinmetz-foundation.co.il\/wp-content\/uploads\/youthatrisk1.png"},{"@type":"BreadcrumbList","@id":"https:\/\/www.steinmetz-foundation.co.il\/it\/il-forum-degli-assessorati-per-lo-sviluppo-del-bambino\/#breadcrumb","itemListElement":[{"@type":"ListItem","position":1,"name":"Home","item":"https:\/\/www.steinmetz-foundation.co.il\/en\/"},{"@type":"ListItem","position":2,"name":"Il forum degli Assessorati per lo sviluppo del bambino"}]},{"@type":"WebSite","@id":"https:\/\/www.steinmetz-foundation.co.il\/#website","url":"https:\/\/www.steinmetz-foundation.co.il\/","name":"The Agnes &amp; Beny Steinmetz Foundation","description":"","publisher":{"@id":"https:\/\/www.steinmetz-foundation.co.il\/#organization"},"potentialAction":[{"@type":"SearchAction","target":{"@type":"EntryPoint","urlTemplate":"https:\/\/www.steinmetz-foundation.co.il\/?s={search_term_string}"},"query-input":{"@type":"PropertyValueSpecification","valueRequired":true,"valueName":"search_term_string"}}],"inLanguage":"it-IT"},{"@type":"Organization","@id":"https:\/\/www.steinmetz-foundation.co.il\/#organization","name":"The Agnes &amp; Beny Steinmetz Foundation","url":"https:\/\/www.steinmetz-foundation.co.il\/","logo":{"@type":"ImageObject","inLanguage":"it-IT","@id":"https:\/\/www.steinmetz-foundation.co.il\/#\/schema\/logo\/image\/","url":"https:\/\/www.steinmetz-foundation.co.il\/wp-content\/uploads\/foundation-logo.jpg","contentUrl":"https:\/\/www.steinmetz-foundation.co.il\/wp-content\/uploads\/foundation-logo.jpg","width":120,"height":120,"caption":"The Agnes &amp; Beny Steinmetz Foundation"},"image":{"@id":"https:\/\/www.steinmetz-foundation.co.il\/#\/schema\/logo\/image\/"}}]}},"_links":{"self":[{"href":"https:\/\/www.steinmetz-foundation.co.il\/it\/wp-json\/wp\/v2\/pages\/5217","targetHints":{"allow":["GET"]}}],"collection":[{"href":"https:\/\/www.steinmetz-foundation.co.il\/it\/wp-json\/wp\/v2\/pages"}],"about":[{"href":"https:\/\/www.steinmetz-foundation.co.il\/it\/wp-json\/wp\/v2\/types\/page"}],"author":[{"embeddable":true,"href":"https:\/\/www.steinmetz-foundation.co.il\/it\/wp-json\/wp\/v2\/users\/8"}],"replies":[{"embeddable":true,"href":"https:\/\/www.steinmetz-foundation.co.il\/it\/wp-json\/wp\/v2\/comments?post=5217"}],"version-history":[{"count":5,"href":"https:\/\/www.steinmetz-foundation.co.il\/it\/wp-json\/wp\/v2\/pages\/5217\/revisions"}],"predecessor-version":[{"id":5275,"href":"https:\/\/www.steinmetz-foundation.co.il\/it\/wp-json\/wp\/v2\/pages\/5217\/revisions\/5275"}],"wp:attachment":[{"href":"https:\/\/www.steinmetz-foundation.co.il\/it\/wp-json\/wp\/v2\/media?parent=5217"}],"curies":[{"name":"wp","href":"https:\/\/api.w.org\/{rel}","templated":true}]}}